{"id":416,"date":"2017-10-01T19:54:52","date_gmt":"2017-10-01T17:54:52","guid":{"rendered":"http:\/\/la-colonie.org\/public\/?page_id=416"},"modified":"2024-02-11T23:32:23","modified_gmt":"2024-02-11T21:32:23","slug":"organisation-generale","status":"publish","type":"page","link":"https:\/\/la-colonie.org\/public\/mode-de-vie\/organisation-generale\/","title":{"rendered":"Organisation g\u00e9n\u00e9rale"},"content":{"rendered":"<p><img loading=\"lazy\" decoding=\"async\" class=\"alignright wp-image-887\" src=\"http:\/\/la-colonie.org\/public\/wp-content\/medias\/2017\/10\/Spectacle-de-mime-pour-abattage-pin-du-Lord-2000.jpg\" alt=\"\" width=\"321\" height=\"440\" srcset=\"https:\/\/www.la-colonie.org\/public\/wp-content\/medias\/2017\/10\/Spectacle-de-mime-pour-abattage-pin-du-Lord-2000.jpg 1146w, https:\/\/www.la-colonie.org\/public\/wp-content\/medias\/2017\/10\/Spectacle-de-mime-pour-abattage-pin-du-Lord-2000-218x300.jpg 218w, https:\/\/www.la-colonie.org\/public\/wp-content\/medias\/2017\/10\/Spectacle-de-mime-pour-abattage-pin-du-Lord-2000-768x1055.jpg 768w, https:\/\/www.la-colonie.org\/public\/wp-content\/medias\/2017\/10\/Spectacle-de-mime-pour-abattage-pin-du-Lord-2000-746x1024.jpg 746w, https:\/\/www.la-colonie.org\/public\/wp-content\/medias\/2017\/10\/Spectacle-de-mime-pour-abattage-pin-du-Lord-2000-109x150.jpg 109w\" sizes=\"auto, (max-width: 321px) 100vw, 321px\" \/>La Colonie repose sur deux structures juridiques et fonctionne \u00e0 l&rsquo;ann\u00e9e gr\u00e2ce \u00e0 un couple de gardiens.<\/p>\n<h3>Le M\u00e9nage Soci\u00e9taire<\/h3>\n<p>Le M\u00e9nage Soci\u00e9taire, association loi de 1901, regroupe les \u00ab\u00a0colons\u00a0\u00bb. Il compte aujourd&rsquo;hui 23 membres.<br \/>\nLes colons participent aux frais g\u00e9n\u00e9raux sous la forme d&rsquo;une quote-part et d&rsquo;un remboursement des consommations (repas, boissons, chambres d&rsquo;invit\u00e9&#8230;) qu&rsquo;ils prennent lorsqu&rsquo;ils qu&rsquo;ils sont pr\u00e9sents.<br \/>\nUn Comit\u00e9 de 7 membres, coopt\u00e9s chaque ann\u00e9e parmi des colons, g\u00e8re les affaires li\u00e9es \u00e0 la vie en commun.<\/p>\n<h3>La SCI<\/h3>\n<p>La SCI La Colonie regroupe les porteurs de parts de la soci\u00e9t\u00e9 civile immobili\u00e8re cr\u00e9\u00e9e en 1860 &#8211; et renouvel\u00e9e depuis.<br \/>\nUn syndicat de 5 membres se r\u00e9unit r\u00e9guli\u00e8rement pour g\u00e9rer et coordonner les travaux \u00e0 entreprendre sur les 35 hectares de for\u00eat et sur l&rsquo;ensemble des b\u00e2timents.<\/p>\n<h3>Le gardien<\/h3>\n<p>Un gardien r\u00e9side \u00e0 l\u2019ann\u00e9e dans un logement de la Grande Maison.<br \/>\nEn concertation avec le Comit\u00e9 et le Syndicat, il prennd notamment en charge :<br \/>\n&#8211; la surveillance de la propri\u00e9t\u00e9<br \/>\n&#8211; l\u2019entretien des b\u00e2timents et des machines<br \/>\n&#8211; la tonte des pelouses et certains travaux forestiers<\/p>\n","protected":false},"excerpt":{"rendered":"<p>La Colonie repose sur deux structures juridiques et fonctionne \u00e0 l&rsquo;ann\u00e9e gr\u00e2ce \u00e0 un couple de gardiens. Le M\u00e9nage Soci\u00e9taire Le M\u00e9nage Soci\u00e9taire, association loi de 1901, regroupe les \u00ab\u00a0colons\u00a0\u00bb. Il compte aujourd&rsquo;hui 23 membres. Les colons participent aux frais g\u00e9n\u00e9raux sous la forme d&rsquo;une quote-part et d&rsquo;un remboursement des\u2026<\/p>\n<p class=\"continue-reading-button\"> <a class=\"continue-reading-link\" href=\"https:\/\/la-colonie.org\/public\/mode-de-vie\/organisation-generale\/\">Suite&#8230;<i class=\"crycon-right-dir\"><\/i><\/a><\/p>\n","protected":false},"author":1,"featured_media":0,"parent":414,"menu_order":0,"comment_status":"closed","ping_status":"closed","template":"","meta":{"advgb_blocks_editor_width":"","advgb_blocks_columns_visual_guide":"","_exactmetrics_skip_tracking":false,"_exactmetrics_sitenote_active":false,"_exactmetrics_sitenote_note":"","_exactmetrics_sitenote_category":0,"footnotes":""},"class_list":["post-416","page","type-page","status-publish","hentry"],"yoast_head":"<!-- This site is optimized with the Yoast SEO plugin v26.1.1 - https:\/\/yoast.com\/wordpress\/plugins\/seo\/ -->\n<title>Organisation g\u00e9n\u00e9rale - La Colonie de Cond\u00e9-sur-Vesgre<\/title>\n<meta name=\"robots\" content=\"index, follow, max-snippet:-1, max-image-preview:large, max-video-preview:-1\" \/>\n<link rel=\"canonical\" href=\"https:\/\/la-colonie.org\/public\/mode-de-vie\/organisation-generale\/\" \/>\n<meta property=\"og:locale\" content=\"fr_FR\" \/>\n<meta property=\"og:type\" content=\"article\" \/>\n<meta property=\"og:title\" content=\"Organisation g\u00e9n\u00e9rale - La Colonie de Cond\u00e9-sur-Vesgre\" \/>\n<meta property=\"og:description\" content=\"La Colonie repose sur deux structures juridiques et fonctionne \u00e0 l&rsquo;ann\u00e9e gr\u00e2ce \u00e0 un couple de gardiens. Le M\u00e9nage Soci\u00e9taire Le M\u00e9nage Soci\u00e9taire, association loi de 1901, regroupe les \u00ab\u00a0colons\u00a0\u00bb. Il compte aujourd&rsquo;hui 23 membres. Les colons participent aux frais g\u00e9n\u00e9raux sous la forme d&rsquo;une quote-part et d&rsquo;un remboursement des\u2026 Suite...\" \/>\n<meta property=\"og:url\" content=\"https:\/\/la-colonie.org\/public\/mode-de-vie\/organisation-generale\/\" \/>\n<meta property=\"og:site_name\" content=\"La Colonie de Cond\u00e9-sur-Vesgre\" \/>\n<meta property=\"article:modified_time\" content=\"2024-02-11T21:32:23+00:00\" \/>\n<meta property=\"og:image\" content=\"http:\/\/la-colonie.org\/public\/wp-content\/medias\/2017\/10\/Spectacle-de-mime-pour-abattage-pin-du-Lord-2000.jpg\" \/>\n<meta name=\"twitter:card\" content=\"summary_large_image\" \/>\n<meta name=\"twitter:label1\" content=\"Dur\u00e9e de lecture estim\u00e9e\" \/>\n\t<meta name=\"twitter:data1\" content=\"1 minute\" \/>\n<script type=\"application\/ld+json\" class=\"yoast-schema-graph\">{\"@context\":\"https:\/\/schema.org\",\"@graph\":[{\"@type\":\"WebPage\",\"@id\":\"https:\/\/la-colonie.org\/public\/mode-de-vie\/organisation-generale\/\",\"url\":\"https:\/\/la-colonie.org\/public\/mode-de-vie\/organisation-generale\/\",\"name\":\"Organisation g\u00e9n\u00e9rale - La Colonie de Cond\u00e9-sur-Vesgre\",\"isPartOf\":{\"@id\":\"https:\/\/la-colonie.org\/public\/#website\"},\"primaryImageOfPage\":{\"@id\":\"https:\/\/la-colonie.org\/public\/mode-de-vie\/organisation-generale\/#primaryimage\"},\"image\":{\"@id\":\"https:\/\/la-colonie.org\/public\/mode-de-vie\/organisation-generale\/#primaryimage\"},\"thumbnailUrl\":\"http:\/\/la-colonie.org\/public\/wp-content\/medias\/2017\/10\/Spectacle-de-mime-pour-abattage-pin-du-Lord-2000.jpg\",\"datePublished\":\"2017-10-01T17:54:52+00:00\",\"dateModified\":\"2024-02-11T21:32:23+00:00\",\"breadcrumb\":{\"@id\":\"https:\/\/la-colonie.org\/public\/mode-de-vie\/organisation-generale\/#breadcrumb\"},\"inLanguage\":\"fr-FR\",\"potentialAction\":[{\"@type\":\"ReadAction\",\"target\":[\"https:\/\/la-colonie.org\/public\/mode-de-vie\/organisation-generale\/\"]}]},{\"@type\":\"ImageObject\",\"inLanguage\":\"fr-FR\",\"@id\":\"https:\/\/la-colonie.org\/public\/mode-de-vie\/organisation-generale\/#primaryimage\",\"url\":\"http:\/\/la-colonie.org\/public\/wp-content\/medias\/2017\/10\/Spectacle-de-mime-pour-abattage-pin-du-Lord-2000.jpg\",\"contentUrl\":\"http:\/\/la-colonie.org\/public\/wp-content\/medias\/2017\/10\/Spectacle-de-mime-pour-abattage-pin-du-Lord-2000.jpg\"},{\"@type\":\"BreadcrumbList\",\"@id\":\"https:\/\/la-colonie.org\/public\/mode-de-vie\/organisation-generale\/#breadcrumb\",\"itemListElement\":[{\"@type\":\"ListItem\",\"position\":1,\"name\":\"Accueil\",\"item\":\"https:\/\/la-colonie.org\/public\/\"},{\"@type\":\"ListItem\",\"position\":2,\"name\":\"Un mode de vie original\",\"item\":\"https:\/\/la-colonie.org\/public\/mode-de-vie\/\"},{\"@type\":\"ListItem\",\"position\":3,\"name\":\"Organisation g\u00e9n\u00e9rale\"}]},{\"@type\":\"WebSite\",\"@id\":\"https:\/\/la-colonie.org\/public\/#website\",\"url\":\"https:\/\/la-colonie.org\/public\/\",\"name\":\"La Colonie de Cond\u00e9-sur-Vesgre\",\"description\":\"Un phalanst\u00e8re subsiste pr\u00e8s de Paris !\",\"publisher\":{\"@id\":\"https:\/\/la-colonie.org\/public\/#organization\"},\"potentialAction\":[{\"@type\":\"SearchAction\",\"target\":{\"@type\":\"EntryPoint\",\"urlTemplate\":\"https:\/\/la-colonie.org\/public\/?s={search_term_string}\"},\"query-input\":{\"@type\":\"PropertyValueSpecification\",\"valueRequired\":true,\"valueName\":\"search_term_string\"}}],\"inLanguage\":\"fr-FR\"},{\"@type\":\"Organization\",\"@id\":\"https:\/\/la-colonie.org\/public\/#organization\",\"name\":\"La Colonie de Cond\u00e9-sur-Vesgre\",\"url\":\"https:\/\/la-colonie.org\/public\/\",\"logo\":{\"@type\":\"ImageObject\",\"inLanguage\":\"fr-FR\",\"@id\":\"https:\/\/la-colonie.org\/public\/#\/schema\/logo\/image\/\",\"url\":\"https:\/\/www.la-colonie.org\/public\/wp-content\/medias\/2018\/02\/Colonie_petit_logo.jpg\",\"contentUrl\":\"https:\/\/www.la-colonie.org\/public\/wp-content\/medias\/2018\/02\/Colonie_petit_logo.jpg\",\"width\":120,\"height\":120,\"caption\":\"La Colonie de Cond\u00e9-sur-Vesgre\"},\"image\":{\"@id\":\"https:\/\/la-colonie.org\/public\/#\/schema\/logo\/image\/\"}}]}<\/script>\n<!-- \/ Yoast SEO plugin. -->","yoast_head_json":{"title":"Organisation g\u00e9n\u00e9rale - La Colonie de Cond\u00e9-sur-Vesgre","robots":{"index":"index","follow":"follow","max-snippet":"max-snippet:-1","max-image-preview":"max-image-preview:large","max-video-preview":"max-video-preview:-1"},"canonical":"https:\/\/la-colonie.org\/public\/mode-de-vie\/organisation-generale\/","og_locale":"fr_FR","og_type":"article","og_title":"Organisation g\u00e9n\u00e9rale - La Colonie de Cond\u00e9-sur-Vesgre","og_description":"La Colonie repose sur deux structures juridiques et fonctionne \u00e0 l&rsquo;ann\u00e9e gr\u00e2ce \u00e0 un couple de gardiens. Le M\u00e9nage Soci\u00e9taire Le M\u00e9nage Soci\u00e9taire, association loi de 1901, regroupe les \u00ab\u00a0colons\u00a0\u00bb. Il compte aujourd&rsquo;hui 23 membres. Les colons participent aux frais g\u00e9n\u00e9raux sous la forme d&rsquo;une quote-part et d&rsquo;un remboursement des\u2026 Suite...","og_url":"https:\/\/la-colonie.org\/public\/mode-de-vie\/organisation-generale\/","og_site_name":"La Colonie de Cond\u00e9-sur-Vesgre","article_modified_time":"2024-02-11T21:32:23+00:00","og_image":[{"url":"http:\/\/la-colonie.org\/public\/wp-content\/medias\/2017\/10\/Spectacle-de-mime-pour-abattage-pin-du-Lord-2000.jpg","type":"","width":"","height":""}],"twitter_card":"summary_large_image","twitter_misc":{"Dur\u00e9e de lecture estim\u00e9e":"1 minute"},"schema":{"@context":"https:\/\/schema.org","@graph":[{"@type":"WebPage","@id":"https:\/\/la-colonie.org\/public\/mode-de-vie\/organisation-generale\/","url":"https:\/\/la-colonie.org\/public\/mode-de-vie\/organisation-generale\/","name":"Organisation g\u00e9n\u00e9rale - La Colonie de Cond\u00e9-sur-Vesgre","isPartOf":{"@id":"https:\/\/la-colonie.org\/public\/#website"},"primaryImageOfPage":{"@id":"https:\/\/la-colonie.org\/public\/mode-de-vie\/organisation-generale\/#primaryimage"},"image":{"@id":"https:\/\/la-colonie.org\/public\/mode-de-vie\/organisation-generale\/#primaryimage"},"thumbnailUrl":"http:\/\/la-colonie.org\/public\/wp-content\/medias\/2017\/10\/Spectacle-de-mime-pour-abattage-pin-du-Lord-2000.jpg","datePublished":"2017-10-01T17:54:52+00:00","dateModified":"2024-02-11T21:32:23+00:00","breadcrumb":{"@id":"https:\/\/la-colonie.org\/public\/mode-de-vie\/organisation-generale\/#breadcrumb"},"inLanguage":"fr-FR","potentialAction":[{"@type":"ReadAction","target":["https:\/\/la-colonie.org\/public\/mode-de-vie\/organisation-generale\/"]}]},{"@type":"ImageObject","inLanguage":"fr-FR","@id":"https:\/\/la-colonie.org\/public\/mode-de-vie\/organisation-generale\/#primaryimage","url":"http:\/\/la-colonie.org\/public\/wp-content\/medias\/2017\/10\/Spectacle-de-mime-pour-abattage-pin-du-Lord-2000.jpg","contentUrl":"http:\/\/la-colonie.org\/public\/wp-content\/medias\/2017\/10\/Spectacle-de-mime-pour-abattage-pin-du-Lord-2000.jpg"},{"@type":"BreadcrumbList","@id":"https:\/\/la-colonie.org\/public\/mode-de-vie\/organisation-generale\/#breadcrumb","itemListElement":[{"@type":"ListItem","position":1,"name":"Accueil","item":"https:\/\/la-colonie.org\/public\/"},{"@type":"ListItem","position":2,"name":"Un mode de vie original","item":"https:\/\/la-colonie.org\/public\/mode-de-vie\/"},{"@type":"ListItem","position":3,"name":"Organisation g\u00e9n\u00e9rale"}]},{"@type":"WebSite","@id":"https:\/\/la-colonie.org\/public\/#website","url":"https:\/\/la-colonie.org\/public\/","name":"La Colonie de Cond\u00e9-sur-Vesgre","description":"Un phalanst\u00e8re subsiste pr\u00e8s de Paris !","publisher":{"@id":"https:\/\/la-colonie.org\/public\/#organization"},"potentialAction":[{"@type":"SearchAction","target":{"@type":"EntryPoint","urlTemplate":"https:\/\/la-colonie.org\/public\/?s={search_term_string}"},"query-input":{"@type":"PropertyValueSpecification","valueRequired":true,"valueName":"search_term_string"}}],"inLanguage":"fr-FR"},{"@type":"Organization","@id":"https:\/\/la-colonie.org\/public\/#organization","name":"La Colonie de Cond\u00e9-sur-Vesgre","url":"https:\/\/la-colonie.org\/public\/","logo":{"@type":"ImageObject","inLanguage":"fr-FR","@id":"https:\/\/la-colonie.org\/public\/#\/schema\/logo\/image\/","url":"https:\/\/www.la-colonie.org\/public\/wp-content\/medias\/2018\/02\/Colonie_petit_logo.jpg","contentUrl":"https:\/\/www.la-colonie.org\/public\/wp-content\/medias\/2018\/02\/Colonie_petit_logo.jpg","width":120,"height":120,"caption":"La Colonie de Cond\u00e9-sur-Vesgre"},"image":{"@id":"https:\/\/la-colonie.org\/public\/#\/schema\/logo\/image\/"}}]}},"coauthors":[],"author_meta":{"author_link":"https:\/\/la-colonie.org\/public\/article\/author\/admin\/","display_name":"admin"},"relative_dates":{"created":"Publi\u00e9 9 ans il y a","modified":"Mis \u00e0 jour 2 ans il y a"},"absolute_dates":{"created":"Publi\u00e9 le 1 octobre 2017","modified":"Mise \u00e0 jour le 11 f\u00e9vrier 2024"},"absolute_dates_time":{"created":"Publi\u00e9 le 1 octobre 2017 19:54","modified":"Mise \u00e0 jour le 11 f\u00e9vrier 2024 23:32"},"featured_img_caption":"","featured_img":false,"series_order":"","_links":{"self":[{"href":"https:\/\/la-colonie.org\/public\/wp-json\/wp\/v2\/pages\/416","targetHints":{"allow":["GET"]}}],"collection":[{"href":"https:\/\/la-colonie.org\/public\/wp-json\/wp\/v2\/pages"}],"about":[{"href":"https:\/\/la-colonie.org\/public\/wp-json\/wp\/v2\/types\/page"}],"author":[{"embeddable":true,"href":"https:\/\/la-colonie.org\/public\/wp-json\/wp\/v2\/users\/1"}],"replies":[{"embeddable":true,"href":"https:\/\/la-colonie.org\/public\/wp-json\/wp\/v2\/comments?post=416"}],"version-history":[{"count":8,"href":"https:\/\/la-colonie.org\/public\/wp-json\/wp\/v2\/pages\/416\/revisions"}],"predecessor-version":[{"id":2854,"href":"https:\/\/la-colonie.org\/public\/wp-json\/wp\/v2\/pages\/416\/revisions\/2854"}],"up":[{"embeddable":true,"href":"https:\/\/la-colonie.org\/public\/wp-json\/wp\/v2\/pages\/414"}],"wp:attachment":[{"href":"https:\/\/la-colonie.org\/public\/wp-json\/wp\/v2\/media?parent=416"}],"curies":[{"name":"wp","href":"https:\/\/api.w.org\/{rel}","templated":true}]}}