{"id":414,"date":"2017-10-01T19:54:05","date_gmt":"2017-10-01T17:54:05","guid":{"rendered":"http:\/\/la-colonie.org\/public\/?page_id=414"},"modified":"2024-07-22T23:01:39","modified_gmt":"2024-07-22T21:01:39","slug":"mode-de-vie","status":"publish","type":"page","link":"https:\/\/la-colonie.org\/public\/mode-de-vie\/","title":{"rendered":"Un mode de vie original"},"content":{"rendered":"<p>La Colonie est aujourd&rsquo;hui une propri\u00e9t\u00e9 occup\u00e9e essentiellement pendant les week-ends et vacances par les membres de son association. Son organisation repose sur un mod\u00e8le \u00e9prouv\u00e9, o\u00f9 les responsabilit\u00e9s sont partag\u00e9es, et o\u00f9 les activit\u00e9s communes alternent avec les occupations personnelles des uns et des autres.<\/p>\n<div class=\"pt-cv-wrapper\"><div class=\"pt-cv-view pt-cv-grid pt-cv-colsys pt-cv-same-height pt-cv-sharp-buttons\" id=\"pt-cv-view-1dbd26742u\"><div data-id=\"pt-cv-page-1\" class=\"pt-cv-page\" data-cvc=\"3\" data-cvct=\"2\" data-cvcm=\"1\"><div class=\"col-md-4 col-sm-6 col-xs-12 pt-cv-content-item pt-cv-1-col\"  data-pid=\"416\"><div class='pt-cv-ifield'><a href=\"https:\/\/la-colonie.org\/public\/mode-de-vie\/organisation-generale\/\" class=\"_self pt-cv-href-thumbnail pt-cv-thumb-default cvplbd cvp-responsive-image img-none\" target=\"_self\" data-iw=\"300\" data-ih=\"300\"><img decoding=\"async\" width=\"300\" src=\"http:\/\/la-colonie.org\/public\/wp-content\/medias\/2017\/10\/Spectacle-de-mime-pour-abattage-pin-du-Lord-2000.jpg\" class=\"pt-cv-thumbnail img-none cvp-substitute\" alt=\"Organisation g\u00e9n\u00e9rale\" style=\"width: 300px;\" \/><\/a>\n<h4 class=\"pt-cv-title\"><a href=\"https:\/\/la-colonie.org\/public\/mode-de-vie\/organisation-generale\/\" class=\"_self cvplbd\" target=\"_self\" data-iw=\"300\" data-ih=\"300\">Organisation g\u00e9n\u00e9rale<\/a><\/h4>\n<div class=\"pt-cv-content\">La Colonie repose sur deux structures juridiques et fonctionne \u00e0 l'ann\u00e9e gr\u00e2ce \u00e0 un couple de gardiens. Le M\u00e9nage Soci\u00e9taire ...<\/div><\/div><\/div>\n<div class=\"col-md-4 col-sm-6 col-xs-12 pt-cv-content-item pt-cv-1-col\"  data-pid=\"442\"><div class='pt-cv-ifield'><a href=\"https:\/\/la-colonie.org\/public\/mode-de-vie\/vie-commune\/\" class=\"_self pt-cv-href-thumbnail pt-cv-thumb-default cvplbd cvp-responsive-image img-none\" target=\"_self\" data-iw=\"300\" data-ih=\"300\"><img loading=\"lazy\" decoding=\"async\" width=\"300\" height=\"213\" src=\"https:\/\/www.la-colonie.org\/public\/wp-content\/medias\/2017\/10\/La-grande-galerie-2-300x213.jpg\" class=\"pt-cv-thumbnail img-none\" alt=\"Vie commune\" \/><\/a>\n<h4 class=\"pt-cv-title\"><a href=\"https:\/\/la-colonie.org\/public\/mode-de-vie\/vie-commune\/\" class=\"_self cvplbd\" target=\"_self\" data-iw=\"300\" data-ih=\"300\">Vie commune<\/a><\/h4>\n<div class=\"pt-cv-content\">Les membres de La Colonie, commun\u00e9ment appel\u00e9s \"Colons\", ont tiss\u00e9 entre eux des liens d\u2019amiti\u00e9 forts, quelle que soit leur ...<\/div><\/div><\/div>\n<div class=\"col-md-4 col-sm-6 col-xs-12 pt-cv-content-item pt-cv-1-col\"  data-pid=\"440\"><div class='pt-cv-ifield'><a href=\"https:\/\/la-colonie.org\/public\/mode-de-vie\/vie-privee\/\" class=\"_self pt-cv-href-thumbnail pt-cv-thumb-default cvplbd cvp-responsive-image img-none\" target=\"_self\" data-iw=\"300\" data-ih=\"300\"><img loading=\"lazy\" decoding=\"async\" width=\"300\" height=\"225\" src=\"https:\/\/www.la-colonie.org\/public\/wp-content\/medias\/2017\/10\/Colonie-Juin-2017-3b-300x225.jpg\" class=\"pt-cv-thumbnail img-none\" alt=\"Vie priv\u00e9e\" \/><\/a>\n<h4 class=\"pt-cv-title\"><a href=\"https:\/\/la-colonie.org\/public\/mode-de-vie\/vie-privee\/\" class=\"_self cvplbd\" target=\"_self\" data-iw=\"300\" data-ih=\"300\">Vie priv\u00e9e<\/a><\/h4>\n<div class=\"pt-cv-content\">En dehors des moments de vie commune que sont les repas et les activit\u00e9s volontairement partag\u00e9es, les colons jouissent de ...<\/div><\/div><\/div><\/div><\/div><\/div>\t\t\t<style type=\"text\/css\" id=\"pt-cv-inline-style-34cb20ba12\">#pt-cv-view-1dbd26742u.pt-cv-post-border { margin: 0; border-top-style: solid; border-left-style: solid }\n#pt-cv-view-1dbd26742u.pt-cv-post-border .pt-cv-content-item   { border-right-style: solid; border-bottom-style: solid; }\n#pt-cv-view-1dbd26742u .pt-cv-title a, #pt-cv-view-1dbd26742u  .panel-title { font-weight: 600 !important; }\n#pt-cv-view-1dbd26742u  .pt-cv-hover-wrapper::before   { background-color: rgba(51,51,51,.6) !important; }\n#pt-cv-view-1dbd26742u:not(.pt-cv-nohover) .pt-cv-mask *   { color: #fff; }\n#pt-cv-view-1dbd26742u .pt-cv-carousel-caption  { background-color: rgba(51,51,51,.6) !important; }\n#pt-cv-view-1dbd26742u .pt-cv-specialp { background-color: #CC3333 !important }\n#pt-cv-view-1dbd26742u .pt-cv-specialp * { color: #fff !important; }\n#pt-cv-view-1dbd26742u .pt-cv-pficon  { color: #bbb !important; }\n#pt-cv-view-1dbd26742u  .add_to_cart_button, #pt-cv-view-1dbd26742u  .add_to_cart_button *   { color: #ffffff !important; background-color: #00aeef !important; }\n#pt-cv-view-1dbd26742u  .woocommerce-onsale   { color: #ffffff !important; background-color: #ff5a5f !important; }\n#pt-cv-view-1dbd26742u .pt-cv-readmore  { color: #ffffff !important; background-color: #00aeef !important; }\n#pt-cv-view-1dbd26742u .pt-cv-readmore:hover  { color: #ffffff !important; background-color: #00aeef !important; }\n#pt-cv-view-1dbd26742u  + .pt-cv-pagination-wrapper .pt-cv-more , #pt-cv-view-1dbd26742u  + .pt-cv-pagination-wrapper .pagination .active a { color: #ffffff !important; background-color: #00aeef !important; }\n[id^='pt-cv-filter-bar-1dbd26742u'] .active.pt-cv-filter-option, [id^='pt-cv-filter-bar-1dbd26742u'] .active .pt-cv-filter-option, [id^='pt-cv-filter-bar-1dbd26742u'] .selected.pt-cv-filter-option, [id^='pt-cv-filter-bar-1dbd26742u'] .dropdown-toggle   { color: #fff !important; background-color: #00aeef !important; }\n[id^='pt-cv-filter-bar-1dbd26742u'] .pt-cv-filter-title   { color: #fff !important; background-color: #00aeef !important; }\n#pt-cv-gls-1dbd26742u li a   { font-weight: 600 !important; }\n#pt-cv-gls-1dbd26742u li a.pt-active   { color: #fff !important; background-color: #ff5a5f !important; }\n#pt-cv-view-1dbd26742u .pt-cv-gls-header  { background-color: #00aeef !important; }\n#pt-cv-view-1dbd26742u .cvp-responsive-image[style*=\"background-image\"] { width: 300px; height: 300px; }<\/style>\r\n\t\t\t\n","protected":false},"excerpt":{"rendered":"<p>La Colonie est aujourd&rsquo;hui une propri\u00e9t\u00e9 occup\u00e9e essentiellement pendant les week-ends et vacances par les membres de son association. Son organisation repose sur un mod\u00e8le \u00e9prouv\u00e9, o\u00f9 les responsabilit\u00e9s sont partag\u00e9es, et o\u00f9 les activit\u00e9s communes alternent avec les occupations personnelles des uns et des autres.<\/p>\n<p class=\"continue-reading-button\"> <a class=\"continue-reading-link\" href=\"https:\/\/la-colonie.org\/public\/mode-de-vie\/\">Suite&#8230;<i class=\"crycon-right-dir\"><\/i><\/a><\/p>\n","protected":false},"author":1,"featured_media":954,"parent":0,"menu_order":0,"comment_status":"closed","ping_status":"closed","template":"","meta":{"advgb_blocks_editor_width":"","advgb_blocks_columns_visual_guide":"","_exactmetrics_skip_tracking":false,"_exactmetrics_sitenote_active":false,"_exactmetrics_sitenote_note":"","_exactmetrics_sitenote_category":0,"footnotes":""},"class_list":["post-414","page","type-page","status-publish","has-post-thumbnail","hentry"],"yoast_head":"<!-- This site is optimized with the Yoast SEO plugin v26.1.1 - https:\/\/yoast.com\/wordpress\/plugins\/seo\/ -->\n<title>Un mode de vie original - La Colonie de Cond\u00e9-sur-Vesgre<\/title>\n<meta name=\"robots\" content=\"index, follow, max-snippet:-1, max-image-preview:large, max-video-preview:-1\" \/>\n<link rel=\"canonical\" href=\"https:\/\/la-colonie.org\/public\/mode-de-vie\/\" \/>\n<meta property=\"og:locale\" content=\"fr_FR\" \/>\n<meta property=\"og:type\" content=\"article\" \/>\n<meta property=\"og:title\" content=\"Un mode de vie original - La Colonie de Cond\u00e9-sur-Vesgre\" \/>\n<meta property=\"og:description\" content=\"La Colonie est aujourd&rsquo;hui une propri\u00e9t\u00e9 occup\u00e9e essentiellement pendant les week-ends et vacances par les membres de son association. Son organisation repose sur un mod\u00e8le \u00e9prouv\u00e9, o\u00f9 les responsabilit\u00e9s sont partag\u00e9es, et o\u00f9 les activit\u00e9s communes alternent avec les occupations personnelles des uns et des autres. Suite...\" \/>\n<meta property=\"og:url\" content=\"https:\/\/la-colonie.org\/public\/mode-de-vie\/\" \/>\n<meta property=\"og:site_name\" content=\"La Colonie de Cond\u00e9-sur-Vesgre\" \/>\n<meta property=\"article:modified_time\" content=\"2024-07-22T21:01:39+00:00\" \/>\n<meta property=\"og:image\" content=\"https:\/\/www.la-colonie.org\/public\/wp-content\/medias\/2017\/10\/IMG_7950.jpg\" \/>\n\t<meta property=\"og:image:width\" content=\"3264\" \/>\n\t<meta property=\"og:image:height\" content=\"2448\" \/>\n\t<meta property=\"og:image:type\" content=\"image\/jpeg\" \/>\n<meta name=\"twitter:card\" content=\"summary_large_image\" \/>\n<script type=\"application\/ld+json\" class=\"yoast-schema-graph\">{\"@context\":\"https:\/\/schema.org\",\"@graph\":[{\"@type\":\"WebPage\",\"@id\":\"https:\/\/la-colonie.org\/public\/mode-de-vie\/\",\"url\":\"https:\/\/la-colonie.org\/public\/mode-de-vie\/\",\"name\":\"Un mode de vie original - La Colonie de Cond\u00e9-sur-Vesgre\",\"isPartOf\":{\"@id\":\"https:\/\/la-colonie.org\/public\/#website\"},\"primaryImageOfPage\":{\"@id\":\"https:\/\/la-colonie.org\/public\/mode-de-vie\/#primaryimage\"},\"image\":{\"@id\":\"https:\/\/la-colonie.org\/public\/mode-de-vie\/#primaryimage\"},\"thumbnailUrl\":\"https:\/\/www.la-colonie.org\/public\/wp-content\/medias\/2017\/10\/IMG_7950.jpg\",\"datePublished\":\"2017-10-01T17:54:05+00:00\",\"dateModified\":\"2024-07-22T21:01:39+00:00\",\"breadcrumb\":{\"@id\":\"https:\/\/la-colonie.org\/public\/mode-de-vie\/#breadcrumb\"},\"inLanguage\":\"fr-FR\",\"potentialAction\":[{\"@type\":\"ReadAction\",\"target\":[\"https:\/\/la-colonie.org\/public\/mode-de-vie\/\"]}]},{\"@type\":\"ImageObject\",\"inLanguage\":\"fr-FR\",\"@id\":\"https:\/\/la-colonie.org\/public\/mode-de-vie\/#primaryimage\",\"url\":\"https:\/\/www.la-colonie.org\/public\/wp-content\/medias\/2017\/10\/IMG_7950.jpg\",\"contentUrl\":\"https:\/\/www.la-colonie.org\/public\/wp-content\/medias\/2017\/10\/IMG_7950.jpg\",\"width\":3264,\"height\":2448},{\"@type\":\"BreadcrumbList\",\"@id\":\"https:\/\/la-colonie.org\/public\/mode-de-vie\/#breadcrumb\",\"itemListElement\":[{\"@type\":\"ListItem\",\"position\":1,\"name\":\"Accueil\",\"item\":\"https:\/\/la-colonie.org\/public\/\"},{\"@type\":\"ListItem\",\"position\":2,\"name\":\"Un mode de vie original\"}]},{\"@type\":\"WebSite\",\"@id\":\"https:\/\/la-colonie.org\/public\/#website\",\"url\":\"https:\/\/la-colonie.org\/public\/\",\"name\":\"La Colonie de Cond\u00e9-sur-Vesgre\",\"description\":\"Un phalanst\u00e8re subsiste pr\u00e8s de Paris !\",\"publisher\":{\"@id\":\"https:\/\/la-colonie.org\/public\/#organization\"},\"potentialAction\":[{\"@type\":\"SearchAction\",\"target\":{\"@type\":\"EntryPoint\",\"urlTemplate\":\"https:\/\/la-colonie.org\/public\/?s={search_term_string}\"},\"query-input\":{\"@type\":\"PropertyValueSpecification\",\"valueRequired\":true,\"valueName\":\"search_term_string\"}}],\"inLanguage\":\"fr-FR\"},{\"@type\":\"Organization\",\"@id\":\"https:\/\/la-colonie.org\/public\/#organization\",\"name\":\"La Colonie de Cond\u00e9-sur-Vesgre\",\"url\":\"https:\/\/la-colonie.org\/public\/\",\"logo\":{\"@type\":\"ImageObject\",\"inLanguage\":\"fr-FR\",\"@id\":\"https:\/\/la-colonie.org\/public\/#\/schema\/logo\/image\/\",\"url\":\"https:\/\/www.la-colonie.org\/public\/wp-content\/medias\/2018\/02\/Colonie_petit_logo.jpg\",\"contentUrl\":\"https:\/\/www.la-colonie.org\/public\/wp-content\/medias\/2018\/02\/Colonie_petit_logo.jpg\",\"width\":120,\"height\":120,\"caption\":\"La Colonie de Cond\u00e9-sur-Vesgre\"},\"image\":{\"@id\":\"https:\/\/la-colonie.org\/public\/#\/schema\/logo\/image\/\"}}]}<\/script>\n<!-- \/ Yoast SEO plugin. -->","yoast_head_json":{"title":"Un mode de vie original - La Colonie de Cond\u00e9-sur-Vesgre","robots":{"index":"index","follow":"follow","max-snippet":"max-snippet:-1","max-image-preview":"max-image-preview:large","max-video-preview":"max-video-preview:-1"},"canonical":"https:\/\/la-colonie.org\/public\/mode-de-vie\/","og_locale":"fr_FR","og_type":"article","og_title":"Un mode de vie original - La Colonie de Cond\u00e9-sur-Vesgre","og_description":"La Colonie est aujourd&rsquo;hui une propri\u00e9t\u00e9 occup\u00e9e essentiellement pendant les week-ends et vacances par les membres de son association. Son organisation repose sur un mod\u00e8le \u00e9prouv\u00e9, o\u00f9 les responsabilit\u00e9s sont partag\u00e9es, et o\u00f9 les activit\u00e9s communes alternent avec les occupations personnelles des uns et des autres. Suite...","og_url":"https:\/\/la-colonie.org\/public\/mode-de-vie\/","og_site_name":"La Colonie de Cond\u00e9-sur-Vesgre","article_modified_time":"2024-07-22T21:01:39+00:00","og_image":[{"width":3264,"height":2448,"url":"https:\/\/www.la-colonie.org\/public\/wp-content\/medias\/2017\/10\/IMG_7950.jpg","type":"image\/jpeg"}],"twitter_card":"summary_large_image","schema":{"@context":"https:\/\/schema.org","@graph":[{"@type":"WebPage","@id":"https:\/\/la-colonie.org\/public\/mode-de-vie\/","url":"https:\/\/la-colonie.org\/public\/mode-de-vie\/","name":"Un mode de vie original - La Colonie de Cond\u00e9-sur-Vesgre","isPartOf":{"@id":"https:\/\/la-colonie.org\/public\/#website"},"primaryImageOfPage":{"@id":"https:\/\/la-colonie.org\/public\/mode-de-vie\/#primaryimage"},"image":{"@id":"https:\/\/la-colonie.org\/public\/mode-de-vie\/#primaryimage"},"thumbnailUrl":"https:\/\/www.la-colonie.org\/public\/wp-content\/medias\/2017\/10\/IMG_7950.jpg","datePublished":"2017-10-01T17:54:05+00:00","dateModified":"2024-07-22T21:01:39+00:00","breadcrumb":{"@id":"https:\/\/la-colonie.org\/public\/mode-de-vie\/#breadcrumb"},"inLanguage":"fr-FR","potentialAction":[{"@type":"ReadAction","target":["https:\/\/la-colonie.org\/public\/mode-de-vie\/"]}]},{"@type":"ImageObject","inLanguage":"fr-FR","@id":"https:\/\/la-colonie.org\/public\/mode-de-vie\/#primaryimage","url":"https:\/\/www.la-colonie.org\/public\/wp-content\/medias\/2017\/10\/IMG_7950.jpg","contentUrl":"https:\/\/www.la-colonie.org\/public\/wp-content\/medias\/2017\/10\/IMG_7950.jpg","width":3264,"height":2448},{"@type":"BreadcrumbList","@id":"https:\/\/la-colonie.org\/public\/mode-de-vie\/#breadcrumb","itemListElement":[{"@type":"ListItem","position":1,"name":"Accueil","item":"https:\/\/la-colonie.org\/public\/"},{"@type":"ListItem","position":2,"name":"Un mode de vie original"}]},{"@type":"WebSite","@id":"https:\/\/la-colonie.org\/public\/#website","url":"https:\/\/la-colonie.org\/public\/","name":"La Colonie de Cond\u00e9-sur-Vesgre","description":"Un phalanst\u00e8re subsiste pr\u00e8s de Paris !","publisher":{"@id":"https:\/\/la-colonie.org\/public\/#organization"},"potentialAction":[{"@type":"SearchAction","target":{"@type":"EntryPoint","urlTemplate":"https:\/\/la-colonie.org\/public\/?s={search_term_string}"},"query-input":{"@type":"PropertyValueSpecification","valueRequired":true,"valueName":"search_term_string"}}],"inLanguage":"fr-FR"},{"@type":"Organization","@id":"https:\/\/la-colonie.org\/public\/#organization","name":"La Colonie de Cond\u00e9-sur-Vesgre","url":"https:\/\/la-colonie.org\/public\/","logo":{"@type":"ImageObject","inLanguage":"fr-FR","@id":"https:\/\/la-colonie.org\/public\/#\/schema\/logo\/image\/","url":"https:\/\/www.la-colonie.org\/public\/wp-content\/medias\/2018\/02\/Colonie_petit_logo.jpg","contentUrl":"https:\/\/www.la-colonie.org\/public\/wp-content\/medias\/2018\/02\/Colonie_petit_logo.jpg","width":120,"height":120,"caption":"La Colonie de Cond\u00e9-sur-Vesgre"},"image":{"@id":"https:\/\/la-colonie.org\/public\/#\/schema\/logo\/image\/"}}]}},"coauthors":[],"author_meta":{"author_link":"https:\/\/la-colonie.org\/public\/article\/author\/admin\/","display_name":"admin"},"relative_dates":{"created":"Publi\u00e9 9 ans il y a","modified":"Mis \u00e0 jour 2 ans il y a"},"absolute_dates":{"created":"Publi\u00e9 le 1 octobre 2017","modified":"Mise \u00e0 jour le 22 juillet 2024"},"absolute_dates_time":{"created":"Publi\u00e9 le 1 octobre 2017 19:54","modified":"Mise \u00e0 jour le 22 juillet 2024 23:01"},"featured_img_caption":"","featured_img":"https:\/\/www.la-colonie.org\/public\/wp-content\/medias\/2017\/10\/IMG_7950-150x113.jpg","series_order":"","_links":{"self":[{"href":"https:\/\/la-colonie.org\/public\/wp-json\/wp\/v2\/pages\/414","targetHints":{"allow":["GET"]}}],"collection":[{"href":"https:\/\/la-colonie.org\/public\/wp-json\/wp\/v2\/pages"}],"about":[{"href":"https:\/\/la-colonie.org\/public\/wp-json\/wp\/v2\/types\/page"}],"author":[{"embeddable":true,"href":"https:\/\/la-colonie.org\/public\/wp-json\/wp\/v2\/users\/1"}],"replies":[{"embeddable":true,"href":"https:\/\/la-colonie.org\/public\/wp-json\/wp\/v2\/comments?post=414"}],"version-history":[{"count":6,"href":"https:\/\/la-colonie.org\/public\/wp-json\/wp\/v2\/pages\/414\/revisions"}],"predecessor-version":[{"id":2858,"href":"https:\/\/la-colonie.org\/public\/wp-json\/wp\/v2\/pages\/414\/revisions\/2858"}],"wp:featuredmedia":[{"embeddable":true,"href":"https:\/\/la-colonie.org\/public\/wp-json\/wp\/v2\/media\/954"}],"wp:attachment":[{"href":"https:\/\/la-colonie.org\/public\/wp-json\/wp\/v2\/media?parent=414"}],"curies":[{"name":"wp","href":"https:\/\/api.w.org\/{rel}","templated":true}]}}