{"id":410,"date":"2017-10-01T19:53:03","date_gmt":"2017-10-01T17:53:03","guid":{"rendered":"http:\/\/la-colonie.org\/public\/?page_id=410"},"modified":"2020-06-14T00:19:39","modified_gmt":"2020-06-13T22:19:39","slug":"le-domaine","status":"publish","type":"page","link":"https:\/\/la-colonie.org\/public\/le-site\/le-domaine\/","title":{"rendered":"Un domaine de 35 hectares en for\u00eat"},"content":{"rendered":"<p>Le domaine de La Colonie s\u2019\u00e9tend sur 35 hectares et jouxte la for\u00eat domaniale de Rambouillet.<\/p>\n<p>C&rsquo;est un domaine connu pour\u00a0ses rhododendrons centenaires, qui\u00a0fleurissent de mani\u00e8re spectaculaire en juin et dont certains atteignent 10 m\u00e8res de haut. La l\u00e9gende veut que les rhodos plant\u00e9s en 1888 au Champ de Mars en pr\u00e9vision de l&rsquo;exposition universelle aient \u00e9t\u00e9 extraits de la Colonie !<\/p>\n<p><span style=\"color: #000000;\"><div class=\"pt-cv-wrapper\"><div class=\"pt-cv-view pt-cv-pinterest pt-cv-colsys pt-cv-shadow pt-cv-bb pt-cv-content-hover pt-cv-clickable effect-fi pt-cv-overlay-middle pt-cv-pginfinite pt-cv-sharp-buttons\" id=\"pt-cv-view-cbc6434mvo\"><div data-id=\"pt-cv-page-1\" class=\"pt-cv-page\" data-cvc=\"4\"><div class=\"col-md-3 col-sm-4 col-xs-6 pt-cv-content-item pt-cv-1-col\"  data-pid=\"2503\"><div class='pt-cv-pinmas'><div class=\"pt-cv-hover-wrapper\"><a href=\"https:\/\/www.la-colonie.org\/public\/wp-content\/medias\/2020\/06\/Plan-2000.jpeg\" class=\"pt-cv-lightbox-image pt-cv-href-thumbnail pt-cv-thumb-default\" target=\"pt-cv-lightbox-image\" ><img loading=\"lazy\" decoding=\"async\" width=\"300\" height=\"300\" src=\"https:\/\/www.la-colonie.org\/public\/wp-content\/medias\/2020\/06\/Plan-2000-300x300.jpeg\" class=\"pt-cv-thumbnail img-none\" alt=\"1 Plan du domaine\" \/><\/a><div class=\"pt-cv-mask\"><div class=\"pt-cv-animation-left pt-cv-title\"><a href=\"https:\/\/www.la-colonie.org\/public\/wp-content\/medias\/2020\/06\/Plan-2000.jpeg\" class=\"pt-cv-lightbox-image\" target=\"pt-cv-lightbox-image\" >1 Plan du domaine<\/a><\/div><\/div><\/div><\/div><\/div>\n<div class=\"col-md-3 col-sm-4 col-xs-6 pt-cv-content-item pt-cv-1-col\"  data-pid=\"2521\"><div class='pt-cv-pinmas'><div class=\"pt-cv-hover-wrapper\"><a href=\"https:\/\/www.la-colonie.org\/public\/wp-content\/medias\/2020\/06\/Alle-du-Canada-Mai-2020.jpg\" class=\"pt-cv-lightbox-image pt-cv-href-thumbnail pt-cv-thumb-default\" target=\"pt-cv-lightbox-image\" ><img loading=\"lazy\" decoding=\"async\" width=\"300\" height=\"300\" src=\"https:\/\/www.la-colonie.org\/public\/wp-content\/medias\/2020\/06\/Alle-du-Canada-Mai-2020-300x300.jpg\" class=\"pt-cv-thumbnail img-none\" alt=\"Alle du Canada Mai 2020\" \/><\/a><div class=\"pt-cv-mask\"><div class=\"pt-cv-animation-left pt-cv-title\"><a href=\"https:\/\/www.la-colonie.org\/public\/wp-content\/medias\/2020\/06\/Alle-du-Canada-Mai-2020.jpg\" class=\"pt-cv-lightbox-image\" target=\"pt-cv-lightbox-image\" >Alle du Canada Mai 2020<\/a><\/div><\/div><\/div><\/div><\/div>\n<div class=\"col-md-3 col-sm-4 col-xs-6 pt-cv-content-item pt-cv-1-col\"  data-pid=\"2054\"><div class='pt-cv-pinmas'><div class=\"pt-cv-hover-wrapper\"><a href=\"https:\/\/www.la-colonie.org\/public\/wp-content\/medias\/2018\/07\/brame.jpg\" class=\"pt-cv-lightbox-image pt-cv-href-thumbnail pt-cv-thumb-default\" target=\"pt-cv-lightbox-image\" ><img loading=\"lazy\" decoding=\"async\" width=\"300\" height=\"300\" src=\"https:\/\/www.la-colonie.org\/public\/wp-content\/medias\/2018\/07\/brame-300x300.jpg\" class=\"pt-cv-thumbnail img-none\" alt=\"brame\" \/><\/a><div class=\"pt-cv-mask\"><div class=\"pt-cv-animation-left pt-cv-title\"><a href=\"https:\/\/www.la-colonie.org\/public\/wp-content\/medias\/2018\/07\/brame.jpg\" class=\"pt-cv-lightbox-image\" target=\"pt-cv-lightbox-image\" >brame<\/a><\/div><\/div><\/div><\/div><\/div>\n<div class=\"col-md-3 col-sm-4 col-xs-6 pt-cv-content-item pt-cv-1-col\"  data-pid=\"2497\"><div class='pt-cv-pinmas'><div class=\"pt-cv-hover-wrapper\"><a href=\"https:\/\/www.la-colonie.org\/public\/wp-content\/medias\/2020\/06\/Coucher-soleil-mars-2020.jpeg\" class=\"pt-cv-lightbox-image pt-cv-href-thumbnail pt-cv-thumb-default\" target=\"pt-cv-lightbox-image\" ><img loading=\"lazy\" decoding=\"async\" width=\"300\" height=\"300\" src=\"https:\/\/www.la-colonie.org\/public\/wp-content\/medias\/2020\/06\/Coucher-soleil-mars-2020-300x300.jpeg\" class=\"pt-cv-thumbnail img-none\" alt=\"Coucher soleil mars 2020\" \/><\/a><div class=\"pt-cv-mask\"><div class=\"pt-cv-animation-left pt-cv-title\"><a href=\"https:\/\/www.la-colonie.org\/public\/wp-content\/medias\/2020\/06\/Coucher-soleil-mars-2020.jpeg\" class=\"pt-cv-lightbox-image\" target=\"pt-cv-lightbox-image\" >Coucher soleil mars 2020<\/a><\/div><\/div><\/div><\/div><\/div>\n<div class=\"col-md-3 col-sm-4 col-xs-6 pt-cv-content-item pt-cv-1-col\"  data-pid=\"2499\"><div class='pt-cv-pinmas'><div class=\"pt-cv-hover-wrapper\"><a href=\"https:\/\/www.la-colonie.org\/public\/wp-content\/medias\/2020\/06\/Cueillette-champignons-Sept-2018.jpg\" class=\"pt-cv-lightbox-image pt-cv-href-thumbnail pt-cv-thumb-default\" target=\"pt-cv-lightbox-image\" ><img loading=\"lazy\" decoding=\"async\" width=\"300\" height=\"300\" src=\"https:\/\/www.la-colonie.org\/public\/wp-content\/medias\/2020\/06\/Cueillette-champignons-Sept-2018-300x300.jpg\" class=\"pt-cv-thumbnail img-none\" alt=\"Cueillette champignons Sept 2018\" \/><\/a><div class=\"pt-cv-mask\"><div class=\"pt-cv-animation-left pt-cv-title\"><a href=\"https:\/\/www.la-colonie.org\/public\/wp-content\/medias\/2020\/06\/Cueillette-champignons-Sept-2018.jpg\" class=\"pt-cv-lightbox-image\" target=\"pt-cv-lightbox-image\" >Cueillette champignons Sept 2018<\/a><\/div><\/div><\/div><\/div><\/div>\n<div class=\"col-md-3 col-sm-4 col-xs-6 pt-cv-content-item pt-cv-1-col\"  data-pid=\"1297\"><div class='pt-cv-pinmas'><div class=\"pt-cv-hover-wrapper\"><a href=\"https:\/\/www.la-colonie.org\/public\/wp-content\/medias\/2017\/10\/faisan.jpg\" class=\"pt-cv-lightbox-image pt-cv-href-thumbnail pt-cv-thumb-default\" target=\"pt-cv-lightbox-image\" ><img loading=\"lazy\" decoding=\"async\" width=\"300\" height=\"300\" src=\"https:\/\/www.la-colonie.org\/public\/wp-content\/medias\/2017\/10\/faisan-300x300.jpg\" class=\"pt-cv-thumbnail img-none\" alt=\"Faisan\" \/><\/a><div class=\"pt-cv-mask\"><div class=\"pt-cv-animation-left pt-cv-title\"><a href=\"https:\/\/www.la-colonie.org\/public\/wp-content\/medias\/2017\/10\/faisan.jpg\" class=\"pt-cv-lightbox-image\" target=\"pt-cv-lightbox-image\" >Faisan<\/a><\/div><\/div><\/div><\/div><\/div>\n<div class=\"col-md-3 col-sm-4 col-xs-6 pt-cv-content-item pt-cv-1-col\"  data-pid=\"1607\"><div class='pt-cv-pinmas'><div class=\"pt-cv-hover-wrapper\"><a href=\"https:\/\/www.la-colonie.org\/public\/wp-content\/medias\/2017\/10\/Grande-pelouse.jpg\" class=\"pt-cv-lightbox-image pt-cv-href-thumbnail pt-cv-thumb-default\" target=\"pt-cv-lightbox-image\" ><img loading=\"lazy\" decoding=\"async\" width=\"300\" height=\"300\" src=\"https:\/\/www.la-colonie.org\/public\/wp-content\/medias\/2017\/10\/Grande-pelouse-300x300.jpg\" class=\"pt-cv-thumbnail img-none\" alt=\"Grande pelouse\" \/><\/a><div class=\"pt-cv-mask\"><div class=\"pt-cv-animation-left pt-cv-title\"><a href=\"https:\/\/www.la-colonie.org\/public\/wp-content\/medias\/2017\/10\/Grande-pelouse.jpg\" class=\"pt-cv-lightbox-image\" target=\"pt-cv-lightbox-image\" >Grande pelouse<\/a><\/div><\/div><\/div><\/div><\/div>\n<div class=\"col-md-3 col-sm-4 col-xs-6 pt-cv-content-item pt-cv-1-col\"  data-pid=\"1148\"><div class='pt-cv-pinmas'><div class=\"pt-cv-hover-wrapper\"><a href=\"https:\/\/www.la-colonie.org\/public\/wp-content\/medias\/2017\/10\/derriere-hangar-1985.jpg\" class=\"pt-cv-lightbox-image pt-cv-href-thumbnail pt-cv-thumb-default\" target=\"pt-cv-lightbox-image\" ><img loading=\"lazy\" decoding=\"async\" width=\"300\" height=\"300\" src=\"https:\/\/www.la-colonie.org\/public\/wp-content\/medias\/2017\/10\/derriere-hangar-1985-300x300.jpg\" class=\"pt-cv-thumbnail img-none\" alt=\"L&#039;arri\u00e8re du hangar\" \/><\/a><div class=\"pt-cv-mask\"><div class=\"pt-cv-animation-left pt-cv-title\"><a href=\"https:\/\/www.la-colonie.org\/public\/wp-content\/medias\/2017\/10\/derriere-hangar-1985.jpg\" class=\"pt-cv-lightbox-image\" target=\"pt-cv-lightbox-image\" >L&rsquo;arri\u00e8re du hangar<\/a><\/div><\/div><\/div><\/div><\/div>\n<div class=\"col-md-3 col-sm-4 col-xs-6 pt-cv-content-item pt-cv-1-col\"  data-pid=\"1300\"><div class='pt-cv-pinmas'><div class=\"pt-cv-hover-wrapper\"><a href=\"https:\/\/www.la-colonie.org\/public\/wp-content\/medias\/2017\/10\/T\u00e9nor-Ao\u00fbt-2005.jpg\" class=\"pt-cv-lightbox-image pt-cv-href-thumbnail pt-cv-thumb-default\" target=\"pt-cv-lightbox-image\" ><img loading=\"lazy\" decoding=\"async\" width=\"300\" height=\"300\" src=\"https:\/\/www.la-colonie.org\/public\/wp-content\/medias\/2017\/10\/T\u00e9nor-Ao\u00fbt-2005-300x300.jpg\" class=\"pt-cv-thumbnail img-none\" alt=\"Le cerf T\u00e9nor Ao\u00fbt 2005\" \/><\/a><div class=\"pt-cv-mask\"><div class=\"pt-cv-animation-left pt-cv-title\"><a href=\"https:\/\/www.la-colonie.org\/public\/wp-content\/medias\/2017\/10\/T\u00e9nor-Ao\u00fbt-2005.jpg\" class=\"pt-cv-lightbox-image\" target=\"pt-cv-lightbox-image\" >Le cerf T\u00e9nor Ao\u00fbt 2005<\/a><\/div><\/div><\/div><\/div><\/div>\n<div class=\"col-md-3 col-sm-4 col-xs-6 pt-cv-content-item pt-cv-1-col\"  data-pid=\"2502\"><div class='pt-cv-pinmas'><div class=\"pt-cv-hover-wrapper\"><a href=\"https:\/\/www.la-colonie.org\/public\/wp-content\/medias\/2020\/06\/Photos-Nov-2019.jpeg\" class=\"pt-cv-lightbox-image pt-cv-href-thumbnail pt-cv-thumb-default\" target=\"pt-cv-lightbox-image\" ><img loading=\"lazy\" decoding=\"async\" width=\"300\" height=\"300\" src=\"https:\/\/www.la-colonie.org\/public\/wp-content\/medias\/2020\/06\/Photos-Nov-2019-300x300.jpeg\" class=\"pt-cv-thumbnail img-none\" alt=\"Photos Nov 2019\" \/><\/a><div class=\"pt-cv-mask\"><div class=\"pt-cv-animation-left pt-cv-title\"><a href=\"https:\/\/www.la-colonie.org\/public\/wp-content\/medias\/2020\/06\/Photos-Nov-2019.jpeg\" class=\"pt-cv-lightbox-image\" target=\"pt-cv-lightbox-image\" >Photos Nov 2019<\/a><\/div><\/div><\/div><\/div><\/div>\n<div class=\"col-md-3 col-sm-4 col-xs-6 pt-cv-content-item pt-cv-1-col\"  data-pid=\"2523\"><div class='pt-cv-pinmas'><div class=\"pt-cv-hover-wrapper\"><a href=\"https:\/\/www.la-colonie.org\/public\/wp-content\/medias\/2020\/06\/Pi\u00e8ce-deau-copyright-Laurence-de-Terline.jpg\" class=\"pt-cv-lightbox-image pt-cv-href-thumbnail pt-cv-thumb-default\" target=\"pt-cv-lightbox-image\" ><img loading=\"lazy\" decoding=\"async\" width=\"300\" height=\"300\" src=\"https:\/\/www.la-colonie.org\/public\/wp-content\/medias\/2020\/06\/Pi\u00e8ce-deau-copyright-Laurence-de-Terline-300x300.jpg\" class=\"pt-cv-thumbnail img-none\" alt=\"Pi\u00e8ce d&#039;eau (copyright Laurence de Terline)\" \/><\/a><div class=\"pt-cv-mask\"><div class=\"pt-cv-animation-left pt-cv-title\"><a href=\"https:\/\/www.la-colonie.org\/public\/wp-content\/medias\/2020\/06\/Pi\u00e8ce-deau-copyright-Laurence-de-Terline.jpg\" class=\"pt-cv-lightbox-image\" target=\"pt-cv-lightbox-image\" >Pi\u00e8ce d&rsquo;eau (copyright Laurence de Terline)<\/a><\/div><\/div><\/div><\/div><\/div>\n<div class=\"col-md-3 col-sm-4 col-xs-6 pt-cv-content-item pt-cv-1-col\"  data-pid=\"2504\"><div class='pt-cv-pinmas'><div class=\"pt-cv-hover-wrapper\"><a href=\"https:\/\/www.la-colonie.org\/public\/wp-content\/medias\/2020\/06\/Pont-ile-fev-2019.jpeg\" class=\"pt-cv-lightbox-image pt-cv-href-thumbnail pt-cv-thumb-default\" target=\"pt-cv-lightbox-image\" ><img loading=\"lazy\" decoding=\"async\" width=\"300\" height=\"300\" src=\"https:\/\/www.la-colonie.org\/public\/wp-content\/medias\/2020\/06\/Pont-ile-fev-2019-300x300.jpeg\" class=\"pt-cv-thumbnail img-none\" alt=\"Pont ile fev 2019\" \/><\/a><div class=\"pt-cv-mask\"><div class=\"pt-cv-animation-left pt-cv-title\"><a href=\"https:\/\/www.la-colonie.org\/public\/wp-content\/medias\/2020\/06\/Pont-ile-fev-2019.jpeg\" class=\"pt-cv-lightbox-image\" target=\"pt-cv-lightbox-image\" >Pont ile fev 2019<\/a><\/div><\/div><\/div><\/div><\/div>\n<div class=\"col-md-3 col-sm-4 col-xs-6 pt-cv-content-item pt-cv-1-col\"  data-pid=\"1616\"><div class='pt-cv-pinmas'><div class=\"pt-cv-hover-wrapper\"><a href=\"https:\/\/www.la-colonie.org\/public\/wp-content\/medias\/2017\/10\/Le-potager.jpg\" class=\"pt-cv-lightbox-image pt-cv-href-thumbnail pt-cv-thumb-default\" target=\"pt-cv-lightbox-image\" ><img loading=\"lazy\" decoding=\"async\" width=\"300\" height=\"300\" src=\"https:\/\/www.la-colonie.org\/public\/wp-content\/medias\/2017\/10\/Le-potager-300x300.jpg\" class=\"pt-cv-thumbnail img-none\" alt=\"Potager\" \/><\/a><div class=\"pt-cv-mask\"><div class=\"pt-cv-animation-left pt-cv-title\"><a href=\"https:\/\/www.la-colonie.org\/public\/wp-content\/medias\/2017\/10\/Le-potager.jpg\" class=\"pt-cv-lightbox-image\" target=\"pt-cv-lightbox-image\" >Potager<\/a><\/div><\/div><\/div><\/div><\/div>\n<div class=\"col-md-3 col-sm-4 col-xs-6 pt-cv-content-item pt-cv-1-col\"  data-pid=\"2522\"><div class='pt-cv-pinmas'><div class=\"pt-cv-hover-wrapper\"><a href=\"https:\/\/www.la-colonie.org\/public\/wp-content\/medias\/2020\/06\/Potager-2-Mai-2020.jpg\" class=\"pt-cv-lightbox-image pt-cv-href-thumbnail pt-cv-thumb-default\" target=\"pt-cv-lightbox-image\" ><img loading=\"lazy\" decoding=\"async\" width=\"300\" height=\"300\" src=\"https:\/\/www.la-colonie.org\/public\/wp-content\/medias\/2020\/06\/Potager-2-Mai-2020-300x300.jpg\" class=\"pt-cv-thumbnail img-none\" alt=\"Potager 2 Mai 2020\" \/><\/a><div class=\"pt-cv-mask\"><div class=\"pt-cv-animation-left pt-cv-title\"><a href=\"https:\/\/www.la-colonie.org\/public\/wp-content\/medias\/2020\/06\/Potager-2-Mai-2020.jpg\" class=\"pt-cv-lightbox-image\" target=\"pt-cv-lightbox-image\" >Potager 2 Mai 2020<\/a><\/div><\/div><\/div><\/div><\/div>\n<div class=\"col-md-3 col-sm-4 col-xs-6 pt-cv-content-item pt-cv-1-col\"  data-pid=\"2517\"><div class='pt-cv-pinmas'><div class=\"pt-cv-hover-wrapper\"><a href=\"https:\/\/www.la-colonie.org\/public\/wp-content\/medias\/2020\/06\/R\u00e9servoir-plein-2020-scaled.jpg\" class=\"pt-cv-lightbox-image pt-cv-href-thumbnail pt-cv-thumb-default\" target=\"pt-cv-lightbox-image\" ><img loading=\"lazy\" decoding=\"async\" width=\"300\" height=\"300\" src=\"https:\/\/www.la-colonie.org\/public\/wp-content\/medias\/2020\/06\/R\u00e9servoir-plein-2020-scaled-300x300.jpg\" class=\"pt-cv-thumbnail img-none\" alt=\"R\u00e9servoir plein 2020\" \/><\/a><div class=\"pt-cv-mask\"><div class=\"pt-cv-animation-left pt-cv-title\"><a href=\"https:\/\/www.la-colonie.org\/public\/wp-content\/medias\/2020\/06\/R\u00e9servoir-plein-2020-scaled.jpg\" class=\"pt-cv-lightbox-image\" target=\"pt-cv-lightbox-image\" >R\u00e9servoir plein 2020<\/a><\/div><\/div><\/div><\/div><\/div>\n<div class=\"col-md-3 col-sm-4 col-xs-6 pt-cv-content-item pt-cv-1-col\"  data-pid=\"1164\"><div class='pt-cv-pinmas'><div class=\"pt-cv-hover-wrapper\"><a href=\"https:\/\/www.la-colonie.org\/public\/wp-content\/medias\/2017\/10\/Reservoirs-sous-la-neige-1.jpg\" class=\"pt-cv-lightbox-image pt-cv-href-thumbnail pt-cv-thumb-default\" target=\"pt-cv-lightbox-image\" ><img loading=\"lazy\" decoding=\"async\" width=\"300\" height=\"300\" src=\"https:\/\/www.la-colonie.org\/public\/wp-content\/medias\/2017\/10\/Reservoirs-sous-la-neige-1-300x300.jpg\" class=\"pt-cv-thumbnail img-none\" alt=\"R\u00e9servoirs sous la neige\" \/><\/a><div class=\"pt-cv-mask\"><div class=\"pt-cv-animation-left pt-cv-title\"><a href=\"https:\/\/www.la-colonie.org\/public\/wp-content\/medias\/2017\/10\/Reservoirs-sous-la-neige-1.jpg\" class=\"pt-cv-lightbox-image\" target=\"pt-cv-lightbox-image\" >R\u00e9servoirs sous la neige<\/a><\/div><\/div><\/div><\/div><\/div>\n<div class=\"col-md-3 col-sm-4 col-xs-6 pt-cv-content-item pt-cv-1-col\"  data-pid=\"2513\"><div class='pt-cv-pinmas'><div class=\"pt-cv-hover-wrapper\"><a href=\"https:\/\/www.la-colonie.org\/public\/wp-content\/medias\/2020\/06\/Rhodo-pelouse-soir-mai-2020-scaled.jpg\" class=\"pt-cv-lightbox-image pt-cv-href-thumbnail pt-cv-thumb-default\" target=\"pt-cv-lightbox-image\" ><img loading=\"lazy\" decoding=\"async\" width=\"300\" height=\"300\" src=\"https:\/\/www.la-colonie.org\/public\/wp-content\/medias\/2020\/06\/Rhodo-pelouse-soir-mai-2020-scaled-300x300.jpg\" class=\"pt-cv-thumbnail img-none\" alt=\"Rhodo pelouse soir mai 2020\" \/><\/a><div class=\"pt-cv-mask\"><div class=\"pt-cv-animation-left pt-cv-title\"><a href=\"https:\/\/www.la-colonie.org\/public\/wp-content\/medias\/2020\/06\/Rhodo-pelouse-soir-mai-2020-scaled.jpg\" class=\"pt-cv-lightbox-image\" target=\"pt-cv-lightbox-image\" >Rhodo pelouse soir mai 2020<\/a><\/div><\/div><\/div><\/div><\/div>\n<div class=\"col-md-3 col-sm-4 col-xs-6 pt-cv-content-item pt-cv-1-col\"  data-pid=\"2524\"><div class='pt-cv-pinmas'><div class=\"pt-cv-hover-wrapper\"><a href=\"https:\/\/www.la-colonie.org\/public\/wp-content\/medias\/2020\/06\/rhododendrons-int\u00e9rieur-copyright-Laurence-de-Terline.jpg\" class=\"pt-cv-lightbox-image pt-cv-href-thumbnail pt-cv-thumb-default\" target=\"pt-cv-lightbox-image\" ><img loading=\"lazy\" decoding=\"async\" width=\"300\" height=\"300\" src=\"https:\/\/www.la-colonie.org\/public\/wp-content\/medias\/2020\/06\/rhododendrons-int\u00e9rieur-copyright-Laurence-de-Terline-300x300.jpg\" class=\"pt-cv-thumbnail img-none\" alt=\"rhododendrons int\u00e9rieur (copyright Laurence de Terline)\" \/><\/a><div class=\"pt-cv-mask\"><div class=\"pt-cv-animation-left pt-cv-title\"><a href=\"https:\/\/www.la-colonie.org\/public\/wp-content\/medias\/2020\/06\/rhododendrons-int\u00e9rieur-copyright-Laurence-de-Terline.jpg\" class=\"pt-cv-lightbox-image\" target=\"pt-cv-lightbox-image\" >rhododendrons int\u00e9rieur (copyright Laurence de Terline)<\/a><\/div><\/div><\/div><\/div><\/div>\n<div class=\"col-md-3 col-sm-4 col-xs-6 pt-cv-content-item pt-cv-1-col\"  data-pid=\"2507\"><div class='pt-cv-pinmas'><div class=\"pt-cv-hover-wrapper\"><a href=\"https:\/\/www.la-colonie.org\/public\/wp-content\/medias\/2020\/06\/Rhodos-juin-2020.jpeg\" class=\"pt-cv-lightbox-image pt-cv-href-thumbnail pt-cv-thumb-default\" target=\"pt-cv-lightbox-image\" ><img loading=\"lazy\" decoding=\"async\" width=\"300\" height=\"300\" src=\"https:\/\/www.la-colonie.org\/public\/wp-content\/medias\/2020\/06\/Rhodos-juin-2020-300x300.jpeg\" class=\"pt-cv-thumbnail img-none\" alt=\"Rhodos juin 2020\" \/><\/a><div class=\"pt-cv-mask\"><div class=\"pt-cv-animation-left pt-cv-title\"><a href=\"https:\/\/www.la-colonie.org\/public\/wp-content\/medias\/2020\/06\/Rhodos-juin-2020.jpeg\" class=\"pt-cv-lightbox-image\" target=\"pt-cv-lightbox-image\" >Rhodos juin 2020<\/a><\/div><\/div><\/div><\/div><\/div>\n<div class=\"col-md-3 col-sm-4 col-xs-6 pt-cv-content-item pt-cv-1-col\"  data-pid=\"2525\"><div class='pt-cv-pinmas'><div class=\"pt-cv-hover-wrapper\"><a href=\"https:\/\/www.la-colonie.org\/public\/wp-content\/medias\/2020\/06\/steres-de-bois.jpg\" class=\"pt-cv-lightbox-image pt-cv-href-thumbnail pt-cv-thumb-default\" target=\"pt-cv-lightbox-image\" ><img loading=\"lazy\" decoding=\"async\" width=\"300\" height=\"300\" src=\"https:\/\/www.la-colonie.org\/public\/wp-content\/medias\/2020\/06\/steres-de-bois-300x300.jpg\" class=\"pt-cv-thumbnail img-none\" alt=\"steres de bois\" \/><\/a><div class=\"pt-cv-mask\"><div class=\"pt-cv-animation-left pt-cv-title\"><a href=\"https:\/\/www.la-colonie.org\/public\/wp-content\/medias\/2020\/06\/steres-de-bois.jpg\" class=\"pt-cv-lightbox-image\" target=\"pt-cv-lightbox-image\" >steres de bois<\/a><\/div><\/div><\/div><\/div><\/div><\/div><\/div>\n<div class=\"text-center pt-cv-pagination-wrapper\"><button class=\"pt-cv-more btn btn-primary btn-sm\" data-totalpages=\"2\" data-nextpages=\"2\" data-sid=\"cbc6434mvo\" data-unid=\"\">More <span class=\"caret\"><\/span><\/button><img loading=\"lazy\" decoding=\"async\" width=\"15\" height=\"15\" class=\"pt-cv-spinner\" alt=\"Chargement\u2026\" src=\"data:image\/gif;base64,R0lGODlhDwAPALMPAMrKygwMDJOTkz09PZWVla+vr3p6euTk5M7OzuXl5TMzMwAAAJmZmWZmZszMzP\/\/\/yH\/C05FVFNDQVBFMi4wAwEAAAAh+QQFCgAPACwAAAAADwAPAAAEQvDJaZaZOIcV8iQK8VRX4iTYoAwZ4iCYoAjZ4RxejhVNoT+mRGP4cyF4Pp0N98sBGIBMEMOotl6YZ3S61Bmbkm4mAgAh+QQFCgAPACwAAAAADQANAAAENPDJSRSZeA418itN8QiK8BiLITVsFiyBBIoYqnoewAD4xPw9iY4XLGYSjkQR4UAUD45DLwIAIfkEBQoADwAsAAAAAA8ACQAABC\/wyVlamTi3nSdgwFNdhEJgTJoNyoB9ISYoQmdjiZPcj7EYCAeCF1gEDo4Dz2eIAAAh+QQFCgAPACwCAAAADQANAAAEM\/DJBxiYeLKdX3IJZT1FU0iIg2RNKx3OkZVnZ98ToRD4MyiDnkAh6BkNC0MvsAj0kMpHBAAh+QQFCgAPACwGAAAACQAPAAAEMDC59KpFDll73HkAA2wVY5KgiK5b0RRoI6MuzG6EQqCDMlSGheEhUAgqgUUAFRySIgAh+QQFCgAPACwCAAIADQANAAAEM\/DJKZNLND\/kkKaHc3xk+QAMYDKsiaqmZCxGVjSFFCxB1vwy2oOgIDxuucxAMTAJFAJNBAAh+QQFCgAPACwAAAYADwAJAAAEMNAs86q1yaWwwv2Ig0jUZx3OYa4XoRAfwADXoAwfo1+CIjyFRuEho60aSNYlOPxEAAAh+QQFCgAPACwAAAIADQANAAAENPA9s4y8+IUVcqaWJ4qEQozSoAzoIyhCK2NFU2SJk0hNnyEOhKR2AzAAj4Pj4GE4W0bkJQIAOw==\" \/><div class=\"clear pt-cv-clear-pagination\"><\/div><\/div><\/div>\t\t\t<style type=\"text\/css\" id=\"pt-cv-inline-style-d5c84d4u4d\">#pt-cv-view-cbc6434mvo.pt-cv-post-border { margin: 0; border-top-style: solid; border-left-style: solid }\n#pt-cv-view-cbc6434mvo.pt-cv-post-border .pt-cv-content-item   { border-right-style: solid; border-bottom-style: solid; }\n#pt-cv-view-cbc6434mvo .pt-cv-title a, #pt-cv-view-cbc6434mvo  .panel-title { font-weight: 600 !important; }\n#pt-cv-view-cbc6434mvo  .pt-cv-content-item:hover .pt-cv-hover-wrapper::before   { background-color: rgba(51,51,51,.6) !important; }\n#pt-cv-view-cbc6434mvo:not(.pt-cv-nohover) .pt-cv-mask *   { color: #fff; }\n#pt-cv-view-cbc6434mvo .pt-cv-carousel-caption  { background-color: rgba(51,51,51,.6) !important; }\n#pt-cv-view-cbc6434mvo .pt-cv-specialp { background-color: #CC3333 !important }\n#pt-cv-view-cbc6434mvo .pt-cv-specialp * { color: #fff !important; }\n#pt-cv-view-cbc6434mvo .pt-cv-pficon  { color: #bbb !important; }\n#pt-cv-view-cbc6434mvo  .add_to_cart_button, #pt-cv-view-cbc6434mvo  .add_to_cart_button *   { color: #ffffff !important; background-color: #00aeef !important; }\n#pt-cv-view-cbc6434mvo  .woocommerce-onsale   { color: #ffffff !important; background-color: #ff5a5f !important; }\n#pt-cv-view-cbc6434mvo .pt-cv-readmore  { color: #ffffff !important; background-color: #00aeef !important; }\n#pt-cv-view-cbc6434mvo .pt-cv-readmore:hover  { color: #ffffff !important; background-color: #00aeef !important; }\n#pt-cv-view-cbc6434mvo  + .pt-cv-pagination-wrapper .pt-cv-more , #pt-cv-view-cbc6434mvo  + .pt-cv-pagination-wrapper .pagination .active a { color: #ffffff !important; background-color: #00aeef !important; }\n[id^='pt-cv-filter-bar-cbc6434mvo'] .active.pt-cv-filter-option, [id^='pt-cv-filter-bar-cbc6434mvo'] .active .pt-cv-filter-option, [id^='pt-cv-filter-bar-cbc6434mvo'] .selected.pt-cv-filter-option, [id^='pt-cv-filter-bar-cbc6434mvo'] .dropdown-toggle   { color: #fff !important; background-color: #00aeef !important; }\n[id^='pt-cv-filter-bar-cbc6434mvo'] .pt-cv-filter-title   { color: #fff !important; background-color: #00aeef !important; }\n#pt-cv-gls-cbc6434mvo li a   { font-weight: 600 !important; }\n#pt-cv-gls-cbc6434mvo li a.pt-active   { color: #fff !important; background-color: #ff5a5f !important; }\n#pt-cv-view-cbc6434mvo .pt-cv-gls-header  { background-color: #00aeef !important; }<\/style>\r\n\t\t\t<\/span><\/p>\n<p>La Grande Maison donne sur une grande pelouse propice \u00e0 de nombreuses activit\u00e9s de plein air ou \u00e0 la sieste, et sur les jeux d&rsquo;enfants.<\/p>\n<p>Cent m\u00e8tres plus loin se trouvent un tennis, un potager et un poulailler.<\/p>\n<p>Encore plus loin, une pi\u00e8ce d\u2019eau entour\u00e9e de rhododendrons, abrite quelques couples de canards et deux longs r\u00e9servoirs permettent aux plus courageux de s\u2019y rafra\u00eechir aux beaux jours.<\/p>\n<p>Le sol, acide et humide, offre un terrain de pr\u00e9dilection aux ch\u00e8nes, pins et bouleaux qui couvrent 90% de la propri\u00e9t\u00e9 et sont exploit\u00e9s avec l&rsquo;aide d&rsquo;une coop\u00e9rative foresti\u00e8re. Les plus grands arbres ont souffert de la temp\u00eate de d\u00e9cembre 1999 qui a travers\u00e9 la France, mais un plan de suivi de la r\u00e9g\u00e9n\u00e9ration naturelle et de replantation a \u00e9t\u00e9 entrepris pour maintenir la for\u00eat d\u2019agr\u00e9ment propice aux promenades et aux cabanes pour les enfants.<\/p>\n<p>Le domaine est giboyeux et offre de fr\u00e9quents rencontres avec des biches, cerfs, sangliers, lapins, faisans, etc.<\/p>\n","protected":false},"excerpt":{"rendered":"<p>Le domaine de La Colonie s\u2019\u00e9tend sur 35 hectares et jouxte la for\u00eat domaniale de Rambouillet. C&rsquo;est un domaine connu pour\u00a0ses rhododendrons centenaires, qui\u00a0fleurissent de mani\u00e8re spectaculaire en juin et dont certains atteignent 10 m\u00e8res de haut. La l\u00e9gende veut que les rhodos plant\u00e9s en 1888 au Champ de Mars\u2026<\/p>\n<p class=\"continue-reading-button\"> <a class=\"continue-reading-link\" href=\"https:\/\/la-colonie.org\/public\/le-site\/le-domaine\/\">Suite&#8230;<i class=\"crycon-right-dir\"><\/i><\/a><\/p>\n","protected":false},"author":1,"featured_media":2517,"parent":402,"menu_order":0,"comment_status":"closed","ping_status":"closed","template":"","meta":{"advgb_blocks_editor_width":"","advgb_blocks_columns_visual_guide":"","_exactmetrics_skip_tracking":false,"_exactmetrics_sitenote_active":false,"_exactmetrics_sitenote_note":"","_exactmetrics_sitenote_category":0,"footnotes":""},"class_list":["post-410","page","type-page","status-publish","has-post-thumbnail","hentry"],"yoast_head":"<!-- This site is optimized with the Yoast SEO plugin v26.1.1 - https:\/\/yoast.com\/wordpress\/plugins\/seo\/ -->\n<title>Un domaine de 35 hectares en for\u00eat - La Colonie de Cond\u00e9-sur-Vesgre<\/title>\n<meta name=\"robots\" content=\"index, follow, max-snippet:-1, max-image-preview:large, max-video-preview:-1\" \/>\n<link rel=\"canonical\" href=\"https:\/\/la-colonie.org\/public\/le-site\/le-domaine\/\" \/>\n<meta property=\"og:locale\" content=\"fr_FR\" \/>\n<meta property=\"og:type\" content=\"article\" \/>\n<meta property=\"og:title\" content=\"Un domaine de 35 hectares en for\u00eat - La Colonie de Cond\u00e9-sur-Vesgre\" \/>\n<meta property=\"og:description\" content=\"Le domaine de La Colonie s\u2019\u00e9tend sur 35 hectares et jouxte la for\u00eat domaniale de Rambouillet. C&rsquo;est un domaine connu pour\u00a0ses rhododendrons centenaires, qui\u00a0fleurissent de mani\u00e8re spectaculaire en juin et dont certains atteignent 10 m\u00e8res de haut. La l\u00e9gende veut que les rhodos plant\u00e9s en 1888 au Champ de Mars\u2026 Suite...\" \/>\n<meta property=\"og:url\" content=\"https:\/\/la-colonie.org\/public\/le-site\/le-domaine\/\" \/>\n<meta property=\"og:site_name\" content=\"La Colonie de Cond\u00e9-sur-Vesgre\" \/>\n<meta property=\"article:modified_time\" content=\"2020-06-13T22:19:39+00:00\" \/>\n<meta property=\"og:image\" content=\"https:\/\/www.la-colonie.org\/public\/wp-content\/medias\/2020\/06\/R\u00e9servoir-plein-2020-scaled.jpg\" \/>\n\t<meta property=\"og:image:width\" content=\"1920\" \/>\n\t<meta property=\"og:image:height\" content=\"2560\" \/>\n\t<meta property=\"og:image:type\" content=\"image\/jpeg\" \/>\n<meta name=\"twitter:card\" content=\"summary_large_image\" \/>\n<meta name=\"twitter:label1\" content=\"Dur\u00e9e de lecture estim\u00e9e\" \/>\n\t<meta name=\"twitter:data1\" content=\"1 minute\" \/>\n<script type=\"application\/ld+json\" class=\"yoast-schema-graph\">{\"@context\":\"https:\/\/schema.org\",\"@graph\":[{\"@type\":\"WebPage\",\"@id\":\"https:\/\/la-colonie.org\/public\/le-site\/le-domaine\/\",\"url\":\"https:\/\/la-colonie.org\/public\/le-site\/le-domaine\/\",\"name\":\"Un domaine de 35 hectares en for\u00eat - La Colonie de Cond\u00e9-sur-Vesgre\",\"isPartOf\":{\"@id\":\"https:\/\/la-colonie.org\/public\/#website\"},\"primaryImageOfPage\":{\"@id\":\"https:\/\/la-colonie.org\/public\/le-site\/le-domaine\/#primaryimage\"},\"image\":{\"@id\":\"https:\/\/la-colonie.org\/public\/le-site\/le-domaine\/#primaryimage\"},\"thumbnailUrl\":\"https:\/\/www.la-colonie.org\/public\/wp-content\/medias\/2020\/06\/R\u00e9servoir-plein-2020-scaled.jpg\",\"datePublished\":\"2017-10-01T17:53:03+00:00\",\"dateModified\":\"2020-06-13T22:19:39+00:00\",\"breadcrumb\":{\"@id\":\"https:\/\/la-colonie.org\/public\/le-site\/le-domaine\/#breadcrumb\"},\"inLanguage\":\"fr-FR\",\"potentialAction\":[{\"@type\":\"ReadAction\",\"target\":[\"https:\/\/la-colonie.org\/public\/le-site\/le-domaine\/\"]}]},{\"@type\":\"ImageObject\",\"inLanguage\":\"fr-FR\",\"@id\":\"https:\/\/la-colonie.org\/public\/le-site\/le-domaine\/#primaryimage\",\"url\":\"https:\/\/www.la-colonie.org\/public\/wp-content\/medias\/2020\/06\/R\u00e9servoir-plein-2020-scaled.jpg\",\"contentUrl\":\"https:\/\/www.la-colonie.org\/public\/wp-content\/medias\/2020\/06\/R\u00e9servoir-plein-2020-scaled.jpg\",\"width\":1920,\"height\":2560},{\"@type\":\"BreadcrumbList\",\"@id\":\"https:\/\/la-colonie.org\/public\/le-site\/le-domaine\/#breadcrumb\",\"itemListElement\":[{\"@type\":\"ListItem\",\"position\":1,\"name\":\"Accueil\",\"item\":\"https:\/\/la-colonie.org\/public\/\"},{\"@type\":\"ListItem\",\"position\":2,\"name\":\"Un site superbe\",\"item\":\"https:\/\/la-colonie.org\/public\/le-site\/\"},{\"@type\":\"ListItem\",\"position\":3,\"name\":\"Un domaine de 35 hectares en for\u00eat\"}]},{\"@type\":\"WebSite\",\"@id\":\"https:\/\/la-colonie.org\/public\/#website\",\"url\":\"https:\/\/la-colonie.org\/public\/\",\"name\":\"La Colonie de Cond\u00e9-sur-Vesgre\",\"description\":\"Un phalanst\u00e8re subsiste pr\u00e8s de Paris !\",\"publisher\":{\"@id\":\"https:\/\/la-colonie.org\/public\/#organization\"},\"potentialAction\":[{\"@type\":\"SearchAction\",\"target\":{\"@type\":\"EntryPoint\",\"urlTemplate\":\"https:\/\/la-colonie.org\/public\/?s={search_term_string}\"},\"query-input\":{\"@type\":\"PropertyValueSpecification\",\"valueRequired\":true,\"valueName\":\"search_term_string\"}}],\"inLanguage\":\"fr-FR\"},{\"@type\":\"Organization\",\"@id\":\"https:\/\/la-colonie.org\/public\/#organization\",\"name\":\"La Colonie de Cond\u00e9-sur-Vesgre\",\"url\":\"https:\/\/la-colonie.org\/public\/\",\"logo\":{\"@type\":\"ImageObject\",\"inLanguage\":\"fr-FR\",\"@id\":\"https:\/\/la-colonie.org\/public\/#\/schema\/logo\/image\/\",\"url\":\"https:\/\/www.la-colonie.org\/public\/wp-content\/medias\/2018\/02\/Colonie_petit_logo.jpg\",\"contentUrl\":\"https:\/\/www.la-colonie.org\/public\/wp-content\/medias\/2018\/02\/Colonie_petit_logo.jpg\",\"width\":120,\"height\":120,\"caption\":\"La Colonie de Cond\u00e9-sur-Vesgre\"},\"image\":{\"@id\":\"https:\/\/la-colonie.org\/public\/#\/schema\/logo\/image\/\"}}]}<\/script>\n<!-- \/ Yoast SEO plugin. -->","yoast_head_json":{"title":"Un domaine de 35 hectares en for\u00eat - La Colonie de Cond\u00e9-sur-Vesgre","robots":{"index":"index","follow":"follow","max-snippet":"max-snippet:-1","max-image-preview":"max-image-preview:large","max-video-preview":"max-video-preview:-1"},"canonical":"https:\/\/la-colonie.org\/public\/le-site\/le-domaine\/","og_locale":"fr_FR","og_type":"article","og_title":"Un domaine de 35 hectares en for\u00eat - La Colonie de Cond\u00e9-sur-Vesgre","og_description":"Le domaine de La Colonie s\u2019\u00e9tend sur 35 hectares et jouxte la for\u00eat domaniale de Rambouillet. C&rsquo;est un domaine connu pour\u00a0ses rhododendrons centenaires, qui\u00a0fleurissent de mani\u00e8re spectaculaire en juin et dont certains atteignent 10 m\u00e8res de haut. La l\u00e9gende veut que les rhodos plant\u00e9s en 1888 au Champ de Mars\u2026 Suite...","og_url":"https:\/\/la-colonie.org\/public\/le-site\/le-domaine\/","og_site_name":"La Colonie de Cond\u00e9-sur-Vesgre","article_modified_time":"2020-06-13T22:19:39+00:00","og_image":[{"width":1920,"height":2560,"url":"https:\/\/www.la-colonie.org\/public\/wp-content\/medias\/2020\/06\/R\u00e9servoir-plein-2020-scaled.jpg","type":"image\/jpeg"}],"twitter_card":"summary_large_image","twitter_misc":{"Dur\u00e9e de lecture estim\u00e9e":"1 minute"},"schema":{"@context":"https:\/\/schema.org","@graph":[{"@type":"WebPage","@id":"https:\/\/la-colonie.org\/public\/le-site\/le-domaine\/","url":"https:\/\/la-colonie.org\/public\/le-site\/le-domaine\/","name":"Un domaine de 35 hectares en for\u00eat - La Colonie de Cond\u00e9-sur-Vesgre","isPartOf":{"@id":"https:\/\/la-colonie.org\/public\/#website"},"primaryImageOfPage":{"@id":"https:\/\/la-colonie.org\/public\/le-site\/le-domaine\/#primaryimage"},"image":{"@id":"https:\/\/la-colonie.org\/public\/le-site\/le-domaine\/#primaryimage"},"thumbnailUrl":"https:\/\/www.la-colonie.org\/public\/wp-content\/medias\/2020\/06\/R\u00e9servoir-plein-2020-scaled.jpg","datePublished":"2017-10-01T17:53:03+00:00","dateModified":"2020-06-13T22:19:39+00:00","breadcrumb":{"@id":"https:\/\/la-colonie.org\/public\/le-site\/le-domaine\/#breadcrumb"},"inLanguage":"fr-FR","potentialAction":[{"@type":"ReadAction","target":["https:\/\/la-colonie.org\/public\/le-site\/le-domaine\/"]}]},{"@type":"ImageObject","inLanguage":"fr-FR","@id":"https:\/\/la-colonie.org\/public\/le-site\/le-domaine\/#primaryimage","url":"https:\/\/www.la-colonie.org\/public\/wp-content\/medias\/2020\/06\/R\u00e9servoir-plein-2020-scaled.jpg","contentUrl":"https:\/\/www.la-colonie.org\/public\/wp-content\/medias\/2020\/06\/R\u00e9servoir-plein-2020-scaled.jpg","width":1920,"height":2560},{"@type":"BreadcrumbList","@id":"https:\/\/la-colonie.org\/public\/le-site\/le-domaine\/#breadcrumb","itemListElement":[{"@type":"ListItem","position":1,"name":"Accueil","item":"https:\/\/la-colonie.org\/public\/"},{"@type":"ListItem","position":2,"name":"Un site superbe","item":"https:\/\/la-colonie.org\/public\/le-site\/"},{"@type":"ListItem","position":3,"name":"Un domaine de 35 hectares en for\u00eat"}]},{"@type":"WebSite","@id":"https:\/\/la-colonie.org\/public\/#website","url":"https:\/\/la-colonie.org\/public\/","name":"La Colonie de Cond\u00e9-sur-Vesgre","description":"Un phalanst\u00e8re subsiste pr\u00e8s de Paris !","publisher":{"@id":"https:\/\/la-colonie.org\/public\/#organization"},"potentialAction":[{"@type":"SearchAction","target":{"@type":"EntryPoint","urlTemplate":"https:\/\/la-colonie.org\/public\/?s={search_term_string}"},"query-input":{"@type":"PropertyValueSpecification","valueRequired":true,"valueName":"search_term_string"}}],"inLanguage":"fr-FR"},{"@type":"Organization","@id":"https:\/\/la-colonie.org\/public\/#organization","name":"La Colonie de Cond\u00e9-sur-Vesgre","url":"https:\/\/la-colonie.org\/public\/","logo":{"@type":"ImageObject","inLanguage":"fr-FR","@id":"https:\/\/la-colonie.org\/public\/#\/schema\/logo\/image\/","url":"https:\/\/www.la-colonie.org\/public\/wp-content\/medias\/2018\/02\/Colonie_petit_logo.jpg","contentUrl":"https:\/\/www.la-colonie.org\/public\/wp-content\/medias\/2018\/02\/Colonie_petit_logo.jpg","width":120,"height":120,"caption":"La Colonie de Cond\u00e9-sur-Vesgre"},"image":{"@id":"https:\/\/la-colonie.org\/public\/#\/schema\/logo\/image\/"}}]}},"coauthors":[],"author_meta":{"author_link":"https:\/\/la-colonie.org\/public\/article\/author\/admin\/","display_name":"admin"},"relative_dates":{"created":"Publi\u00e9 9 ans il y a","modified":"Mis \u00e0 jour 6 ans il y a"},"absolute_dates":{"created":"Publi\u00e9 le 1 octobre 2017","modified":"Mise \u00e0 jour le 14 juin 2020"},"absolute_dates_time":{"created":"Publi\u00e9 le 1 octobre 2017 19:53","modified":"Mise \u00e0 jour le 14 juin 2020 0:19"},"featured_img_caption":"","featured_img":"https:\/\/www.la-colonie.org\/public\/wp-content\/medias\/2020\/06\/R\u00e9servoir-plein-2020-113x150.jpg","series_order":"","_links":{"self":[{"href":"https:\/\/la-colonie.org\/public\/wp-json\/wp\/v2\/pages\/410","targetHints":{"allow":["GET"]}}],"collection":[{"href":"https:\/\/la-colonie.org\/public\/wp-json\/wp\/v2\/pages"}],"about":[{"href":"https:\/\/la-colonie.org\/public\/wp-json\/wp\/v2\/types\/page"}],"author":[{"embeddable":true,"href":"https:\/\/la-colonie.org\/public\/wp-json\/wp\/v2\/users\/1"}],"replies":[{"embeddable":true,"href":"https:\/\/la-colonie.org\/public\/wp-json\/wp\/v2\/comments?post=410"}],"version-history":[{"count":14,"href":"https:\/\/la-colonie.org\/public\/wp-json\/wp\/v2\/pages\/410\/revisions"}],"predecessor-version":[{"id":2533,"href":"https:\/\/la-colonie.org\/public\/wp-json\/wp\/v2\/pages\/410\/revisions\/2533"}],"up":[{"embeddable":true,"href":"https:\/\/la-colonie.org\/public\/wp-json\/wp\/v2\/pages\/402"}],"wp:featuredmedia":[{"embeddable":true,"href":"https:\/\/la-colonie.org\/public\/wp-json\/wp\/v2\/media\/2517"}],"wp:attachment":[{"href":"https:\/\/la-colonie.org\/public\/wp-json\/wp\/v2\/media?parent=410"}],"curies":[{"name":"wp","href":"https:\/\/api.w.org\/{rel}","templated":true}]}}