{"id":402,"date":"2017-10-01T19:51:20","date_gmt":"2017-10-01T17:51:20","guid":{"rendered":"http:\/\/la-colonie.org\/public\/?page_id=402"},"modified":"2024-07-22T23:00:26","modified_gmt":"2024-07-22T21:00:26","slug":"le-site","status":"publish","type":"page","link":"https:\/\/la-colonie.org\/public\/le-site\/","title":{"rendered":"Un site superbe"},"content":{"rendered":"<p>Situ\u00e9e en bordure du massif forestier de Rambouillet, la Colonie compte plusieurs b\u00e2timents centenaires. Ils sont dispers\u00e9s dans un domaine forestier de 35 hectares, avec bois et \u00e9tangs, pelouses, potager et tennis. La nature y est riche en couleurs et la faune pr\u00e9sente tout au long des saisons.<\/p>\n<div class=\"pt-cv-wrapper\"><div class=\"pt-cv-view pt-cv-grid pt-cv-colsys pt-cv-same-height pt-cv-sharp-buttons\" id=\"pt-cv-view-7d5982cvtf\"><div data-id=\"pt-cv-page-1\" class=\"pt-cv-page\" data-cvc=\"3\" data-cvct=\"2\" data-cvcm=\"1\"><div class=\"col-md-4 col-sm-6 col-xs-12 pt-cv-content-item pt-cv-1-col\"  data-pid=\"410\"><div class='pt-cv-ifield'><a href=\"https:\/\/la-colonie.org\/public\/le-site\/le-domaine\/\" class=\"_self pt-cv-href-thumbnail pt-cv-thumb-default cvplbd cvp-responsive-image img-none\" target=\"_self\" data-iw=\"300\" data-ih=\"300\"><img loading=\"lazy\" decoding=\"async\" width=\"225\" height=\"300\" src=\"https:\/\/www.la-colonie.org\/public\/wp-content\/medias\/2020\/06\/R\u00e9servoir-plein-2020-225x300.jpg\" class=\"pt-cv-thumbnail img-none\" alt=\"Un domaine de 35 hectares en for\u00eat\" \/><\/a>\n<h4 class=\"pt-cv-title\"><a href=\"https:\/\/la-colonie.org\/public\/le-site\/le-domaine\/\" class=\"_self cvplbd\" target=\"_self\" data-iw=\"300\" data-ih=\"300\">Un domaine de 35 hectares en for\u00eat<\/a><\/h4>\n<div class=\"pt-cv-content\">Le domaine de La Colonie s\u2019\u00e9tend sur 35 hectares et jouxte la for\u00eat domaniale de Rambouillet. C'est un domaine connu ...<\/div><\/div><\/div>\n<div class=\"col-md-4 col-sm-6 col-xs-12 pt-cv-content-item pt-cv-1-col\"  data-pid=\"407\"><div class='pt-cv-ifield'><a href=\"https:\/\/la-colonie.org\/public\/le-site\/les-batiments\/\" class=\"_self pt-cv-href-thumbnail pt-cv-thumb-default cvplbd cvp-responsive-image img-none\" target=\"_self\" data-iw=\"300\" data-ih=\"300\"><img loading=\"lazy\" decoding=\"async\" width=\"300\" height=\"212\" src=\"https:\/\/www.la-colonie.org\/public\/wp-content\/medias\/2017\/10\/kiosque-1980-300x212.jpg\" class=\"pt-cv-thumbnail img-none\" alt=\"Des b\u00e2timents pleins de charme\" \/><\/a>\n<h4 class=\"pt-cv-title\"><a href=\"https:\/\/la-colonie.org\/public\/le-site\/les-batiments\/\" class=\"_self cvplbd\" target=\"_self\" data-iw=\"300\" data-ih=\"300\">Des b\u00e2timents pleins de charme<\/a><\/h4>\n<div class=\"pt-cv-content\">La Colonie compte plusieurs b\u00e2timents, de taille vari\u00e9e, construits entre 1848 et 1868. . La grande maison, longue de 40 ...<\/div><\/div><\/div>\n<div class=\"col-md-4 col-sm-6 col-xs-12 pt-cv-content-item pt-cv-1-col\"  data-pid=\"405\"><div class='pt-cv-ifield'><a href=\"https:\/\/la-colonie.org\/public\/le-site\/situation-geographique\/\" class=\"_self pt-cv-href-thumbnail pt-cv-thumb-default cvplbd cvp-responsive-image img-none\" target=\"_self\" data-iw=\"300\" data-ih=\"300\"><img decoding=\"async\" width=\"300\" src=\"https:\/\/www.la-colonie.org\/public\/wp-content\/medias\/2017\/10\/emplacement-la-Colonie.png\" class=\"pt-cv-thumbnail img-none cvp-substitute\" alt=\"Une implantation \u00e0 une heure de Paris\" style=\"width: 300px;\" \/><\/a>\n<h4 class=\"pt-cv-title\"><a href=\"https:\/\/la-colonie.org\/public\/le-site\/situation-geographique\/\" class=\"_self cvplbd\" target=\"_self\" data-iw=\"300\" data-ih=\"300\">Une implantation \u00e0 une heure de Paris<\/a><\/h4>\n<div class=\"pt-cv-content\">La Colonie se trouve entre les communes de Saint-L\u00e9ger en Yvelines et de Cond\u00e9-sur-Vesgre, dans les Yvelines, en bordure du ...<\/div><\/div><\/div><\/div><\/div><\/div>\t\t\t<style type=\"text\/css\" id=\"pt-cv-inline-style-423ff848ma\">#pt-cv-view-7d5982cvtf.pt-cv-post-border { margin: 0; border-top-style: solid; border-left-style: solid }\n#pt-cv-view-7d5982cvtf.pt-cv-post-border .pt-cv-content-item   { border-right-style: solid; border-bottom-style: solid; }\n#pt-cv-view-7d5982cvtf .pt-cv-title a, #pt-cv-view-7d5982cvtf  .panel-title { font-weight: 600 !important; }\n#pt-cv-view-7d5982cvtf  .pt-cv-hover-wrapper::before   { background-color: rgba(51,51,51,.6) !important; }\n#pt-cv-view-7d5982cvtf:not(.pt-cv-nohover) .pt-cv-mask *   { color: #fff; }\n#pt-cv-view-7d5982cvtf .pt-cv-carousel-caption  { background-color: rgba(51,51,51,.6) !important; }\n#pt-cv-view-7d5982cvtf .pt-cv-specialp { background-color: #CC3333 !important }\n#pt-cv-view-7d5982cvtf .pt-cv-specialp * { color: #fff !important; }\n#pt-cv-view-7d5982cvtf .pt-cv-pficon  { color: #bbb !important; }\n#pt-cv-view-7d5982cvtf  .add_to_cart_button, #pt-cv-view-7d5982cvtf  .add_to_cart_button *   { color: #ffffff !important; background-color: #00aeef !important; }\n#pt-cv-view-7d5982cvtf  .woocommerce-onsale   { color: #ffffff !important; background-color: #ff5a5f !important; }\n#pt-cv-view-7d5982cvtf .pt-cv-readmore  { color: #ffffff !important; background-color: #00aeef !important; }\n#pt-cv-view-7d5982cvtf .pt-cv-readmore:hover  { color: #ffffff !important; background-color: #00aeef !important; }\n#pt-cv-view-7d5982cvtf  + .pt-cv-pagination-wrapper .pt-cv-more , #pt-cv-view-7d5982cvtf  + .pt-cv-pagination-wrapper .pagination .active a { color: #ffffff !important; background-color: #00aeef !important; }\n[id^='pt-cv-filter-bar-7d5982cvtf'] .active.pt-cv-filter-option, [id^='pt-cv-filter-bar-7d5982cvtf'] .active .pt-cv-filter-option, [id^='pt-cv-filter-bar-7d5982cvtf'] .selected.pt-cv-filter-option, [id^='pt-cv-filter-bar-7d5982cvtf'] .dropdown-toggle   { color: #fff !important; background-color: #00aeef !important; }\n[id^='pt-cv-filter-bar-7d5982cvtf'] .pt-cv-filter-title   { color: #fff !important; background-color: #00aeef !important; }\n#pt-cv-gls-7d5982cvtf li a   { font-weight: 600 !important; }\n#pt-cv-gls-7d5982cvtf li a.pt-active   { color: #fff !important; background-color: #ff5a5f !important; }\n#pt-cv-view-7d5982cvtf .pt-cv-gls-header  { background-color: #00aeef !important; }\n#pt-cv-view-7d5982cvtf .cvp-responsive-image[style*=\"background-image\"] { width: 300px; height: 300px; }<\/style>\r\n\t\t\t\n","protected":false},"excerpt":{"rendered":"<p>Situ\u00e9e en bordure du massif forestier de Rambouillet, la Colonie compte plusieurs b\u00e2timents centenaires. Ils sont dispers\u00e9s dans un domaine forestier de 35 hectares, avec bois et \u00e9tangs, pelouses, potager et tennis. La nature y est riche en couleurs et la faune pr\u00e9sente tout au long des saisons.<\/p>\n<p class=\"continue-reading-button\"> <a class=\"continue-reading-link\" href=\"https:\/\/la-colonie.org\/public\/le-site\/\">Suite&#8230;<i class=\"crycon-right-dir\"><\/i><\/a><\/p>\n","protected":false},"author":1,"featured_media":2513,"parent":0,"menu_order":0,"comment_status":"closed","ping_status":"closed","template":"","meta":{"advgb_blocks_editor_width":"","advgb_blocks_columns_visual_guide":"","_exactmetrics_skip_tracking":false,"_exactmetrics_sitenote_active":false,"_exactmetrics_sitenote_note":"","_exactmetrics_sitenote_category":0,"footnotes":""},"class_list":["post-402","page","type-page","status-publish","has-post-thumbnail","hentry"],"yoast_head":"<!-- This site is optimized with the Yoast SEO plugin v26.1.1 - https:\/\/yoast.com\/wordpress\/plugins\/seo\/ -->\n<title>Un site superbe - La Colonie de Cond\u00e9-sur-Vesgre<\/title>\n<meta name=\"robots\" content=\"index, follow, max-snippet:-1, max-image-preview:large, max-video-preview:-1\" \/>\n<link rel=\"canonical\" href=\"https:\/\/la-colonie.org\/public\/le-site\/\" \/>\n<meta property=\"og:locale\" content=\"fr_FR\" \/>\n<meta property=\"og:type\" content=\"article\" \/>\n<meta property=\"og:title\" content=\"Un site superbe - La Colonie de Cond\u00e9-sur-Vesgre\" \/>\n<meta property=\"og:description\" content=\"Situ\u00e9e en bordure du massif forestier de Rambouillet, la Colonie compte plusieurs b\u00e2timents centenaires. Ils sont dispers\u00e9s dans un domaine forestier de 35 hectares, avec bois et \u00e9tangs, pelouses, potager et tennis. La nature y est riche en couleurs et la faune pr\u00e9sente tout au long des saisons. Suite...\" \/>\n<meta property=\"og:url\" content=\"https:\/\/la-colonie.org\/public\/le-site\/\" \/>\n<meta property=\"og:site_name\" content=\"La Colonie de Cond\u00e9-sur-Vesgre\" \/>\n<meta property=\"article:modified_time\" content=\"2024-07-22T21:00:26+00:00\" \/>\n<meta property=\"og:image\" content=\"https:\/\/www.la-colonie.org\/public\/wp-content\/medias\/2020\/06\/Rhodo-pelouse-soir-mai-2020-scaled.jpg\" \/>\n\t<meta property=\"og:image:width\" content=\"1920\" \/>\n\t<meta property=\"og:image:height\" content=\"2560\" \/>\n\t<meta property=\"og:image:type\" content=\"image\/jpeg\" \/>\n<meta name=\"twitter:card\" content=\"summary_large_image\" \/>\n<script type=\"application\/ld+json\" class=\"yoast-schema-graph\">{\"@context\":\"https:\/\/schema.org\",\"@graph\":[{\"@type\":\"WebPage\",\"@id\":\"https:\/\/la-colonie.org\/public\/le-site\/\",\"url\":\"https:\/\/la-colonie.org\/public\/le-site\/\",\"name\":\"Un site superbe - La Colonie de Cond\u00e9-sur-Vesgre\",\"isPartOf\":{\"@id\":\"https:\/\/la-colonie.org\/public\/#website\"},\"primaryImageOfPage\":{\"@id\":\"https:\/\/la-colonie.org\/public\/le-site\/#primaryimage\"},\"image\":{\"@id\":\"https:\/\/la-colonie.org\/public\/le-site\/#primaryimage\"},\"thumbnailUrl\":\"https:\/\/www.la-colonie.org\/public\/wp-content\/medias\/2020\/06\/Rhodo-pelouse-soir-mai-2020-scaled.jpg\",\"datePublished\":\"2017-10-01T17:51:20+00:00\",\"dateModified\":\"2024-07-22T21:00:26+00:00\",\"breadcrumb\":{\"@id\":\"https:\/\/la-colonie.org\/public\/le-site\/#breadcrumb\"},\"inLanguage\":\"fr-FR\",\"potentialAction\":[{\"@type\":\"ReadAction\",\"target\":[\"https:\/\/la-colonie.org\/public\/le-site\/\"]}]},{\"@type\":\"ImageObject\",\"inLanguage\":\"fr-FR\",\"@id\":\"https:\/\/la-colonie.org\/public\/le-site\/#primaryimage\",\"url\":\"https:\/\/www.la-colonie.org\/public\/wp-content\/medias\/2020\/06\/Rhodo-pelouse-soir-mai-2020-scaled.jpg\",\"contentUrl\":\"https:\/\/www.la-colonie.org\/public\/wp-content\/medias\/2020\/06\/Rhodo-pelouse-soir-mai-2020-scaled.jpg\",\"width\":1920,\"height\":2560},{\"@type\":\"BreadcrumbList\",\"@id\":\"https:\/\/la-colonie.org\/public\/le-site\/#breadcrumb\",\"itemListElement\":[{\"@type\":\"ListItem\",\"position\":1,\"name\":\"Accueil\",\"item\":\"https:\/\/la-colonie.org\/public\/\"},{\"@type\":\"ListItem\",\"position\":2,\"name\":\"Un site superbe\"}]},{\"@type\":\"WebSite\",\"@id\":\"https:\/\/la-colonie.org\/public\/#website\",\"url\":\"https:\/\/la-colonie.org\/public\/\",\"name\":\"La Colonie de Cond\u00e9-sur-Vesgre\",\"description\":\"Un phalanst\u00e8re subsiste pr\u00e8s de Paris !\",\"publisher\":{\"@id\":\"https:\/\/la-colonie.org\/public\/#organization\"},\"potentialAction\":[{\"@type\":\"SearchAction\",\"target\":{\"@type\":\"EntryPoint\",\"urlTemplate\":\"https:\/\/la-colonie.org\/public\/?s={search_term_string}\"},\"query-input\":{\"@type\":\"PropertyValueSpecification\",\"valueRequired\":true,\"valueName\":\"search_term_string\"}}],\"inLanguage\":\"fr-FR\"},{\"@type\":\"Organization\",\"@id\":\"https:\/\/la-colonie.org\/public\/#organization\",\"name\":\"La Colonie de Cond\u00e9-sur-Vesgre\",\"url\":\"https:\/\/la-colonie.org\/public\/\",\"logo\":{\"@type\":\"ImageObject\",\"inLanguage\":\"fr-FR\",\"@id\":\"https:\/\/la-colonie.org\/public\/#\/schema\/logo\/image\/\",\"url\":\"https:\/\/www.la-colonie.org\/public\/wp-content\/medias\/2018\/02\/Colonie_petit_logo.jpg\",\"contentUrl\":\"https:\/\/www.la-colonie.org\/public\/wp-content\/medias\/2018\/02\/Colonie_petit_logo.jpg\",\"width\":120,\"height\":120,\"caption\":\"La Colonie de Cond\u00e9-sur-Vesgre\"},\"image\":{\"@id\":\"https:\/\/la-colonie.org\/public\/#\/schema\/logo\/image\/\"}}]}<\/script>\n<!-- \/ Yoast SEO plugin. -->","yoast_head_json":{"title":"Un site superbe - La Colonie de Cond\u00e9-sur-Vesgre","robots":{"index":"index","follow":"follow","max-snippet":"max-snippet:-1","max-image-preview":"max-image-preview:large","max-video-preview":"max-video-preview:-1"},"canonical":"https:\/\/la-colonie.org\/public\/le-site\/","og_locale":"fr_FR","og_type":"article","og_title":"Un site superbe - La Colonie de Cond\u00e9-sur-Vesgre","og_description":"Situ\u00e9e en bordure du massif forestier de Rambouillet, la Colonie compte plusieurs b\u00e2timents centenaires. Ils sont dispers\u00e9s dans un domaine forestier de 35 hectares, avec bois et \u00e9tangs, pelouses, potager et tennis. La nature y est riche en couleurs et la faune pr\u00e9sente tout au long des saisons. Suite...","og_url":"https:\/\/la-colonie.org\/public\/le-site\/","og_site_name":"La Colonie de Cond\u00e9-sur-Vesgre","article_modified_time":"2024-07-22T21:00:26+00:00","og_image":[{"width":1920,"height":2560,"url":"https:\/\/www.la-colonie.org\/public\/wp-content\/medias\/2020\/06\/Rhodo-pelouse-soir-mai-2020-scaled.jpg","type":"image\/jpeg"}],"twitter_card":"summary_large_image","schema":{"@context":"https:\/\/schema.org","@graph":[{"@type":"WebPage","@id":"https:\/\/la-colonie.org\/public\/le-site\/","url":"https:\/\/la-colonie.org\/public\/le-site\/","name":"Un site superbe - La Colonie de Cond\u00e9-sur-Vesgre","isPartOf":{"@id":"https:\/\/la-colonie.org\/public\/#website"},"primaryImageOfPage":{"@id":"https:\/\/la-colonie.org\/public\/le-site\/#primaryimage"},"image":{"@id":"https:\/\/la-colonie.org\/public\/le-site\/#primaryimage"},"thumbnailUrl":"https:\/\/www.la-colonie.org\/public\/wp-content\/medias\/2020\/06\/Rhodo-pelouse-soir-mai-2020-scaled.jpg","datePublished":"2017-10-01T17:51:20+00:00","dateModified":"2024-07-22T21:00:26+00:00","breadcrumb":{"@id":"https:\/\/la-colonie.org\/public\/le-site\/#breadcrumb"},"inLanguage":"fr-FR","potentialAction":[{"@type":"ReadAction","target":["https:\/\/la-colonie.org\/public\/le-site\/"]}]},{"@type":"ImageObject","inLanguage":"fr-FR","@id":"https:\/\/la-colonie.org\/public\/le-site\/#primaryimage","url":"https:\/\/www.la-colonie.org\/public\/wp-content\/medias\/2020\/06\/Rhodo-pelouse-soir-mai-2020-scaled.jpg","contentUrl":"https:\/\/www.la-colonie.org\/public\/wp-content\/medias\/2020\/06\/Rhodo-pelouse-soir-mai-2020-scaled.jpg","width":1920,"height":2560},{"@type":"BreadcrumbList","@id":"https:\/\/la-colonie.org\/public\/le-site\/#breadcrumb","itemListElement":[{"@type":"ListItem","position":1,"name":"Accueil","item":"https:\/\/la-colonie.org\/public\/"},{"@type":"ListItem","position":2,"name":"Un site superbe"}]},{"@type":"WebSite","@id":"https:\/\/la-colonie.org\/public\/#website","url":"https:\/\/la-colonie.org\/public\/","name":"La Colonie de Cond\u00e9-sur-Vesgre","description":"Un phalanst\u00e8re subsiste pr\u00e8s de Paris !","publisher":{"@id":"https:\/\/la-colonie.org\/public\/#organization"},"potentialAction":[{"@type":"SearchAction","target":{"@type":"EntryPoint","urlTemplate":"https:\/\/la-colonie.org\/public\/?s={search_term_string}"},"query-input":{"@type":"PropertyValueSpecification","valueRequired":true,"valueName":"search_term_string"}}],"inLanguage":"fr-FR"},{"@type":"Organization","@id":"https:\/\/la-colonie.org\/public\/#organization","name":"La Colonie de Cond\u00e9-sur-Vesgre","url":"https:\/\/la-colonie.org\/public\/","logo":{"@type":"ImageObject","inLanguage":"fr-FR","@id":"https:\/\/la-colonie.org\/public\/#\/schema\/logo\/image\/","url":"https:\/\/www.la-colonie.org\/public\/wp-content\/medias\/2018\/02\/Colonie_petit_logo.jpg","contentUrl":"https:\/\/www.la-colonie.org\/public\/wp-content\/medias\/2018\/02\/Colonie_petit_logo.jpg","width":120,"height":120,"caption":"La Colonie de Cond\u00e9-sur-Vesgre"},"image":{"@id":"https:\/\/la-colonie.org\/public\/#\/schema\/logo\/image\/"}}]}},"coauthors":[],"author_meta":{"author_link":"https:\/\/la-colonie.org\/public\/article\/author\/admin\/","display_name":"admin"},"relative_dates":{"created":"Publi\u00e9 9 ans il y a","modified":"Mis \u00e0 jour 2 ans il y a"},"absolute_dates":{"created":"Publi\u00e9 le 1 octobre 2017","modified":"Mise \u00e0 jour le 22 juillet 2024"},"absolute_dates_time":{"created":"Publi\u00e9 le 1 octobre 2017 19:51","modified":"Mise \u00e0 jour le 22 juillet 2024 23:00"},"featured_img_caption":"","featured_img":"https:\/\/www.la-colonie.org\/public\/wp-content\/medias\/2020\/06\/Rhodo-pelouse-soir-mai-2020-113x150.jpg","series_order":"","_links":{"self":[{"href":"https:\/\/la-colonie.org\/public\/wp-json\/wp\/v2\/pages\/402","targetHints":{"allow":["GET"]}}],"collection":[{"href":"https:\/\/la-colonie.org\/public\/wp-json\/wp\/v2\/pages"}],"about":[{"href":"https:\/\/la-colonie.org\/public\/wp-json\/wp\/v2\/types\/page"}],"author":[{"embeddable":true,"href":"https:\/\/la-colonie.org\/public\/wp-json\/wp\/v2\/users\/1"}],"replies":[{"embeddable":true,"href":"https:\/\/la-colonie.org\/public\/wp-json\/wp\/v2\/comments?post=402"}],"version-history":[{"count":6,"href":"https:\/\/la-colonie.org\/public\/wp-json\/wp\/v2\/pages\/402\/revisions"}],"predecessor-version":[{"id":2857,"href":"https:\/\/la-colonie.org\/public\/wp-json\/wp\/v2\/pages\/402\/revisions\/2857"}],"wp:featuredmedia":[{"embeddable":true,"href":"https:\/\/la-colonie.org\/public\/wp-json\/wp\/v2\/media\/2513"}],"wp:attachment":[{"href":"https:\/\/la-colonie.org\/public\/wp-json\/wp\/v2\/media?parent=402"}],"curies":[{"name":"wp","href":"https:\/\/api.w.org\/{rel}","templated":true}]}}