{"id":39,"date":"2008-11-23T00:58:01","date_gmt":"2008-11-22T22:58:01","guid":{"rendered":"http:\/\/la-colonie.org\/public\/?page_id=39"},"modified":"2022-02-06T15:07:09","modified_gmt":"2022-02-06T13:07:09","slug":"nous-contacter","status":"publish","type":"page","link":"https:\/\/la-colonie.org\/public\/nous-contacter\/","title":{"rendered":"Nous contacter"},"content":{"rendered":"\n<div class=\"wp-block-columns is-layout-flex wp-container-core-columns-is-layout-9d6595d7 wp-block-columns-is-layout-flex\">\n<div class=\"wp-block-column is-layout-flow wp-block-column-is-layout-flow\" style=\"flex-basis:66.66%\">\n<div class=\"texte\">\n<p>Vous pouvez nous \u00e9crire sur l&rsquo;alias\u00a0:\u00a0<a href=\"mailto:contact@la-colonie.org\">contact@la-colonie.org<\/a><br \/>Il vous sera r\u00e9pondu sous 48 heures<\/p>\n<p>Renseignements g\u00e9n\u00e9raux : 06 62 71 90 35<\/p>\n<p>Adresse : Route de la Chesnaye, 78113 Cond\u00e9\/Vesgre<br \/>Cf <a href=\"https:\/\/la-colonie.org\/public\/nous-contacter\/plan-dacces\/\">plan d&rsquo;acc\u00e8s<\/a>.<\/p>\n<div class=\"su-note\"  style=\"border-color:#e5b24c;border-radius:3px;-moz-border-radius:3px;-webkit-border-radius:3px;\"><div class=\"su-note-inner su-u-clearfix su-u-trim\" style=\"background-color:#ffcc66;border-color:#ffffff;color:#333333;border-radius:3px;-moz-border-radius:3px;-webkit-border-radius:3px;\">La Colonie \u00e9tant une priorit\u00e9 priv\u00e9e, il est n\u00e9cessaire d\u2019y \u00eatre convi\u00e9 par un des membres pour y p\u00e9n\u00e9trer.<\/div><\/div>\n<\/div>\n<\/div>\n\n\n\n<div class=\"wp-block-column is-layout-flow wp-block-column-is-layout-flow\" style=\"flex-basis:33.33%\">\n<figure class=\"wp-block-image size-large\"><img loading=\"lazy\" decoding=\"async\" width=\"600\" height=\"600\" src=\"https:\/\/www.la-colonie.org\/public\/wp-content\/medias\/2017\/10\/logo_rhodo_carr\u00e9.jpg\" alt=\"\" class=\"wp-image-1003\" srcset=\"https:\/\/www.la-colonie.org\/public\/wp-content\/medias\/2017\/10\/logo_rhodo_carr\u00e9.jpg 600w, https:\/\/www.la-colonie.org\/public\/wp-content\/medias\/2017\/10\/logo_rhodo_carr\u00e9-150x150.jpg 150w, https:\/\/www.la-colonie.org\/public\/wp-content\/medias\/2017\/10\/logo_rhodo_carr\u00e9-300x300.jpg 300w\" sizes=\"auto, (max-width: 600px) 100vw, 600px\" \/><\/figure>\n<\/div>\n<\/div>\n","protected":false},"excerpt":{"rendered":"<p>Vous pouvez nous \u00e9crire sur l&rsquo;alias\u00a0:\u00a0contact@la-colonie.orgIl vous sera r\u00e9pondu sous 48 heures Renseignements g\u00e9n\u00e9raux : 06 62 71 90 35 Adresse : Route de la Chesnaye, 78113 Cond\u00e9\/VesgreCf plan d&rsquo;acc\u00e8s.<\/p>\n<p class=\"continue-reading-button\"> <a class=\"continue-reading-link\" href=\"https:\/\/la-colonie.org\/public\/nous-contacter\/\">Suite&#8230;<i class=\"crycon-right-dir\"><\/i><\/a><\/p>\n","protected":false},"author":1,"featured_media":0,"parent":0,"menu_order":0,"comment_status":"closed","ping_status":"open","template":"","meta":{"advgb_blocks_editor_width":"","advgb_blocks_columns_visual_guide":"","_exactmetrics_skip_tracking":false,"_exactmetrics_sitenote_active":false,"_exactmetrics_sitenote_note":"","_exactmetrics_sitenote_category":0,"footnotes":""},"class_list":["post-39","page","type-page","status-publish","hentry"],"yoast_head":"<!-- This site is optimized with the Yoast SEO plugin v26.1.1 - https:\/\/yoast.com\/wordpress\/plugins\/seo\/ -->\n<title>Nous contacter - La Colonie de Cond\u00e9-sur-Vesgre<\/title>\n<meta name=\"robots\" content=\"index, follow, max-snippet:-1, max-image-preview:large, max-video-preview:-1\" \/>\n<link rel=\"canonical\" href=\"https:\/\/la-colonie.org\/public\/nous-contacter\/\" \/>\n<meta property=\"og:locale\" content=\"fr_FR\" \/>\n<meta property=\"og:type\" content=\"article\" \/>\n<meta property=\"og:title\" content=\"Nous contacter - La Colonie de Cond\u00e9-sur-Vesgre\" \/>\n<meta property=\"og:description\" content=\"Vous pouvez nous \u00e9crire sur l&rsquo;alias\u00a0:\u00a0contact@la-colonie.orgIl vous sera r\u00e9pondu sous 48 heures Renseignements g\u00e9n\u00e9raux : 06 62 71 90 35 Adresse : Route de la Chesnaye, 78113 Cond\u00e9\/VesgreCf plan d&rsquo;acc\u00e8s. Suite...\" \/>\n<meta property=\"og:url\" content=\"https:\/\/la-colonie.org\/public\/nous-contacter\/\" \/>\n<meta property=\"og:site_name\" content=\"La Colonie de Cond\u00e9-sur-Vesgre\" \/>\n<meta property=\"article:modified_time\" content=\"2022-02-06T13:07:09+00:00\" \/>\n<meta name=\"twitter:card\" content=\"summary_large_image\" \/>\n<script type=\"application\/ld+json\" class=\"yoast-schema-graph\">{\"@context\":\"https:\/\/schema.org\",\"@graph\":[{\"@type\":\"WebPage\",\"@id\":\"https:\/\/la-colonie.org\/public\/nous-contacter\/\",\"url\":\"https:\/\/la-colonie.org\/public\/nous-contacter\/\",\"name\":\"Nous contacter - La Colonie de Cond\u00e9-sur-Vesgre\",\"isPartOf\":{\"@id\":\"https:\/\/la-colonie.org\/public\/#website\"},\"datePublished\":\"2008-11-22T22:58:01+00:00\",\"dateModified\":\"2022-02-06T13:07:09+00:00\",\"breadcrumb\":{\"@id\":\"https:\/\/la-colonie.org\/public\/nous-contacter\/#breadcrumb\"},\"inLanguage\":\"fr-FR\",\"potentialAction\":[{\"@type\":\"ReadAction\",\"target\":[\"https:\/\/la-colonie.org\/public\/nous-contacter\/\"]}]},{\"@type\":\"BreadcrumbList\",\"@id\":\"https:\/\/la-colonie.org\/public\/nous-contacter\/#breadcrumb\",\"itemListElement\":[{\"@type\":\"ListItem\",\"position\":1,\"name\":\"Accueil\",\"item\":\"https:\/\/la-colonie.org\/public\/\"},{\"@type\":\"ListItem\",\"position\":2,\"name\":\"Nous contacter\"}]},{\"@type\":\"WebSite\",\"@id\":\"https:\/\/la-colonie.org\/public\/#website\",\"url\":\"https:\/\/la-colonie.org\/public\/\",\"name\":\"La Colonie de Cond\u00e9-sur-Vesgre\",\"description\":\"Un phalanst\u00e8re subsiste pr\u00e8s de Paris !\",\"publisher\":{\"@id\":\"https:\/\/la-colonie.org\/public\/#organization\"},\"potentialAction\":[{\"@type\":\"SearchAction\",\"target\":{\"@type\":\"EntryPoint\",\"urlTemplate\":\"https:\/\/la-colonie.org\/public\/?s={search_term_string}\"},\"query-input\":{\"@type\":\"PropertyValueSpecification\",\"valueRequired\":true,\"valueName\":\"search_term_string\"}}],\"inLanguage\":\"fr-FR\"},{\"@type\":\"Organization\",\"@id\":\"https:\/\/la-colonie.org\/public\/#organization\",\"name\":\"La Colonie de Cond\u00e9-sur-Vesgre\",\"url\":\"https:\/\/la-colonie.org\/public\/\",\"logo\":{\"@type\":\"ImageObject\",\"inLanguage\":\"fr-FR\",\"@id\":\"https:\/\/la-colonie.org\/public\/#\/schema\/logo\/image\/\",\"url\":\"https:\/\/www.la-colonie.org\/public\/wp-content\/medias\/2018\/02\/Colonie_petit_logo.jpg\",\"contentUrl\":\"https:\/\/www.la-colonie.org\/public\/wp-content\/medias\/2018\/02\/Colonie_petit_logo.jpg\",\"width\":120,\"height\":120,\"caption\":\"La Colonie de Cond\u00e9-sur-Vesgre\"},\"image\":{\"@id\":\"https:\/\/la-colonie.org\/public\/#\/schema\/logo\/image\/\"}}]}<\/script>\n<!-- \/ Yoast SEO plugin. -->","yoast_head_json":{"title":"Nous contacter - La Colonie de Cond\u00e9-sur-Vesgre","robots":{"index":"index","follow":"follow","max-snippet":"max-snippet:-1","max-image-preview":"max-image-preview:large","max-video-preview":"max-video-preview:-1"},"canonical":"https:\/\/la-colonie.org\/public\/nous-contacter\/","og_locale":"fr_FR","og_type":"article","og_title":"Nous contacter - La Colonie de Cond\u00e9-sur-Vesgre","og_description":"Vous pouvez nous \u00e9crire sur l&rsquo;alias\u00a0:\u00a0contact@la-colonie.orgIl vous sera r\u00e9pondu sous 48 heures Renseignements g\u00e9n\u00e9raux : 06 62 71 90 35 Adresse : Route de la Chesnaye, 78113 Cond\u00e9\/VesgreCf plan d&rsquo;acc\u00e8s. Suite...","og_url":"https:\/\/la-colonie.org\/public\/nous-contacter\/","og_site_name":"La Colonie de Cond\u00e9-sur-Vesgre","article_modified_time":"2022-02-06T13:07:09+00:00","twitter_card":"summary_large_image","schema":{"@context":"https:\/\/schema.org","@graph":[{"@type":"WebPage","@id":"https:\/\/la-colonie.org\/public\/nous-contacter\/","url":"https:\/\/la-colonie.org\/public\/nous-contacter\/","name":"Nous contacter - La Colonie de Cond\u00e9-sur-Vesgre","isPartOf":{"@id":"https:\/\/la-colonie.org\/public\/#website"},"datePublished":"2008-11-22T22:58:01+00:00","dateModified":"2022-02-06T13:07:09+00:00","breadcrumb":{"@id":"https:\/\/la-colonie.org\/public\/nous-contacter\/#breadcrumb"},"inLanguage":"fr-FR","potentialAction":[{"@type":"ReadAction","target":["https:\/\/la-colonie.org\/public\/nous-contacter\/"]}]},{"@type":"BreadcrumbList","@id":"https:\/\/la-colonie.org\/public\/nous-contacter\/#breadcrumb","itemListElement":[{"@type":"ListItem","position":1,"name":"Accueil","item":"https:\/\/la-colonie.org\/public\/"},{"@type":"ListItem","position":2,"name":"Nous contacter"}]},{"@type":"WebSite","@id":"https:\/\/la-colonie.org\/public\/#website","url":"https:\/\/la-colonie.org\/public\/","name":"La Colonie de Cond\u00e9-sur-Vesgre","description":"Un phalanst\u00e8re subsiste pr\u00e8s de Paris !","publisher":{"@id":"https:\/\/la-colonie.org\/public\/#organization"},"potentialAction":[{"@type":"SearchAction","target":{"@type":"EntryPoint","urlTemplate":"https:\/\/la-colonie.org\/public\/?s={search_term_string}"},"query-input":{"@type":"PropertyValueSpecification","valueRequired":true,"valueName":"search_term_string"}}],"inLanguage":"fr-FR"},{"@type":"Organization","@id":"https:\/\/la-colonie.org\/public\/#organization","name":"La Colonie de Cond\u00e9-sur-Vesgre","url":"https:\/\/la-colonie.org\/public\/","logo":{"@type":"ImageObject","inLanguage":"fr-FR","@id":"https:\/\/la-colonie.org\/public\/#\/schema\/logo\/image\/","url":"https:\/\/www.la-colonie.org\/public\/wp-content\/medias\/2018\/02\/Colonie_petit_logo.jpg","contentUrl":"https:\/\/www.la-colonie.org\/public\/wp-content\/medias\/2018\/02\/Colonie_petit_logo.jpg","width":120,"height":120,"caption":"La Colonie de Cond\u00e9-sur-Vesgre"},"image":{"@id":"https:\/\/la-colonie.org\/public\/#\/schema\/logo\/image\/"}}]}},"coauthors":[],"author_meta":{"author_link":"https:\/\/la-colonie.org\/public\/article\/author\/admin\/","display_name":"admin"},"relative_dates":{"created":"Publi\u00e9 17 ans il y a","modified":"Mis \u00e0 jour 4 ans il y a"},"absolute_dates":{"created":"Publi\u00e9 le 23 novembre 2008","modified":"Mise \u00e0 jour le 6 f\u00e9vrier 2022"},"absolute_dates_time":{"created":"Publi\u00e9 le 23 novembre 2008 0:58","modified":"Mise \u00e0 jour le 6 f\u00e9vrier 2022 15:07"},"featured_img_caption":"","featured_img":false,"series_order":"","_links":{"self":[{"href":"https:\/\/la-colonie.org\/public\/wp-json\/wp\/v2\/pages\/39","targetHints":{"allow":["GET"]}}],"collection":[{"href":"https:\/\/la-colonie.org\/public\/wp-json\/wp\/v2\/pages"}],"about":[{"href":"https:\/\/la-colonie.org\/public\/wp-json\/wp\/v2\/types\/page"}],"author":[{"embeddable":true,"href":"https:\/\/la-colonie.org\/public\/wp-json\/wp\/v2\/users\/1"}],"replies":[{"embeddable":true,"href":"https:\/\/la-colonie.org\/public\/wp-json\/wp\/v2\/comments?post=39"}],"version-history":[{"count":22,"href":"https:\/\/la-colonie.org\/public\/wp-json\/wp\/v2\/pages\/39\/revisions"}],"predecessor-version":[{"id":2574,"href":"https:\/\/la-colonie.org\/public\/wp-json\/wp\/v2\/pages\/39\/revisions\/2574"}],"wp:attachment":[{"href":"https:\/\/la-colonie.org\/public\/wp-json\/wp\/v2\/media?parent=39"}],"curies":[{"name":"wp","href":"https:\/\/api.w.org\/{rel}","templated":true}]}}