{"id":380,"date":"2017-10-01T19:43:04","date_gmt":"2017-10-01T17:43:04","guid":{"rendered":"http:\/\/la-colonie.org\/public\/?page_id=380"},"modified":"2019-07-28T00:53:38","modified_gmt":"2019-07-27T22:53:38","slug":"bibliographie-et-autres-ressources","status":"publish","type":"page","link":"https:\/\/la-colonie.org\/public\/histoire\/fourierisme\/bibliographie-et-autres-ressources\/","title":{"rendered":"Bibliographie et autres ressources"},"content":{"rendered":"<h3>Quelques ouvrages sur l\u2019exp\u00e9rience des phalanst\u00e8res<\/h3>\n<table border=\"0\">\n<tbody>\n<tr>\n<td><span style=\"float: left; width: 93px;\"><img loading=\"lazy\" decoding=\"async\" style=\"border-width: 0px;\" src=\"https:\/\/la-colonie.org\/public\/wp-content\/medias\/2019\/07\/Beecher2.jpg\" width=\"93\" height=\"140\" \/><\/span><\/td>\n<td>\n<ul>\n<li><strong>Jonathan Beecher : Victor Considerant and the Rise and Fall of French Romantic Socialism<\/strong><\/li>\n<li>\u00c9diteur : University of California Press (f\u00e9vrier 2001)<\/li>\n<li>Format : Reli\u00e9 &#8211; 600 pages<\/li>\n<li>ISBN : 0520222970<\/li>\n<li>Dimensions (en cm) : 5 x 16 x 24<\/li>\n<li><a href=\"http:\/\/www.amazon.fr\/exec\/obidos\/ASIN\/0520222970\" target=\"_blank\" rel=\"noopener\">Le commander<\/a><\/li>\n<\/ul>\n<\/td>\n<\/tr>\n<tr>\n<td><span style=\"float: left; width: 92px;\"><img loading=\"lazy\" decoding=\"async\" style=\"border-width: 0px;\" src=\"https:\/\/la-colonie.org\/public\/wp-content\/medias\/2019\/07\/fuligni.jpg\" width=\"92\" height=\"140\" \/><\/span><\/td>\n<td><strong>Bruno Fuligni : La chambre ardente<\/strong><br \/>\n\u2019Aventuriers, excentriques et utopistes du Palais-Bourbon\u2019<\/p>\n<ul>\n<li>\u00c9diteur : Les Editions de Paris (28 ao\u00fbt 2001)<\/li>\n<li>Collection : Essais et Documents<\/li>\n<li>Format : Broch\u00e9<\/li>\n<li>ISBN : 284621008X<\/li>\n<li>Dimensions (en cm) : 1 x 15 x 23<\/li>\n<li><a class=\"spip_out\" href=\"http:\/\/www.amazon.fr\/exec\/obidos\/ASIN\/284621008X\" target=\"_blank\" rel=\"noopener\">Le commander<\/a><\/li>\n<\/ul>\n<p>Dix pages sont d\u00e9di\u00e9es \u00e0 l\u2019exp\u00e9rience men\u00e9e par le d\u00e9put\u00e9 Baudet-Dulary, \u00e0 Cond\u00e9 sur Vesgres.<\/td>\n<\/tr>\n<tr>\n<td><span style=\"float: left; width: 87px;\"><img loading=\"lazy\" decoding=\"async\" style=\"border-width: 0px;\" src=\"https:\/\/la-colonie.org\/public\/wp-content\/medias\/2019\/07\/citeaux.jpg\" width=\"87\" height=\"140\" \/><\/span><\/td>\n<td><strong>T. Voet : La colonie phalanst\u00e9rienne de Citeaux 1841- 1846<\/strong><\/p>\n<ul>\n<li>\u00c9diteur : Eud<\/li>\n<li>Collection : Societes<\/li>\n<li>Format : Broch\u00e9<\/li>\n<li>ISBN : 2905965509<\/li>\n<li>Dimensions (en cm) : 2 x 15 x 23<\/li>\n<li><a class=\"spip_out\" href=\"http:\/\/www.amazon.fr\/exec\/obidos\/ASIN\/2905965509\" target=\"_blank\" rel=\"noopener\">Le commander<\/a><\/li>\n<\/ul>\n<\/td>\n<\/tr>\n<\/tbody>\n<\/table>\n<h3>Quelques oeuvres de Charles Fourier<\/h3>\n<table border=\"0\">\n<tbody>\n<tr>\n<td><span style=\"float: left; width: 99px;\"><img loading=\"lazy\" decoding=\"async\" style=\"border-width: 0px;\" src=\"https:\/\/la-colonie.org\/public\/wp-content\/medias\/2019\/07\/fourier_theorie1.jpg\" width=\"99\" height=\"140\" \/><\/span><\/td>\n<td><strong>Th\u00e9orie des quatre mouvements et des destin\u00e9es g\u00e9n\u00e9rales ; [suivi de] Le nouveau monde amoureux<\/strong><\/p>\n<ul>\n<li>\u00c9diteur : Presses du R\u00e9el (1 janvier 1998)<\/li>\n<li>Collection : L\u2019\u00e9cart absolu<\/li>\n<li>Format : Broch\u00e9 &#8211; 685 pages<\/li>\n<li>ISBN : 284066027X<\/li>\n<li>Dimensions (en cm) : 17 x 24<\/li>\n<li><a class=\"spip_out\" href=\"http:\/\/www.amazon.fr\/exec\/obidos\/ASIN\/284066027X\" target=\"_blank\" rel=\"noopener\">Le commander<\/a><\/li>\n<\/ul>\n<\/td>\n<\/tr>\n<tr>\n<td><span style=\"float: left; width: 85px;\"><img loading=\"lazy\" decoding=\"async\" style=\"border-width: 0px;\" src=\"https:\/\/la-colonie.org\/public\/wp-content\/medias\/2019\/07\/fourier_nouveau_monde.jpg\" width=\"85\" height=\"140\" \/><\/span><\/td>\n<td><strong>Le nouveau monde industriel et soci\u00e9taire<\/strong><\/p>\n<ul>\n<li style=\"list-style-type: none;\">\n<ul>\n<li>\u00c9diteur : Flammarion (31 d\u00e9cembre 1973)<\/li>\n<li>Collection : Vieux Fonds Fic<\/li>\n<li>Format : Reli\u00e9<\/li>\n<li>ISBN : 208061004X<\/li>\n<li>Dimensions (en cm) : 3 x 12 x 19<\/li>\n<li><a class=\"spip_out\" href=\"http:\/\/www.amazon.fr\/exec\/obidos\/ASIN\/208061004X\" target=\"_blank\" rel=\"noopener\">Le commander<\/a><\/li>\n<\/ul>\n<\/li>\n<\/ul>\n<p>&nbsp;<\/p>\n<ul>\n<li>Voir aussi le\u00a0<a href=\"http:\/\/visualiseur.bnf.fr\/CadresFenetre?O=NUMM-88388&amp;M=notice&amp;Y=Texte\" target=\"_blank\" rel=\"noopener\">livret d\u2019annonce<\/a>\u00a0sur le site Gallica de la Biblioth\u00e8que Nationale<\/li>\n<\/ul>\n<\/td>\n<\/tr>\n<tr>\n<td><span style=\"float: left; width: 90px;\"><img loading=\"lazy\" decoding=\"async\" style=\"border-width: 0px;\" src=\"http:\/\/la.colonie.free.fr\/spip\/IMG\/gif\/non_dispo.gif\" alt=\"(GIF)\" width=\"90\" height=\"90\" \/><\/span><\/td>\n<td><strong>La th\u00e9orie de l\u2019unit\u00e9 universelle vol.1 &amp; 2<\/strong><\/p>\n<ul>\n<li>\u00c9diteur : Presses du R\u00e9el (1 janvier 2001)<\/li>\n<li>Collection : L\u2019Ecart Absolu<\/li>\n<li>Format : Broch\u00e9<\/li>\n<li>ISBN : 2840660407<\/li>\n<li>Dimensions (en cm) : 17 x 24<\/li>\n<li><a class=\"spip_out\" href=\"http:\/\/www.amazon.fr\/exec\/obidos\/ASIN\/2840660407\" target=\"_blank\" rel=\"noopener\">Le commander<\/a><\/li>\n<\/ul>\n<\/td>\n<\/tr>\n<tr>\n<td><span style=\"float: left; width: 99px;\"><img loading=\"lazy\" decoding=\"async\" style=\"border-width: 0px;\" src=\"https:\/\/la-colonie.org\/public\/wp-content\/medias\/2019\/07\/fourier_cocuage.jpg\" width=\"99\" height=\"140\" \/><\/span><\/td>\n<td><strong>Tableau analytique du cocuage<\/strong><\/p>\n<ul>\n<li>\u00c9diteur : Fayard (13 janvier 2002)<\/li>\n<li>Collection : 1001 Nuits<\/li>\n<li>Format : Poche<\/li>\n<li>ISBN : 2842056361<\/li>\n<li>Dimensions (en cm) : 11 x 15<\/li>\n<li><a class=\"spip_out\" href=\"http:\/\/www.amazon.fr\/exec\/obidos\/ASIN\/2842056361\" target=\"_blank\" rel=\"noopener\">Le commander<\/a><\/li>\n<\/ul>\n<\/td>\n<\/tr>\n<\/tbody>\n<\/table>\n<p><a class=\"spip_out\" href=\"http:\/\/la.colonie.free.fr\/spip\/gallica.bnf.fr\" target=\"_blank\" rel=\"noopener\">La Biblioth\u00e8que Nationale de France<\/a>\u00a0a \u00e9galement num\u00e9ris\u00e9\u00a0<a href=\"http:\/\/gallica.bnf.fr\/scripts\/catalog.php?Mod=i&amp;Titre=&amp;FondsTout=on&amp;FondsTxt=on&amp;FondsImp=on&amp;FondsPer=on&amp;FondsImg=on&amp;FondsAud=on&amp;FondsMan=on&amp;Auteur=fourier&amp;Sujet=&amp;RPT=\">une vingtaine d\u2019\u00e9crits de Charles Fourier<\/a>\u00a0, notamment son\u00a0<a class=\"spip_out\" href=\"http:\/\/gallica.bnf.fr\/anthologie\/notices\/01355.htm\" target=\"_blank\" rel=\"noopener\">Plan du Trait\u00e9 de l\u2019attraction passionnelle<\/a>.<br \/>\nLes textes sont accessibles en texte int\u00e9gral, avec un syst\u00e8me de navigation par page.<\/p>\n<h3>Quelques r\u00e9f\u00e9rences biographiques sur Charles Fourier<\/h3>\n<table border=\"0\">\n<tbody>\n<tr>\n<td><span style=\"float: left; width: 88px;\"><img loading=\"lazy\" decoding=\"async\" style=\"border-width: 0px;\" src=\"https:\/\/la-colonie.org\/public\/wp-content\/medias\/2019\/07\/Beecher.jpg\" width=\"88\" height=\"140\" \/><\/span><\/td>\n<td><strong>Beecher, Jonathan : Charles Fourier, Le visionnaire et son monde<\/strong><\/p>\n<ul>\n<li style=\"list-style-type: none;\">\n<ul>\n<li>\u00c9diteur : Fayard (20 octobre 1993)<\/li>\n<li>Format : Broch\u00e9 &#8211; 618 pages<\/li>\n<li>ISBN : 2213031614<\/li>\n<li>Dimensions (en cm) : 5 x 16 x 24<\/li>\n<li><a class=\"spip_out\" href=\"http:\/\/www.amazon.fr\/exec\/obidos\/ASIN\/2213031614\" target=\"_blank\" rel=\"noopener\">Le commander<\/a><\/li>\n<\/ul>\n<\/li>\n<\/ul>\n<p>L\u2019ouvrage de r\u00e9f\u00e9rence, traduit en fran\u00e7ais.<\/td>\n<\/tr>\n<tr>\n<td><span style=\"float: left; width: 83px;\"><img loading=\"lazy\" decoding=\"async\" style=\"border-width: 0px;\" src=\"https:\/\/la-colonie.org\/public\/wp-content\/medias\/2019\/07\/Lehouck.jpg\" width=\"83\" height=\"140\" \/><\/span><\/td>\n<td><strong>Emile Lehouck : La vie de Charles Fourier<\/strong><\/p>\n<ul>\n<li>\u00c9diteur : Deno\u00ebl (3 novembre 1978)<\/li>\n<li>Collection : Bib Mediations<\/li>\n<li>Format : Poche<\/li>\n<li>ISBN : 2282301706<\/li>\n<li>Dimensions (en cm) : 1 x 11 x 18<\/li>\n<li><a class=\"spip_out\" href=\"http:\/\/www.amazon.fr\/exec\/obidos\/ASIN\/2282301706\" target=\"_blank\" rel=\"noopener\">Le commander<\/a><\/li>\n<\/ul>\n<\/td>\n<\/tr>\n<tr>\n<td><span style=\"float: left; width: 87px;\"><img loading=\"lazy\" decoding=\"async\" style=\"border-width: 0px;\" src=\"https:\/\/la-colonie.org\/public\/wp-content\/medias\/2019\/07\/s_debout.jpg\" width=\"87\" height=\"140\" \/><\/span><\/td>\n<td><strong>Simone Debout-Oleszkiewicz : L\u2019utopie de Charles Fourier<\/strong><\/p>\n<ul>\n<li>\u00c9diteur : Presses du R\u00e9el (1 janvier 1998)<\/li>\n<li>Collection : L\u2019\u00e9cart absolu<\/li>\n<li>Format : Broch\u00e9 &#8211; 270 pages<\/li>\n<li>ISBN : 2840660261<\/li>\n<li>Dimensions (en cm) : 17 x 24<\/li>\n<li><a class=\"spip_out\" href=\"http:\/\/www.amazon.fr\/exec\/obidos\/ASIN\/2840660261\" target=\"_blank\" rel=\"noopener\">Le commander<\/a><\/li>\n<\/ul>\n<\/td>\n<\/tr>\n<tr>\n<td><span style=\"float: left; width: 99px;\"><img loading=\"lazy\" decoding=\"async\" style=\"border-width: 0px;\" src=\"https:\/\/la-colonie.org\/public\/wp-content\/medias\/2019\/07\/s_debout2.jpg\" width=\"99\" height=\"140\" \/><\/span><\/td>\n<td><strong>Simone Debout-Oleszkiewicz : Griffe au nez<\/strong><\/p>\n<ul>\n<li>\u00c9diteur : Payot (19 janvier 1999)<\/li>\n<li>Collection : Critique de la politique Payot<\/li>\n<li>Format : Broch\u00e9 &#8211; 179 pages<\/li>\n<li>ISBN : 2228892041<\/li>\n<li>Dimensions (en cm) : 1 x 14 x 23<\/li>\n<li><a class=\"spip_out\" href=\"http:\/\/www.amazon.fr\/exec\/obidos\/ASIN\/2228892041\" target=\"_blank\" rel=\"noopener\">Le commander<\/a><\/li>\n<\/ul>\n<\/td>\n<\/tr>\n<tr>\n<td><span style=\"float: left; width: 91px;\"><img loading=\"lazy\" decoding=\"async\" style=\"border-width: 0px;\" src=\"https:\/\/la-colonie.org\/public\/wp-content\/medias\/2019\/07\/A_breton.jpg\" width=\"91\" height=\"140\" \/><\/span><\/td>\n<td><strong>Andr\u00e9 Breton : Ode \u00e0 Charles Fourier<\/strong><\/p>\n<ul>\n<li>\u00c9diteur : Fata Morgana (1 janvier 1994)<\/li>\n<li>Format : Broch\u00e9<\/li>\n<li>ISBN : 2851943812<\/li>\n<li>Dimensions (en cm) : 1 x 15 x 23<\/li>\n<li><a class=\"spip_out\" href=\"http:\/\/www.amazon.fr\/exec\/obidos\/ASIN\/2851943812\" target=\"_blank\" rel=\"noopener\">Le commander<\/a><\/li>\n<\/ul>\n<\/td>\n<\/tr>\n<\/tbody>\n<\/table>\n<h3>Les Cahiers Charles Fourier<\/h3>\n<p>Les Cahiers publient des \u00e9tudes de caract\u00e8re philosophique, historique ou autre, ainsi que des documents in\u00e9dits ayant trait au fouri\u00e9risme, et plus g\u00e9n\u00e9ralement \u00e0 l\u2019histoire des mouvements de r\u00e9forme sociale au XIXe si\u00e8cle. On y trouvera \u00e9galement des informations bibliographiques et scientifiques, ainsi que des comptes rendus de lecture.<\/p>\n<p>Adresse : Cahiers Charles Fourier<br \/>\nAssociation d\u2019\u00e9tudes fouri\u00e9ristes<br \/>\n9, rue du Pater<br \/>\n25330 Cl\u00e9ron<br \/>\nEmail : phalansteres [at] gmail.com<\/p>\n<h3>Quelques sites Web<\/h3>\n<table border=\"0\">\n<tbody>\n<tr>\n<td><img loading=\"lazy\" decoding=\"async\" class=\"alignright wp-image-2283 size-full\" src=\"https:\/\/www.la-colonie.org\/public\/wp-content\/medias\/2019\/07\/sitecharlesfourier.jpg\" alt=\"\" width=\"200\" height=\"131\" srcset=\"https:\/\/www.la-colonie.org\/public\/wp-content\/medias\/2019\/07\/sitecharlesfourier.jpg 200w, https:\/\/www.la-colonie.org\/public\/wp-content\/medias\/2019\/07\/sitecharlesfourier-150x98.jpg 150w\" sizes=\"auto, (max-width: 200px) 100vw, 200px\" \/><\/td>\n<td>Le site de l\u2019<a class=\"spip_out\" href=\"http:\/\/www.charlesfourier.fr\/\" target=\"_blank\" rel=\"noopener\">Association des \u00e9tudes fouri\u00e9ristes et des cahiers Charles Fourier<\/a>, LE site de r\u00e9f\u00e9rence, anim\u00e9 par des universitaires dixneuvi\u00e8mistes et historiens bisontins. On y trouve les cahiers Charles Fourier accessibles pour la plupart en texte int\u00e9gral, une pr\u00e9sentation de l\u2019Association des \u00e9tudes fouri\u00e9ristes, une d\u00e9couverte de l\u2019oeuvre de Fourier, des \u00e9tudes (articles, projets de th\u00e8se, rencontres scientifiques&#8230;), un ensemble de ressources (recensement d\u2019archives, liens, portraits&#8230;), un dictionnaire biographique des grandes figures du fouri\u00e9risme, une bibliographie tr\u00e8s fouill\u00e9e, sans oublier l\u2019actualit\u00e9 fouri\u00e9riste !<\/td>\n<\/tr>\n<tr>\n<td><span style=\"float: left; width: 133px;\"><img loading=\"lazy\" decoding=\"async\" style=\"border-width: 0px;\" src=\"https:\/\/la-colonie.org\/public\/wp-content\/medias\/2019\/07\/keremma.jpg\" width=\"133\" height=\"86\" \/><\/span><\/td>\n<td>Le site de l\u2019association\u00a0<a class=\"spip_out\" href=\"http:\/\/www.keremma.org\/\" target=\"_blank\" rel=\"noopener\">Ker Emma<\/a>, regroupant les descendants de Louis et Emma Rousseau qui ont fond\u00e9 au d\u00e9but du 19\u00e8me si\u00e8cle un domaine utopique qui existe encore \u00ab Keremma \u00bb, inspir\u00e9es des th\u00e9ories de Charles Fourier.<\/td>\n<\/tr>\n<tr>\n<td><span style=\"float: left; width: 133px;\"><img loading=\"lazy\" decoding=\"async\" style=\"border-width: 0px;\" src=\"https:\/\/la-colonie.org\/public\/wp-content\/medias\/2019\/07\/culture___revolution.jpg\" width=\"133\" height=\"88\" \/><\/span><\/td>\n<td>Les pages personnelles du site\u00a0<a class=\"spip_out\" href=\"http:\/\/culture.revolution.free.fr\/en_question\/2003-02-05-Charles_Fourier.html\" target=\"_blank\" rel=\"noopener\">Culture et Revolution<\/a>\u00a0consacrent un expos\u00e9 tr\u00e8s bien fait aux id\u00e9es de Charles Fourier.<\/td>\n<\/tr>\n<tr>\n<td><span style=\"float: left; width: 133px;\"><img loading=\"lazy\" decoding=\"async\" style=\"border-width: 0px;\" src=\"https:\/\/la-colonie.org\/public\/wp-content\/medias\/2019\/07\/ronse.jpg\" width=\"133\" height=\"87\" \/><\/span><\/td>\n<td>Les pages personnelles (en anglais) de\u00a0<a class=\"spip_out\" href=\"http:\/\/gr6.u-strasbg.fr\/%7Eronse\/CF\/\" target=\"_blank\" rel=\"noopener\">Christian Ronse<\/a>, Professeur \u00e0 Strasbourg, comprennent un expos\u00e9 sur ses s\u00e9ries harmoniques, quelques aphorismes de Fourier, une analyse du fouri\u00e9risme aux Etats-Unis, une ex\u00e9g\u00e8se de l\u2019Ode \u00e0 Charles Fourier par Andr\u00e9 Breton et des r\u00e9f\u00e9rences bibliographiques<\/td>\n<\/tr>\n<tr>\n<td><img loading=\"lazy\" decoding=\"async\" class=\"alignnone size-full wp-image-85\" title=\"michel_antony\" src=\"http:\/\/la-colonie.org\/public\/wp-content\/medias\/2009\/04\/michel_antony.jpg\" alt=\"\" width=\"133\" height=\"80\" \/><\/td>\n<td>De nombreuses pages sont \u00e9galement consacr\u00e9es par\u00a0<a href=\"http:\/\/artic.ac-besancon.fr\/histoire_geographie\/new_look\/Ress_thematiq\/thematiq\/utopies.htm\" target=\"_blank\" rel=\"noopener\">Michel Antony<\/a>\u00a0aux utopies libertaires, o\u00f9 le fouri\u00e9risme est tr\u00e8s pr\u00e9sent.<\/td>\n<\/tr>\n<tr>\n<td><span style=\"float: left; width: 133px;\"><img loading=\"lazy\" decoding=\"async\" style=\"border-width: 0px;\" src=\"https:\/\/la-colonie.org\/public\/wp-content\/medias\/2019\/07\/familistere.jpg\" width=\"133\" height=\"82\" \/><\/span><\/td>\n<td><a class=\"spip_out\" href=\"http:\/\/www.familistere.com\/site\/index.php\" target=\"_blank\" rel=\"noopener\">Le familist\u00e8re de Guise<\/a>\u00a0(Aisne), fond\u00e9 par Charles Godin, constitue un projet tr\u00e8s complet d\u2019habitat collectif pour les ouvriers de l\u2019usine Godin doubl\u00e9 d\u2019une organisation sociale innovante. Si cette derni\u00e8re a pris fin en 1968, le \u00ab\u00a0Palais social\u00a0\u00bb est encore habit\u00e9 et se visite. Le site, propose une bibliographie tr\u00e8s compl\u00e8te et diverses ressources p\u00e9dagogiques.<\/td>\n<\/tr>\n<tr>\n<td><span style=\"float: left; width: 149px;\"><img loading=\"lazy\" decoding=\"async\" style=\"border-width: 0px;\" src=\"https:\/\/la-colonie.org\/public\/wp-content\/medias\/2019\/07\/plan_interactif.jpg\" width=\"149\" height=\"108\" \/><\/span><\/td>\n<td>Le Site de la Biblioth\u00e8que Nationale propose un\u00a0<a class=\"spip_out\" href=\"http:\/\/gallica.bnf.fr\/anthologie\/notices\/01355.htm\" target=\"_blank\" rel=\"noopener\">facsimile interactif<\/a>\u00a0du Plan du Trait\u00e9 de l\u2019attraction passionnelle&#8230; publi\u00e9 en 1844<\/td>\n<\/tr>\n<tr>\n<td><span style=\"float: left; width: 133px;\"><img loading=\"lazy\" decoding=\"async\" style=\"border-width: 0px;\" src=\"https:\/\/la-colonie.org\/public\/wp-content\/medias\/2019\/07\/Univ_Poitiers_thumb.jpg\" width=\"133\" height=\"74\" \/><\/span><\/td>\n<td>Le Site de la\u00a0<a class=\"spip_out\" href=\"http:\/\/premierssocialismes.edel.univ-poitiers.fr\/index.php\" target=\"_blank\" rel=\"noopener\">Biblioth\u00e8que de l\u2019Universit\u00e9 de Poitiers<\/a>\u00a0effectue un travail de num\u00e9risation des \u00e9crits des premiers socialismes ; une trentaine d\u2019ouvrages li\u00e9s au fouri\u00e9rismes sont d\u00e9j\u00e0 en ligne (almanachs, rapports sur les exp\u00e9rimentations, etc.)<\/td>\n<\/tr>\n<\/tbody>\n<\/table>\n<h3>Et au-del\u00e0&#8230;<\/h3>\n<p>Le lecteur passionn\u00e9 trouvera une liste exhaustive des \u00e9crits de Charles Fourier, des colloques et ouvrages sur le fouri\u00e9risme et les phalanst\u00e8res sur le\u00a0<a class=\"spip_out\" href=\"http:\/\/artic.ac-besancon.fr\/histoire_geographie\/HGFTP\/Autres\/Utopies\/uto-four.doc\" target=\"_blank\" rel=\"noopener\">site de l\u2019Acad\u00e9mie de Besan\u00e7on<\/a>\u00a0(document Word).<\/p>\n","protected":false},"excerpt":{"rendered":"<p>Quelques ouvrages sur l\u2019exp\u00e9rience des phalanst\u00e8res Jonathan Beecher : Victor Considerant and the Rise and Fall of French Romantic Socialism \u00c9diteur : University of California Press (f\u00e9vrier 2001) Format : Reli\u00e9 &#8211; 600 pages ISBN : 0520222970 Dimensions (en cm) : 5 x 16 x 24 Le commander Bruno Fuligni\u2026<\/p>\n<p class=\"continue-reading-button\"> <a class=\"continue-reading-link\" href=\"https:\/\/la-colonie.org\/public\/histoire\/fourierisme\/bibliographie-et-autres-ressources\/\">Suite&#8230;<i class=\"crycon-right-dir\"><\/i><\/a><\/p>\n","protected":false},"author":1,"featured_media":1721,"parent":376,"menu_order":0,"comment_status":"closed","ping_status":"closed","template":"","meta":{"advgb_blocks_editor_width":"","advgb_blocks_columns_visual_guide":"","_exactmetrics_skip_tracking":false,"_exactmetrics_sitenote_active":false,"_exactmetrics_sitenote_note":"","_exactmetrics_sitenote_category":0,"footnotes":""},"class_list":["post-380","page","type-page","status-publish","has-post-thumbnail","hentry"],"yoast_head":"<!-- This site is optimized with the Yoast SEO plugin v26.1.1 - https:\/\/yoast.com\/wordpress\/plugins\/seo\/ -->\n<title>Bibliographie et autres ressources - La Colonie de Cond\u00e9-sur-Vesgre<\/title>\n<meta name=\"robots\" content=\"index, follow, max-snippet:-1, max-image-preview:large, max-video-preview:-1\" \/>\n<link rel=\"canonical\" href=\"https:\/\/la-colonie.org\/public\/histoire\/fourierisme\/bibliographie-et-autres-ressources\/\" \/>\n<meta property=\"og:locale\" content=\"fr_FR\" \/>\n<meta property=\"og:type\" content=\"article\" \/>\n<meta property=\"og:title\" content=\"Bibliographie et autres ressources - La Colonie de Cond\u00e9-sur-Vesgre\" \/>\n<meta property=\"og:description\" content=\"Quelques ouvrages sur l\u2019exp\u00e9rience des phalanst\u00e8res Jonathan Beecher : Victor Considerant and the Rise and Fall of French Romantic Socialism \u00c9diteur : University of California Press (f\u00e9vrier 2001) Format : Reli\u00e9 &#8211; 600 pages ISBN : 0520222970 Dimensions (en cm) : 5 x 16 x 24 Le commander Bruno Fuligni\u2026 Suite...\" \/>\n<meta property=\"og:url\" content=\"https:\/\/la-colonie.org\/public\/histoire\/fourierisme\/bibliographie-et-autres-ressources\/\" \/>\n<meta property=\"og:site_name\" content=\"La Colonie de Cond\u00e9-sur-Vesgre\" \/>\n<meta property=\"article:modified_time\" content=\"2019-07-27T22:53:38+00:00\" \/>\n<meta property=\"og:image\" content=\"https:\/\/www.la-colonie.org\/public\/wp-content\/medias\/2017\/10\/charles_fourier.jpg\" \/>\n\t<meta property=\"og:image:width\" content=\"963\" \/>\n\t<meta property=\"og:image:height\" content=\"1485\" \/>\n\t<meta property=\"og:image:type\" content=\"image\/jpeg\" \/>\n<meta name=\"twitter:card\" content=\"summary_large_image\" \/>\n<meta name=\"twitter:label1\" content=\"Dur\u00e9e de lecture estim\u00e9e\" \/>\n\t<meta name=\"twitter:data1\" content=\"5 minutes\" \/>\n<script type=\"application\/ld+json\" class=\"yoast-schema-graph\">{\"@context\":\"https:\/\/schema.org\",\"@graph\":[{\"@type\":\"WebPage\",\"@id\":\"https:\/\/la-colonie.org\/public\/histoire\/fourierisme\/bibliographie-et-autres-ressources\/\",\"url\":\"https:\/\/la-colonie.org\/public\/histoire\/fourierisme\/bibliographie-et-autres-ressources\/\",\"name\":\"Bibliographie et autres ressources - La Colonie de Cond\u00e9-sur-Vesgre\",\"isPartOf\":{\"@id\":\"https:\/\/la-colonie.org\/public\/#website\"},\"primaryImageOfPage\":{\"@id\":\"https:\/\/la-colonie.org\/public\/histoire\/fourierisme\/bibliographie-et-autres-ressources\/#primaryimage\"},\"image\":{\"@id\":\"https:\/\/la-colonie.org\/public\/histoire\/fourierisme\/bibliographie-et-autres-ressources\/#primaryimage\"},\"thumbnailUrl\":\"https:\/\/www.la-colonie.org\/public\/wp-content\/medias\/2017\/10\/charles_fourier.jpg\",\"datePublished\":\"2017-10-01T17:43:04+00:00\",\"dateModified\":\"2019-07-27T22:53:38+00:00\",\"breadcrumb\":{\"@id\":\"https:\/\/la-colonie.org\/public\/histoire\/fourierisme\/bibliographie-et-autres-ressources\/#breadcrumb\"},\"inLanguage\":\"fr-FR\",\"potentialAction\":[{\"@type\":\"ReadAction\",\"target\":[\"https:\/\/la-colonie.org\/public\/histoire\/fourierisme\/bibliographie-et-autres-ressources\/\"]}]},{\"@type\":\"ImageObject\",\"inLanguage\":\"fr-FR\",\"@id\":\"https:\/\/la-colonie.org\/public\/histoire\/fourierisme\/bibliographie-et-autres-ressources\/#primaryimage\",\"url\":\"https:\/\/www.la-colonie.org\/public\/wp-content\/medias\/2017\/10\/charles_fourier.jpg\",\"contentUrl\":\"https:\/\/www.la-colonie.org\/public\/wp-content\/medias\/2017\/10\/charles_fourier.jpg\",\"width\":963,\"height\":1485},{\"@type\":\"BreadcrumbList\",\"@id\":\"https:\/\/la-colonie.org\/public\/histoire\/fourierisme\/bibliographie-et-autres-ressources\/#breadcrumb\",\"itemListElement\":[{\"@type\":\"ListItem\",\"position\":1,\"name\":\"Accueil\",\"item\":\"https:\/\/la-colonie.org\/public\/\"},{\"@type\":\"ListItem\",\"position\":2,\"name\":\"Une histoire authentique\",\"item\":\"https:\/\/la-colonie.org\/public\/histoire\/\"},{\"@type\":\"ListItem\",\"position\":3,\"name\":\"Le fouri\u00e9risme\",\"item\":\"https:\/\/la-colonie.org\/public\/histoire\/fourierisme\/\"},{\"@type\":\"ListItem\",\"position\":4,\"name\":\"Bibliographie et autres ressources\"}]},{\"@type\":\"WebSite\",\"@id\":\"https:\/\/la-colonie.org\/public\/#website\",\"url\":\"https:\/\/la-colonie.org\/public\/\",\"name\":\"La Colonie de Cond\u00e9-sur-Vesgre\",\"description\":\"Un phalanst\u00e8re subsiste pr\u00e8s de Paris !\",\"publisher\":{\"@id\":\"https:\/\/la-colonie.org\/public\/#organization\"},\"potentialAction\":[{\"@type\":\"SearchAction\",\"target\":{\"@type\":\"EntryPoint\",\"urlTemplate\":\"https:\/\/la-colonie.org\/public\/?s={search_term_string}\"},\"query-input\":{\"@type\":\"PropertyValueSpecification\",\"valueRequired\":true,\"valueName\":\"search_term_string\"}}],\"inLanguage\":\"fr-FR\"},{\"@type\":\"Organization\",\"@id\":\"https:\/\/la-colonie.org\/public\/#organization\",\"name\":\"La Colonie de Cond\u00e9-sur-Vesgre\",\"url\":\"https:\/\/la-colonie.org\/public\/\",\"logo\":{\"@type\":\"ImageObject\",\"inLanguage\":\"fr-FR\",\"@id\":\"https:\/\/la-colonie.org\/public\/#\/schema\/logo\/image\/\",\"url\":\"https:\/\/www.la-colonie.org\/public\/wp-content\/medias\/2018\/02\/Colonie_petit_logo.jpg\",\"contentUrl\":\"https:\/\/www.la-colonie.org\/public\/wp-content\/medias\/2018\/02\/Colonie_petit_logo.jpg\",\"width\":120,\"height\":120,\"caption\":\"La Colonie de Cond\u00e9-sur-Vesgre\"},\"image\":{\"@id\":\"https:\/\/la-colonie.org\/public\/#\/schema\/logo\/image\/\"}}]}<\/script>\n<!-- \/ Yoast SEO plugin. -->","yoast_head_json":{"title":"Bibliographie et autres ressources - La Colonie de Cond\u00e9-sur-Vesgre","robots":{"index":"index","follow":"follow","max-snippet":"max-snippet:-1","max-image-preview":"max-image-preview:large","max-video-preview":"max-video-preview:-1"},"canonical":"https:\/\/la-colonie.org\/public\/histoire\/fourierisme\/bibliographie-et-autres-ressources\/","og_locale":"fr_FR","og_type":"article","og_title":"Bibliographie et autres ressources - La Colonie de Cond\u00e9-sur-Vesgre","og_description":"Quelques ouvrages sur l\u2019exp\u00e9rience des phalanst\u00e8res Jonathan Beecher : Victor Considerant and the Rise and Fall of French Romantic Socialism \u00c9diteur : University of California Press (f\u00e9vrier 2001) Format : Reli\u00e9 &#8211; 600 pages ISBN : 0520222970 Dimensions (en cm) : 5 x 16 x 24 Le commander Bruno Fuligni\u2026 Suite...","og_url":"https:\/\/la-colonie.org\/public\/histoire\/fourierisme\/bibliographie-et-autres-ressources\/","og_site_name":"La Colonie de Cond\u00e9-sur-Vesgre","article_modified_time":"2019-07-27T22:53:38+00:00","og_image":[{"width":963,"height":1485,"url":"https:\/\/www.la-colonie.org\/public\/wp-content\/medias\/2017\/10\/charles_fourier.jpg","type":"image\/jpeg"}],"twitter_card":"summary_large_image","twitter_misc":{"Dur\u00e9e de lecture estim\u00e9e":"5 minutes"},"schema":{"@context":"https:\/\/schema.org","@graph":[{"@type":"WebPage","@id":"https:\/\/la-colonie.org\/public\/histoire\/fourierisme\/bibliographie-et-autres-ressources\/","url":"https:\/\/la-colonie.org\/public\/histoire\/fourierisme\/bibliographie-et-autres-ressources\/","name":"Bibliographie et autres ressources - La Colonie de Cond\u00e9-sur-Vesgre","isPartOf":{"@id":"https:\/\/la-colonie.org\/public\/#website"},"primaryImageOfPage":{"@id":"https:\/\/la-colonie.org\/public\/histoire\/fourierisme\/bibliographie-et-autres-ressources\/#primaryimage"},"image":{"@id":"https:\/\/la-colonie.org\/public\/histoire\/fourierisme\/bibliographie-et-autres-ressources\/#primaryimage"},"thumbnailUrl":"https:\/\/www.la-colonie.org\/public\/wp-content\/medias\/2017\/10\/charles_fourier.jpg","datePublished":"2017-10-01T17:43:04+00:00","dateModified":"2019-07-27T22:53:38+00:00","breadcrumb":{"@id":"https:\/\/la-colonie.org\/public\/histoire\/fourierisme\/bibliographie-et-autres-ressources\/#breadcrumb"},"inLanguage":"fr-FR","potentialAction":[{"@type":"ReadAction","target":["https:\/\/la-colonie.org\/public\/histoire\/fourierisme\/bibliographie-et-autres-ressources\/"]}]},{"@type":"ImageObject","inLanguage":"fr-FR","@id":"https:\/\/la-colonie.org\/public\/histoire\/fourierisme\/bibliographie-et-autres-ressources\/#primaryimage","url":"https:\/\/www.la-colonie.org\/public\/wp-content\/medias\/2017\/10\/charles_fourier.jpg","contentUrl":"https:\/\/www.la-colonie.org\/public\/wp-content\/medias\/2017\/10\/charles_fourier.jpg","width":963,"height":1485},{"@type":"BreadcrumbList","@id":"https:\/\/la-colonie.org\/public\/histoire\/fourierisme\/bibliographie-et-autres-ressources\/#breadcrumb","itemListElement":[{"@type":"ListItem","position":1,"name":"Accueil","item":"https:\/\/la-colonie.org\/public\/"},{"@type":"ListItem","position":2,"name":"Une histoire authentique","item":"https:\/\/la-colonie.org\/public\/histoire\/"},{"@type":"ListItem","position":3,"name":"Le fouri\u00e9risme","item":"https:\/\/la-colonie.org\/public\/histoire\/fourierisme\/"},{"@type":"ListItem","position":4,"name":"Bibliographie et autres ressources"}]},{"@type":"WebSite","@id":"https:\/\/la-colonie.org\/public\/#website","url":"https:\/\/la-colonie.org\/public\/","name":"La Colonie de Cond\u00e9-sur-Vesgre","description":"Un phalanst\u00e8re subsiste pr\u00e8s de Paris !","publisher":{"@id":"https:\/\/la-colonie.org\/public\/#organization"},"potentialAction":[{"@type":"SearchAction","target":{"@type":"EntryPoint","urlTemplate":"https:\/\/la-colonie.org\/public\/?s={search_term_string}"},"query-input":{"@type":"PropertyValueSpecification","valueRequired":true,"valueName":"search_term_string"}}],"inLanguage":"fr-FR"},{"@type":"Organization","@id":"https:\/\/la-colonie.org\/public\/#organization","name":"La Colonie de Cond\u00e9-sur-Vesgre","url":"https:\/\/la-colonie.org\/public\/","logo":{"@type":"ImageObject","inLanguage":"fr-FR","@id":"https:\/\/la-colonie.org\/public\/#\/schema\/logo\/image\/","url":"https:\/\/www.la-colonie.org\/public\/wp-content\/medias\/2018\/02\/Colonie_petit_logo.jpg","contentUrl":"https:\/\/www.la-colonie.org\/public\/wp-content\/medias\/2018\/02\/Colonie_petit_logo.jpg","width":120,"height":120,"caption":"La Colonie de Cond\u00e9-sur-Vesgre"},"image":{"@id":"https:\/\/la-colonie.org\/public\/#\/schema\/logo\/image\/"}}]}},"coauthors":[],"author_meta":{"author_link":"https:\/\/la-colonie.org\/public\/article\/author\/admin\/","display_name":"admin"},"relative_dates":{"created":"Publi\u00e9 9 ans il y a","modified":"Mis \u00e0 jour 7 ans il y a"},"absolute_dates":{"created":"Publi\u00e9 le 1 octobre 2017","modified":"Mise \u00e0 jour le 28 juillet 2019"},"absolute_dates_time":{"created":"Publi\u00e9 le 1 octobre 2017 19:43","modified":"Mise \u00e0 jour le 28 juillet 2019 0:53"},"featured_img_caption":"","featured_img":"https:\/\/www.la-colonie.org\/public\/wp-content\/medias\/2017\/10\/charles_fourier-97x150.jpg","series_order":"","_links":{"self":[{"href":"https:\/\/la-colonie.org\/public\/wp-json\/wp\/v2\/pages\/380","targetHints":{"allow":["GET"]}}],"collection":[{"href":"https:\/\/la-colonie.org\/public\/wp-json\/wp\/v2\/pages"}],"about":[{"href":"https:\/\/la-colonie.org\/public\/wp-json\/wp\/v2\/types\/page"}],"author":[{"embeddable":true,"href":"https:\/\/la-colonie.org\/public\/wp-json\/wp\/v2\/users\/1"}],"replies":[{"embeddable":true,"href":"https:\/\/la-colonie.org\/public\/wp-json\/wp\/v2\/comments?post=380"}],"version-history":[{"count":4,"href":"https:\/\/la-colonie.org\/public\/wp-json\/wp\/v2\/pages\/380\/revisions"}],"predecessor-version":[{"id":2285,"href":"https:\/\/la-colonie.org\/public\/wp-json\/wp\/v2\/pages\/380\/revisions\/2285"}],"up":[{"embeddable":true,"href":"https:\/\/la-colonie.org\/public\/wp-json\/wp\/v2\/pages\/376"}],"wp:featuredmedia":[{"embeddable":true,"href":"https:\/\/la-colonie.org\/public\/wp-json\/wp\/v2\/media\/1721"}],"wp:attachment":[{"href":"https:\/\/la-colonie.org\/public\/wp-json\/wp\/v2\/media?parent=380"}],"curies":[{"name":"wp","href":"https:\/\/api.w.org\/{rel}","templated":true}]}}