{"id":374,"date":"2017-10-01T19:39:56","date_gmt":"2017-10-01T17:39:56","guid":{"rendered":"http:\/\/la-colonie.org\/public\/?page_id=374"},"modified":"2017-10-01T20:14:25","modified_gmt":"2017-10-01T18:14:25","slug":"les-3-temps","status":"publish","type":"page","link":"https:\/\/la-colonie.org\/public\/histoire\/les-3-temps\/","title":{"rendered":"Les 3 temps de la gen\u00e8se de la Colonie"},"content":{"rendered":"<div class=\"pt-cv-wrapper\"><div class=\"pt-cv-view pt-cv-grid pt-cv-colsys pt-cv-same-height pt-cv-sharp-buttons\" id=\"pt-cv-view-9d9ab10r9t\"><div data-id=\"pt-cv-page-1\" class=\"pt-cv-page\" data-cvc=\"3\" data-cvct=\"2\" data-cvcm=\"1\"><div class=\"col-md-4 col-sm-6 col-xs-12 pt-cv-content-item pt-cv-1-col\"  data-pid=\"364\"><div class='pt-cv-ifield'><a href=\"https:\/\/la-colonie.org\/public\/histoire\/les-3-temps\/les-debuts-utopiques-1832-1836\/\" class=\"_self pt-cv-href-thumbnail pt-cv-thumb-default cvplbd cvp-responsive-image img-none\" target=\"_self\" data-iw=\"300\" data-ih=\"300\"><img loading=\"lazy\" decoding=\"async\" width=\"300\" height=\"300\" src=\"https:\/\/www.la-colonie.org\/public\/wp-content\/medias\/2017\/10\/papier_en-tete_Colonie-2-300x300.jpg\" class=\"pt-cv-thumbnail img-none\" alt=\"Les d\u00e9buts utopiques (1832-1836)\" \/><\/a>\n<h4 class=\"pt-cv-title\"><a href=\"https:\/\/la-colonie.org\/public\/histoire\/les-3-temps\/les-debuts-utopiques-1832-1836\/\" class=\"_self cvplbd\" target=\"_self\" data-iw=\"300\" data-ih=\"300\">Les d\u00e9buts utopiques (1832-1836)<\/a><\/h4>\n<div class=\"pt-cv-content\">En 1832, la commune de Cond\u00e9-sur-Vesgre, situ\u00e9e dans le d\u00e9partement de Seine-et-Oise, devient le th\u00e9\u00e2tre d\u2019un int\u00e9ressant essai d\u2019association domestique ...<\/div><\/div><\/div>\n<div class=\"col-md-4 col-sm-6 col-xs-12 pt-cv-content-item pt-cv-1-col\"  data-pid=\"369\"><div class='pt-cv-ifield'><a href=\"https:\/\/la-colonie.org\/public\/histoire\/les-3-temps\/les-nouveaux-essais-dassociation-1837-1860\/\" class=\"_self pt-cv-href-thumbnail pt-cv-thumb-default cvplbd cvp-responsive-image img-none\" target=\"_self\" data-iw=\"300\" data-ih=\"300\"><img loading=\"lazy\" decoding=\"async\" width=\"300\" height=\"260\" src=\"https:\/\/www.la-colonie.org\/public\/wp-content\/medias\/2017\/10\/cottage14-b-300x260.jpg\" class=\"pt-cv-thumbnail img-none\" alt=\"Les nouveaux essais d\u2019association (1837-1860)\" \/><\/a>\n<h4 class=\"pt-cv-title\"><a href=\"https:\/\/la-colonie.org\/public\/histoire\/les-3-temps\/les-nouveaux-essais-dassociation-1837-1860\/\" class=\"_self cvplbd\" target=\"_self\" data-iw=\"300\" data-ih=\"300\">Les nouveaux essais d\u2019association (1837-1860)<\/a><\/h4>\n<div class=\"pt-cv-content\">La seconde colonie, dite des cartonniers Si la premi\u00e8re Colonie fut dissoute en 1836, on songea, d\u00e8s 1837, \u00e0 faire ...<\/div><\/div><\/div>\n<div class=\"col-md-4 col-sm-6 col-xs-12 pt-cv-content-item pt-cv-1-col\"  data-pid=\"384\"><div class='pt-cv-ifield'><a href=\"https:\/\/la-colonie.org\/public\/histoire\/les-3-temps\/la-colonie-depuis-1860\/\" class=\"_self pt-cv-href-thumbnail pt-cv-thumb-default cvplbd cvp-responsive-image img-none\" target=\"_self\" data-iw=\"300\" data-ih=\"300\"><img loading=\"lazy\" decoding=\"async\" width=\"300\" height=\"245\" src=\"https:\/\/www.la-colonie.org\/public\/wp-content\/medias\/2017\/10\/le_jeu_de_boules_vers_1880-300x245.jpg\" class=\"pt-cv-thumbnail img-none\" alt=\"La Colonie depuis 1860\" \/><\/a>\n<h4 class=\"pt-cv-title\"><a href=\"https:\/\/la-colonie.org\/public\/histoire\/les-3-temps\/la-colonie-depuis-1860\/\" class=\"_self cvplbd\" target=\"_self\" data-iw=\"300\" data-ih=\"300\">La Colonie depuis 1860<\/a><\/h4>\n<div class=\"pt-cv-content\">D\u00e9sormais organis\u00e9e sous la forme d\u2019une Soci\u00e9t\u00e9 Civile Immobili\u00e8re, la Colonie allait pouvoir d\u00e9velopper une forme d\u2019association harmonieuse. Les activit\u00e9s ...<\/div><\/div><\/div><\/div><\/div><\/div>\t\t\t<style type=\"text\/css\" id=\"pt-cv-inline-style-56980114rh\">#pt-cv-view-9d9ab10r9t.pt-cv-post-border { margin: 0; border-top-style: solid; border-left-style: solid }\n#pt-cv-view-9d9ab10r9t.pt-cv-post-border .pt-cv-content-item   { border-right-style: solid; border-bottom-style: solid; }\n#pt-cv-view-9d9ab10r9t .pt-cv-title a, #pt-cv-view-9d9ab10r9t  .panel-title { font-weight: 600 !important; }\n#pt-cv-view-9d9ab10r9t  .pt-cv-hover-wrapper::before   { background-color: rgba(51,51,51,.6) !important; }\n#pt-cv-view-9d9ab10r9t:not(.pt-cv-nohover) .pt-cv-mask *   { color: #fff; }\n#pt-cv-view-9d9ab10r9t .pt-cv-carousel-caption  { background-color: rgba(51,51,51,.6) !important; }\n#pt-cv-view-9d9ab10r9t .pt-cv-specialp { background-color: #CC3333 !important }\n#pt-cv-view-9d9ab10r9t .pt-cv-specialp * { color: #fff !important; }\n#pt-cv-view-9d9ab10r9t .pt-cv-pficon  { color: #bbb !important; }\n#pt-cv-view-9d9ab10r9t  .add_to_cart_button, #pt-cv-view-9d9ab10r9t  .add_to_cart_button *   { color: #ffffff !important; background-color: #00aeef !important; }\n#pt-cv-view-9d9ab10r9t  .woocommerce-onsale   { color: #ffffff !important; background-color: #ff5a5f !important; }\n#pt-cv-view-9d9ab10r9t .pt-cv-readmore  { color: #ffffff !important; background-color: #00aeef !important; }\n#pt-cv-view-9d9ab10r9t .pt-cv-readmore:hover  { color: #ffffff !important; background-color: #00aeef !important; }\n#pt-cv-view-9d9ab10r9t  + .pt-cv-pagination-wrapper .pt-cv-more , #pt-cv-view-9d9ab10r9t  + .pt-cv-pagination-wrapper .pagination .active a { color: #ffffff !important; background-color: #00aeef !important; }\n[id^='pt-cv-filter-bar-9d9ab10r9t'] .active.pt-cv-filter-option, [id^='pt-cv-filter-bar-9d9ab10r9t'] .active .pt-cv-filter-option, [id^='pt-cv-filter-bar-9d9ab10r9t'] .selected.pt-cv-filter-option, [id^='pt-cv-filter-bar-9d9ab10r9t'] .dropdown-toggle   { color: #fff !important; background-color: #00aeef !important; }\n[id^='pt-cv-filter-bar-9d9ab10r9t'] .pt-cv-filter-title   { color: #fff !important; background-color: #00aeef !important; }\n#pt-cv-gls-9d9ab10r9t li a   { font-weight: 600 !important; }\n#pt-cv-gls-9d9ab10r9t li a.pt-active   { color: #fff !important; background-color: #ff5a5f !important; }\n#pt-cv-view-9d9ab10r9t .pt-cv-gls-header  { background-color: #00aeef !important; }\n#pt-cv-view-9d9ab10r9t .cvp-responsive-image[style*=\"background-image\"] { width: 300px; height: 300px; }<\/style>\r\n\t\t\t\n","protected":false},"excerpt":{"rendered":"<p class=\"continue-reading-button\"> <a class=\"continue-reading-link\" href=\"https:\/\/la-colonie.org\/public\/histoire\/les-3-temps\/\">Suite&#8230;<i class=\"crycon-right-dir\"><\/i><\/a><\/p>\n","protected":false},"author":1,"featured_media":0,"parent":367,"menu_order":0,"comment_status":"closed","ping_status":"closed","template":"","meta":{"advgb_blocks_editor_width":"","advgb_blocks_columns_visual_guide":"","_exactmetrics_skip_tracking":false,"_exactmetrics_sitenote_active":false,"_exactmetrics_sitenote_note":"","_exactmetrics_sitenote_category":0,"footnotes":""},"class_list":["post-374","page","type-page","status-publish","hentry"],"yoast_head":"<!-- This site is optimized with the Yoast SEO plugin v26.1.1 - https:\/\/yoast.com\/wordpress\/plugins\/seo\/ -->\n<title>Les 3 temps de la gen\u00e8se de la Colonie - La Colonie de Cond\u00e9-sur-Vesgre<\/title>\n<meta name=\"robots\" content=\"index, follow, max-snippet:-1, max-image-preview:large, max-video-preview:-1\" \/>\n<link rel=\"canonical\" href=\"https:\/\/la-colonie.org\/public\/histoire\/les-3-temps\/\" \/>\n<meta property=\"og:locale\" content=\"fr_FR\" \/>\n<meta property=\"og:type\" content=\"article\" \/>\n<meta property=\"og:title\" content=\"Les 3 temps de la gen\u00e8se de la Colonie - La Colonie de Cond\u00e9-sur-Vesgre\" \/>\n<meta property=\"og:description\" content=\"Suite...\" \/>\n<meta property=\"og:url\" content=\"https:\/\/la-colonie.org\/public\/histoire\/les-3-temps\/\" \/>\n<meta property=\"og:site_name\" content=\"La Colonie de Cond\u00e9-sur-Vesgre\" \/>\n<meta property=\"article:modified_time\" content=\"2017-10-01T18:14:25+00:00\" \/>\n<meta name=\"twitter:card\" content=\"summary_large_image\" \/>\n<script type=\"application\/ld+json\" class=\"yoast-schema-graph\">{\"@context\":\"https:\/\/schema.org\",\"@graph\":[{\"@type\":\"WebPage\",\"@id\":\"https:\/\/la-colonie.org\/public\/histoire\/les-3-temps\/\",\"url\":\"https:\/\/la-colonie.org\/public\/histoire\/les-3-temps\/\",\"name\":\"Les 3 temps de la gen\u00e8se de la Colonie - La Colonie de Cond\u00e9-sur-Vesgre\",\"isPartOf\":{\"@id\":\"https:\/\/la-colonie.org\/public\/#website\"},\"datePublished\":\"2017-10-01T17:39:56+00:00\",\"dateModified\":\"2017-10-01T18:14:25+00:00\",\"breadcrumb\":{\"@id\":\"https:\/\/la-colonie.org\/public\/histoire\/les-3-temps\/#breadcrumb\"},\"inLanguage\":\"fr-FR\",\"potentialAction\":[{\"@type\":\"ReadAction\",\"target\":[\"https:\/\/la-colonie.org\/public\/histoire\/les-3-temps\/\"]}]},{\"@type\":\"BreadcrumbList\",\"@id\":\"https:\/\/la-colonie.org\/public\/histoire\/les-3-temps\/#breadcrumb\",\"itemListElement\":[{\"@type\":\"ListItem\",\"position\":1,\"name\":\"Accueil\",\"item\":\"https:\/\/la-colonie.org\/public\/\"},{\"@type\":\"ListItem\",\"position\":2,\"name\":\"Une histoire authentique\",\"item\":\"https:\/\/la-colonie.org\/public\/histoire\/\"},{\"@type\":\"ListItem\",\"position\":3,\"name\":\"Les 3 temps de la gen\u00e8se de la Colonie\"}]},{\"@type\":\"WebSite\",\"@id\":\"https:\/\/la-colonie.org\/public\/#website\",\"url\":\"https:\/\/la-colonie.org\/public\/\",\"name\":\"La Colonie de Cond\u00e9-sur-Vesgre\",\"description\":\"Un phalanst\u00e8re subsiste pr\u00e8s de Paris !\",\"publisher\":{\"@id\":\"https:\/\/la-colonie.org\/public\/#organization\"},\"potentialAction\":[{\"@type\":\"SearchAction\",\"target\":{\"@type\":\"EntryPoint\",\"urlTemplate\":\"https:\/\/la-colonie.org\/public\/?s={search_term_string}\"},\"query-input\":{\"@type\":\"PropertyValueSpecification\",\"valueRequired\":true,\"valueName\":\"search_term_string\"}}],\"inLanguage\":\"fr-FR\"},{\"@type\":\"Organization\",\"@id\":\"https:\/\/la-colonie.org\/public\/#organization\",\"name\":\"La Colonie de Cond\u00e9-sur-Vesgre\",\"url\":\"https:\/\/la-colonie.org\/public\/\",\"logo\":{\"@type\":\"ImageObject\",\"inLanguage\":\"fr-FR\",\"@id\":\"https:\/\/la-colonie.org\/public\/#\/schema\/logo\/image\/\",\"url\":\"https:\/\/www.la-colonie.org\/public\/wp-content\/medias\/2018\/02\/Colonie_petit_logo.jpg\",\"contentUrl\":\"https:\/\/www.la-colonie.org\/public\/wp-content\/medias\/2018\/02\/Colonie_petit_logo.jpg\",\"width\":120,\"height\":120,\"caption\":\"La Colonie de Cond\u00e9-sur-Vesgre\"},\"image\":{\"@id\":\"https:\/\/la-colonie.org\/public\/#\/schema\/logo\/image\/\"}}]}<\/script>\n<!-- \/ Yoast SEO plugin. -->","yoast_head_json":{"title":"Les 3 temps de la gen\u00e8se de la Colonie - La Colonie de Cond\u00e9-sur-Vesgre","robots":{"index":"index","follow":"follow","max-snippet":"max-snippet:-1","max-image-preview":"max-image-preview:large","max-video-preview":"max-video-preview:-1"},"canonical":"https:\/\/la-colonie.org\/public\/histoire\/les-3-temps\/","og_locale":"fr_FR","og_type":"article","og_title":"Les 3 temps de la gen\u00e8se de la Colonie - La Colonie de Cond\u00e9-sur-Vesgre","og_description":"Suite...","og_url":"https:\/\/la-colonie.org\/public\/histoire\/les-3-temps\/","og_site_name":"La Colonie de Cond\u00e9-sur-Vesgre","article_modified_time":"2017-10-01T18:14:25+00:00","twitter_card":"summary_large_image","schema":{"@context":"https:\/\/schema.org","@graph":[{"@type":"WebPage","@id":"https:\/\/la-colonie.org\/public\/histoire\/les-3-temps\/","url":"https:\/\/la-colonie.org\/public\/histoire\/les-3-temps\/","name":"Les 3 temps de la gen\u00e8se de la Colonie - La Colonie de Cond\u00e9-sur-Vesgre","isPartOf":{"@id":"https:\/\/la-colonie.org\/public\/#website"},"datePublished":"2017-10-01T17:39:56+00:00","dateModified":"2017-10-01T18:14:25+00:00","breadcrumb":{"@id":"https:\/\/la-colonie.org\/public\/histoire\/les-3-temps\/#breadcrumb"},"inLanguage":"fr-FR","potentialAction":[{"@type":"ReadAction","target":["https:\/\/la-colonie.org\/public\/histoire\/les-3-temps\/"]}]},{"@type":"BreadcrumbList","@id":"https:\/\/la-colonie.org\/public\/histoire\/les-3-temps\/#breadcrumb","itemListElement":[{"@type":"ListItem","position":1,"name":"Accueil","item":"https:\/\/la-colonie.org\/public\/"},{"@type":"ListItem","position":2,"name":"Une histoire authentique","item":"https:\/\/la-colonie.org\/public\/histoire\/"},{"@type":"ListItem","position":3,"name":"Les 3 temps de la gen\u00e8se de la Colonie"}]},{"@type":"WebSite","@id":"https:\/\/la-colonie.org\/public\/#website","url":"https:\/\/la-colonie.org\/public\/","name":"La Colonie de Cond\u00e9-sur-Vesgre","description":"Un phalanst\u00e8re subsiste pr\u00e8s de Paris !","publisher":{"@id":"https:\/\/la-colonie.org\/public\/#organization"},"potentialAction":[{"@type":"SearchAction","target":{"@type":"EntryPoint","urlTemplate":"https:\/\/la-colonie.org\/public\/?s={search_term_string}"},"query-input":{"@type":"PropertyValueSpecification","valueRequired":true,"valueName":"search_term_string"}}],"inLanguage":"fr-FR"},{"@type":"Organization","@id":"https:\/\/la-colonie.org\/public\/#organization","name":"La Colonie de Cond\u00e9-sur-Vesgre","url":"https:\/\/la-colonie.org\/public\/","logo":{"@type":"ImageObject","inLanguage":"fr-FR","@id":"https:\/\/la-colonie.org\/public\/#\/schema\/logo\/image\/","url":"https:\/\/www.la-colonie.org\/public\/wp-content\/medias\/2018\/02\/Colonie_petit_logo.jpg","contentUrl":"https:\/\/www.la-colonie.org\/public\/wp-content\/medias\/2018\/02\/Colonie_petit_logo.jpg","width":120,"height":120,"caption":"La Colonie de Cond\u00e9-sur-Vesgre"},"image":{"@id":"https:\/\/la-colonie.org\/public\/#\/schema\/logo\/image\/"}}]}},"coauthors":[],"author_meta":{"author_link":"https:\/\/la-colonie.org\/public\/article\/author\/admin\/","display_name":"admin"},"relative_dates":{"created":"Publi\u00e9 9 ans il y a","modified":"Mis \u00e0 jour 9 ans il y a"},"absolute_dates":{"created":"Publi\u00e9 le 1 octobre 2017","modified":"Mise \u00e0 jour le 1 octobre 2017"},"absolute_dates_time":{"created":"Publi\u00e9 le 1 octobre 2017 19:39","modified":"Mise \u00e0 jour le 1 octobre 2017 20:14"},"featured_img_caption":"","featured_img":false,"series_order":"","_links":{"self":[{"href":"https:\/\/la-colonie.org\/public\/wp-json\/wp\/v2\/pages\/374","targetHints":{"allow":["GET"]}}],"collection":[{"href":"https:\/\/la-colonie.org\/public\/wp-json\/wp\/v2\/pages"}],"about":[{"href":"https:\/\/la-colonie.org\/public\/wp-json\/wp\/v2\/types\/page"}],"author":[{"embeddable":true,"href":"https:\/\/la-colonie.org\/public\/wp-json\/wp\/v2\/users\/1"}],"replies":[{"embeddable":true,"href":"https:\/\/la-colonie.org\/public\/wp-json\/wp\/v2\/comments?post=374"}],"version-history":[{"count":2,"href":"https:\/\/la-colonie.org\/public\/wp-json\/wp\/v2\/pages\/374\/revisions"}],"predecessor-version":[{"id":437,"href":"https:\/\/la-colonie.org\/public\/wp-json\/wp\/v2\/pages\/374\/revisions\/437"}],"up":[{"embeddable":true,"href":"https:\/\/la-colonie.org\/public\/wp-json\/wp\/v2\/pages\/367"}],"wp:attachment":[{"href":"https:\/\/la-colonie.org\/public\/wp-json\/wp\/v2\/media?parent=374"}],"curies":[{"name":"wp","href":"https:\/\/api.w.org\/{rel}","templated":true}]}}