{"id":364,"date":"2017-10-01T19:36:12","date_gmt":"2017-10-01T17:36:12","guid":{"rendered":"http:\/\/la-colonie.org\/public\/?page_id=364"},"modified":"2017-10-01T22:54:38","modified_gmt":"2017-10-01T20:54:38","slug":"les-debuts-utopiques-1832-1836","status":"publish","type":"page","link":"https:\/\/la-colonie.org\/public\/histoire\/les-3-temps\/les-debuts-utopiques-1832-1836\/","title":{"rendered":"Les d\u00e9buts utopiques (1832-1836)"},"content":{"rendered":"<p>En 1832, la commune de Cond\u00e9-sur-Vesgre, situ\u00e9e dans le d\u00e9partement de Seine-et-Oise, devient le th\u00e9\u00e2tre d\u2019un int\u00e9ressant essai d\u2019association domestique agricole selon la th\u00e9orie de Charles Fourier.<\/p>\n<p>Pour que le grand r\u00eave de toute la vie de ce penseur utopiste reposant sur le \u00ab bonheur social \u00bb ne s\u2019\u00e9teign\u00eet pas dans la solitude, la pauvret\u00e9 et l\u2019obscurit\u00e9, certains fouri\u00e9ristes (Victor Consid\u00e9rant, Just Muiron, Paul et Clarisse Vigoureux) d\u00e9cid\u00e8rent de cr\u00e9er un phalanst\u00e8re, base exp\u00e9rimentale de la doctrine fouri\u00e9riste selon laquelle :<\/p>\n<ul>\n<li>le travail n\u2019est pas maudit, mais b\u00e9ni et plein d\u2019attrait, pourvu que l\u2019homme s\u2019y exerce en toute libert\u00e9, selon les penchants de son activit\u00e9 et avec la certitude d\u2019en vivre, dans le cadre d\u2019une organisation fond\u00e9e sur l\u2019attraction ;<\/li>\n<li>la primaut\u00e9 et l\u2019utilit\u00e9 des passions, qui permettent de b\u00e2tir une soci\u00e9t\u00e9 libre et harmonieuse, r\u00e9gie selon les principes du Nouvel Ordre Amoureux ;<\/li>\n<li>la justice sociale est dans l\u2019association de tous les profits proportionnellement au capital, au travail, au talent, un minimum de subsistance \u00e9tant garanti \u00e0 tout \u00eatre au nom de la solidarit\u00e9 et du respect de la vie humaine.<\/li>\n<\/ul>\n<p><strong>La premi\u00e8re colonie soci\u00e9taire<\/strong><\/p>\n<p>Ces disciples fouri\u00e9ristes, pour mettre en ex\u00e9cution leurs conceptions, cherch\u00e8rent \u00e0 acqu\u00e9rir une propri\u00e9t\u00e9 d\u2019une superficie de 1 200 \u00e0 1 500 hectares. Ils publi\u00e8rent, le 1 juin 1832, le premier num\u00e9ro d\u2019un p\u00e9riodique, le Phalanst\u00e8re-la R\u00e9forme Industrielle, journal de la fondation d\u2019une phalange agricole manufacturi\u00e8re associ\u00e9e en travaux et en m\u00e9nage. Le num\u00e9ro suivant proposait le lancement d\u2019une collecte de fonds pour l\u2019\u00e9tablissement d\u2019une phalange \u00e0 l\u2019essai.<\/p>\n<p style=\"text-align: center;\"><img loading=\"lazy\" decoding=\"async\" width=\"459\" height=\"223\" class=\"size-medium wp-image-55 aligncenter\" title=\"Une couverture d'une revue fouri\u00e9riste des ann\u00e9es 1820\" src=\"http:\/\/la-colonie.org\/public\/wp-content\/medias\/2008\/11\/phalanstere.jpg\" alt=\"\" srcset=\"https:\/\/www.la-colonie.org\/public\/wp-content\/medias\/2008\/11\/phalanstere.jpg 459w, https:\/\/www.la-colonie.org\/public\/wp-content\/medias\/2008\/11\/phalanstere-300x146.jpg 300w\" sizes=\"auto, (max-width: 459px) 100vw, 459px\" \/><\/p>\n<p>Deux habitants de la commune de Cond\u00e9-sur-Vesgre, inform\u00e9s de ce lancement, Joseph Devay, agronome, qui poss\u00e9dait une ferme aux revenus peu prosp\u00e8res par l\u2019aridit\u00e9 du sol sableux et le Dr. Beaudet Dulary, m\u00e9decin et d\u00e9put\u00e9 de Seine-et-Oise, mirent \u00e0 la disposition du petit groupe phalanst\u00e9rien leurs deux domaines : le premier, la Christini\u00e8re, avec ses 109 hectares et le deuxi\u00e8me, la Chesnaye, d\u2019une superficie de 351 hectares. Les deux propri\u00e9taires se contentaient pour toute r\u00e9tribution d\u2019actions dans une nouvelle soci\u00e9t\u00e9 correspondant \u00e0 la valeur authentifi\u00e9e de leurs terres \u00e9valu\u00e9es apr\u00e8s expertise.<\/p>\n<p>Leurs propositions furent accept\u00e9es, apr\u00e8s visite des terres \u00e0 Cond\u00e9 par Ch. Fourier, J. Muiron et V. Consid\u00e9rant. Le Phalanst\u00e8re publia, le 15 novembre 1832, la nouvelle de la fondation d\u2019un phalanst\u00e8re d\u2019une superficie de 460 hectares, situ\u00e9 \u00e0 Cond\u00e9-sur-Vesgre, dont Charles Fourier \u00e9tait le directeur, Just Muiron l\u2019ordinateur, Paul Vigoureux le tr\u00e9sorier g\u00e9n\u00e9ral, A. Baudet Dulary et Gr\u00e9a, d\u00e9put\u00e9 du Doubs, les syndics provisoires. Ce site \u00e9tait retenu, par suite de sa proximit\u00e9 de Paris pour implanter une communaut\u00e9 mod\u00e8le qui devait justifier le mod\u00e8le de Ch. Fourier.<\/p>\n<p>Ce phalanst\u00e8re \u00e9tait la propri\u00e9t\u00e9 d\u2019une Soci\u00e9t\u00e9 Anonyme au capital de 1 200 000 francs constitu\u00e9s par l\u2019apport des terrains dont la valeur \u00e9tant estim\u00e9e \u00e0 280 000 francs, le reste du capital devant \u00eatre apport\u00e9 par des actionnaires \u00e0 rechercher. Un appel \u00e0 des ma\u00e7ons, des charpentiers, des forgerons, des ouvriers agricoles fut lanc\u00e9 et entendu, puisque 150 ouvriers avec leurs femmes et leurs enfants vinrent de Lorraine, de Provence, de Bretagne et de Franche-Comt\u00e9, en apportant leurs \u00e9conomies, deux actions de la future soci\u00e9t\u00e9 \u00e9tant vendues \u00e0 chaque participant.<\/p>\n<p>Cette nouvelle soci\u00e9t\u00e9 fut pr\u00e9sent\u00e9e au gouvernement de l\u2019\u00e9poque, par l\u2019interm\u00e9diaire de Jacques Laffite, ancien Pr\u00e9sident du Conseil, avec le soutien d\u2019Auguste Thiers.<\/p>\n<p>Le nom d\u00e9finitif de la propri\u00e9t\u00e9 retenu fut celui de Colonie Soci\u00e9taire, certains actionnaires ayant jug\u00e9 bizarre le nom de Phalanst\u00e8re. Les travaux de d\u00e9frichement et de terrassement commenc\u00e8rent, sous la direction de Mrs Baudet Dulary, Devay, Victor Consid\u00e9rant, Just Muiron et Paul Vigoureux et \u00e9taient organis\u00e9s selon la th\u00e9orie soci\u00e9taire en courtes s\u00e9ances, les repas \u00e9tant pris en commun dans de vastes et rustiques abris autour de tables communes.<\/p>\n<p>L\u00e9 d\u00e9frichement, le marnage du terrain, l\u2019installation de 60 colons par vagues successives dans des constructions l\u00e9g\u00e8res et \u00e9conomiques en bois et en briques, la pr\u00e9sence de 200 journaliers furent les principaux \u00e9v\u00e9nements de cet hiver 1832 froid et rigoureux.<\/p>\n<div id=\"attachment_52\" style=\"width: 360px\" class=\"wp-caption alignright\"><a href=\"http:\/\/la-colonie.org\/public\/wp-content\/medias\/2008\/11\/chateau_du_rouvray-2.jpg\"><img loading=\"lazy\" decoding=\"async\" aria-describedby=\"caption-attachment-52\" class=\" wp-image-52\" title=\"Chateau du Rouvray\" src=\"http:\/\/la-colonie.org\/public\/wp-content\/medias\/2008\/11\/chateau_du_rouvray-2-150x150.jpg\" alt=\"Le premier phalanst\u00e8re\" width=\"350\" height=\"350\"><\/a><p id=\"caption-attachment-52\" class=\"wp-caption-text\">Le premier phalanst\u00e8re (le 2e \u00e9tage, ainsi que les tourelles ont \u00e9t\u00e9 ajout\u00e9es vers la fin du 19e si\u00e8cle. Ce b\u00e2timent a \u00e9t\u00e9 d\u00e9truit vers 1970)<\/p><\/div>\n<p>Le 21 mars 1833, Madame Dulary posait la premi\u00e8re pierre du domaine. Tr\u00e8s rapidement, l\u2019activit\u00e9 initiale se ralentit par suite du manque de ressources, les porteurs de capitaux sollicit\u00e9s restant sourds aux demandes des cr\u00e9ateurs. A. Baudet Dulary est amen\u00e9 \u00e0 pratiquer une s\u00e9v\u00e8re ponction sur sa fortune personnelle, pour payer les journaliers. Il avoue que la Colonie Soci\u00e9taire se trouve d\u00e9j\u00e0 en difficult\u00e9 : \u00ab Je ne commence pas avec 66 colons, mais avec 150 ouvriers, dont 60 maintenant log\u00e9s, et nourris dans les b\u00e2timents de la future Colonie \u00bb.<\/p>\n<p>Ch. Fourier, qui se sent, d\u00e8s cette \u00e9poque, \u00e0 l\u2019\u00e9cart de l\u2019exp\u00e9rience de Cond\u00e9, \u00e9crivit une lettre o\u00f9 il d\u00e9savoue la faiblesse et l\u2019incapacit\u00e9 de Baudet Dulary : \u00ab Depuis 6 mois, je n\u2019ose pas dire un mot dans le journal sur Cond\u00e9, mais si je la mettais entre nos mains, vous verriez comment je parlerai et ferai venir des fonds. Mais Dulary, par faiblesse et incapacit\u00e9, d\u00e9range toutes les mesures. On ne peut compter sur rien avec lui, il donne dans tous les pi\u00e8ges, il n\u2019aime que ceux qui le trompent \u00bb.<\/p>\n<p>L\u2019assembl\u00e9e g\u00e9n\u00e9rale du 22 septembre 1833, tenue au moulin de la Chesnaye, en pr\u00e9sence de Ch. Fourier, J. Muiron , V. Consid\u00e9rant et A. Transon, marqua la fin de la collaboration de Ch. Fourier. Il y fut pourtant annonc\u00e9 \u00ab qu\u2019une centaine d\u2019hommes sont venus travailler, que 200 hectares de bruy\u00e8res ont \u00e9t\u00e9 d\u00e9frich\u00e9s, que 13 000 arbres ont \u00e9t\u00e9 plant\u00e9s, qu\u2019une briqueterie a \u00e9t\u00e9 \u00e9difi\u00e9e, que le moulin a \u00e9t\u00e9 r\u00e9par\u00e9, que le b\u00e2timent principal, le Phalanst\u00e8re, qui termin\u00e9 devait ressembler au palais de Versailles avec ses diff\u00e9rentes ailes, a commenc\u00e9 \u00e0 s\u2019\u00e9lever sur le plateau du Rouvray, ainsi que des \u00e9tables et des abris provisoires \u00bb.<\/p>\n<p>Le gouvernement lui-m\u00eame, malgr\u00e9 son int\u00e9r\u00eat initial, faisait attendre l\u2019autorisation demand\u00e9e de cr\u00e9ation de la nouvelle soci\u00e9t\u00e9, inquiet des tendances socialistes de l\u2019entreprise.<\/p>\n<p>En 1834, A. Baudet Dulary s\u2019installa avec sa femme et ses sept enfants au Phalanst\u00e8re, dont la construction se poursuivait p\u00e9niblement. Le journal, La Phalange, publia son dernier num\u00e9ro en mars de cette ann\u00e9e. La deuxi\u00e8me assembl\u00e9e g\u00e9n\u00e9rale se tint en pr\u00e9sence de 6 actionnaires, le 12 juillet 1834, \u00e0 la ferme du Phalanst\u00e8re.<\/p>\n<p>H. Madaule, A. Baudet Dulary et Thomas, exploitant la ferme du Phalanst\u00e8re, \u00e9voqu\u00e8rent la cr\u00e9ation, sans succ\u00e8s, d\u2019une \u00ab ferme asile \u00bb, qui accueillerait des enfants. En juillet 1835, J.A. Devay s\u2019installe dans sa maison termin\u00e9e.<\/p>\n<p>Pour tenter de sauver l\u2019entreprise, MM. A Baudet Dulary et J. Devay la r\u00e9duisirent en une simple soci\u00e9t\u00e9 en commandite avec maintien du principe d\u2019association.<\/p>\n<p>Tous ces efforts n\u2019emp\u00each\u00e8rent pas la liquidation de la soci\u00e9t\u00e9 qui fut prononc\u00e9e le 24 avril 1836, le premier lot des terres comprenant la Christini\u00e8re fut rendu \u00e0 M. Devay, le lot restant qui fut redonn\u00e9 au Dr. A. Baudet Dulary, comprenait le Phalanst\u00e8re, avec sa ferme, le moulin de la Chesnaye et des d\u00e9pendances. Celui-ci tint \u00e0 rembourser int\u00e9gralement, sur ses fonds propres, les actionnaires au prix des actions achet\u00e9es, soit une somme de 585 000 francs.<\/p>\n<p>Danielle et Philippe DUIZABO<br \/>\nAo\u00fbt 2004<\/p>\n<p><strong>A lire pour en savoir plus :<\/strong><\/p>\n<ul>\n<li><a href=\"http:\/\/la-colonie.org\/public\/wp-content\/medias\/2008\/11\/chronologie_colonienne.pdf\">Chronologie colonienne<\/a>&nbsp;(Les \u00e9v\u00e8nements au jour le jour des ann\u00e9es 1832-1878)<\/li>\n<li><a href=\"http:\/\/la-colonie.org\/public\/wp-content\/medias\/2008\/11\/une_histoire_de_la_colonie_1944_-_par_maurice_caullery.pdf\">Une histoire de la Colonie<\/a><\/li>\n<li>Beecher J. &#8211; Fourier, le visionnaire et son monde Editions Fayard, Paris, 1993, 620p.<\/li>\n<li>Beecher J. &#8211; Victor Considerant and the rise and fall of French romantic socialism University of California Press, 2001, 586p.<\/li>\n<li>Fuligni B. &#8211; La chambre ardente. Les \u00e9ditions de Paris, Paris 2001, 248p.<\/li>\n<li>Biblioth\u00e8que Nationale &#8211; Diff\u00e9rentes lettres et \u00e9crits dont le fonds Fourier.<\/li>\n<li>Morellet M. &#8211; Rapport du syndicat r\u00e9sumant le mouvement de la soci\u00e9t\u00e9 \u00ab la Colonie \u00bb depuis son origine jusqu\u2019au 31 mars 1870.<\/li>\n<\/ul>\n","protected":false},"excerpt":{"rendered":"<p>En 1832, la commune de Cond\u00e9-sur-Vesgre, situ\u00e9e dans le d\u00e9partement de Seine-et-Oise, devient le th\u00e9\u00e2tre d\u2019un int\u00e9ressant essai d\u2019association domestique agricole selon la th\u00e9orie de Charles Fourier. Pour que le grand r\u00eave de toute la vie de ce penseur utopiste reposant sur le \u00ab bonheur social \u00bb ne s\u2019\u00e9teign\u00eet pas\u2026<\/p>\n<p class=\"continue-reading-button\"> <a class=\"continue-reading-link\" href=\"https:\/\/la-colonie.org\/public\/histoire\/les-3-temps\/les-debuts-utopiques-1832-1836\/\">Suite&#8230;<i class=\"crycon-right-dir\"><\/i><\/a><\/p>\n","protected":false},"author":1,"featured_media":470,"parent":374,"menu_order":0,"comment_status":"closed","ping_status":"closed","template":"","meta":{"advgb_blocks_editor_width":"","advgb_blocks_columns_visual_guide":"","_exactmetrics_skip_tracking":false,"_exactmetrics_sitenote_active":false,"_exactmetrics_sitenote_note":"","_exactmetrics_sitenote_category":0,"footnotes":""},"class_list":["post-364","page","type-page","status-publish","has-post-thumbnail","hentry"],"yoast_head":"<!-- This site is optimized with the Yoast SEO plugin v26.1.1 - https:\/\/yoast.com\/wordpress\/plugins\/seo\/ -->\n<title>Les d\u00e9buts utopiques (1832-1836) - La Colonie de Cond\u00e9-sur-Vesgre<\/title>\n<meta name=\"robots\" content=\"index, follow, max-snippet:-1, max-image-preview:large, max-video-preview:-1\" \/>\n<link rel=\"canonical\" href=\"https:\/\/la-colonie.org\/public\/histoire\/les-3-temps\/les-debuts-utopiques-1832-1836\/\" \/>\n<meta property=\"og:locale\" content=\"fr_FR\" \/>\n<meta property=\"og:type\" content=\"article\" \/>\n<meta property=\"og:title\" content=\"Les d\u00e9buts utopiques (1832-1836) - La Colonie de Cond\u00e9-sur-Vesgre\" \/>\n<meta property=\"og:description\" content=\"En 1832, la commune de Cond\u00e9-sur-Vesgre, situ\u00e9e dans le d\u00e9partement de Seine-et-Oise, devient le th\u00e9\u00e2tre d\u2019un int\u00e9ressant essai d\u2019association domestique agricole selon la th\u00e9orie de Charles Fourier. Pour que le grand r\u00eave de toute la vie de ce penseur utopiste reposant sur le \u00ab bonheur social \u00bb ne s\u2019\u00e9teign\u00eet pas\u2026 Suite...\" \/>\n<meta property=\"og:url\" content=\"https:\/\/la-colonie.org\/public\/histoire\/les-3-temps\/les-debuts-utopiques-1832-1836\/\" \/>\n<meta property=\"og:site_name\" content=\"La Colonie de Cond\u00e9-sur-Vesgre\" \/>\n<meta property=\"article:modified_time\" content=\"2017-10-01T20:54:38+00:00\" \/>\n<meta property=\"og:image\" content=\"https:\/\/www.la-colonie.org\/public\/wp-content\/medias\/2017\/10\/papier_en-tete_Colonie-2.jpg\" \/>\n\t<meta property=\"og:image:width\" content=\"1328\" \/>\n\t<meta property=\"og:image:height\" content=\"1328\" \/>\n\t<meta property=\"og:image:type\" content=\"image\/jpeg\" \/>\n<meta name=\"twitter:card\" content=\"summary_large_image\" \/>\n<meta name=\"twitter:label1\" content=\"Dur\u00e9e de lecture estim\u00e9e\" \/>\n\t<meta name=\"twitter:data1\" content=\"7 minutes\" \/>\n<script type=\"application\/ld+json\" class=\"yoast-schema-graph\">{\"@context\":\"https:\/\/schema.org\",\"@graph\":[{\"@type\":\"WebPage\",\"@id\":\"https:\/\/la-colonie.org\/public\/histoire\/les-3-temps\/les-debuts-utopiques-1832-1836\/\",\"url\":\"https:\/\/la-colonie.org\/public\/histoire\/les-3-temps\/les-debuts-utopiques-1832-1836\/\",\"name\":\"Les d\u00e9buts utopiques (1832-1836) - La Colonie de Cond\u00e9-sur-Vesgre\",\"isPartOf\":{\"@id\":\"https:\/\/la-colonie.org\/public\/#website\"},\"primaryImageOfPage\":{\"@id\":\"https:\/\/la-colonie.org\/public\/histoire\/les-3-temps\/les-debuts-utopiques-1832-1836\/#primaryimage\"},\"image\":{\"@id\":\"https:\/\/la-colonie.org\/public\/histoire\/les-3-temps\/les-debuts-utopiques-1832-1836\/#primaryimage\"},\"thumbnailUrl\":\"https:\/\/www.la-colonie.org\/public\/wp-content\/medias\/2017\/10\/papier_en-tete_Colonie-2.jpg\",\"datePublished\":\"2017-10-01T17:36:12+00:00\",\"dateModified\":\"2017-10-01T20:54:38+00:00\",\"breadcrumb\":{\"@id\":\"https:\/\/la-colonie.org\/public\/histoire\/les-3-temps\/les-debuts-utopiques-1832-1836\/#breadcrumb\"},\"inLanguage\":\"fr-FR\",\"potentialAction\":[{\"@type\":\"ReadAction\",\"target\":[\"https:\/\/la-colonie.org\/public\/histoire\/les-3-temps\/les-debuts-utopiques-1832-1836\/\"]}]},{\"@type\":\"ImageObject\",\"inLanguage\":\"fr-FR\",\"@id\":\"https:\/\/la-colonie.org\/public\/histoire\/les-3-temps\/les-debuts-utopiques-1832-1836\/#primaryimage\",\"url\":\"https:\/\/www.la-colonie.org\/public\/wp-content\/medias\/2017\/10\/papier_en-tete_Colonie-2.jpg\",\"contentUrl\":\"https:\/\/www.la-colonie.org\/public\/wp-content\/medias\/2017\/10\/papier_en-tete_Colonie-2.jpg\",\"width\":1328,\"height\":1328},{\"@type\":\"BreadcrumbList\",\"@id\":\"https:\/\/la-colonie.org\/public\/histoire\/les-3-temps\/les-debuts-utopiques-1832-1836\/#breadcrumb\",\"itemListElement\":[{\"@type\":\"ListItem\",\"position\":1,\"name\":\"Accueil\",\"item\":\"https:\/\/la-colonie.org\/public\/\"},{\"@type\":\"ListItem\",\"position\":2,\"name\":\"Une histoire authentique\",\"item\":\"https:\/\/la-colonie.org\/public\/histoire\/\"},{\"@type\":\"ListItem\",\"position\":3,\"name\":\"Les 3 temps de la gen\u00e8se de la Colonie\",\"item\":\"https:\/\/la-colonie.org\/public\/histoire\/les-3-temps\/\"},{\"@type\":\"ListItem\",\"position\":4,\"name\":\"Les d\u00e9buts utopiques (1832-1836)\"}]},{\"@type\":\"WebSite\",\"@id\":\"https:\/\/la-colonie.org\/public\/#website\",\"url\":\"https:\/\/la-colonie.org\/public\/\",\"name\":\"La Colonie de Cond\u00e9-sur-Vesgre\",\"description\":\"Un phalanst\u00e8re subsiste pr\u00e8s de Paris !\",\"publisher\":{\"@id\":\"https:\/\/la-colonie.org\/public\/#organization\"},\"potentialAction\":[{\"@type\":\"SearchAction\",\"target\":{\"@type\":\"EntryPoint\",\"urlTemplate\":\"https:\/\/la-colonie.org\/public\/?s={search_term_string}\"},\"query-input\":{\"@type\":\"PropertyValueSpecification\",\"valueRequired\":true,\"valueName\":\"search_term_string\"}}],\"inLanguage\":\"fr-FR\"},{\"@type\":\"Organization\",\"@id\":\"https:\/\/la-colonie.org\/public\/#organization\",\"name\":\"La Colonie de Cond\u00e9-sur-Vesgre\",\"url\":\"https:\/\/la-colonie.org\/public\/\",\"logo\":{\"@type\":\"ImageObject\",\"inLanguage\":\"fr-FR\",\"@id\":\"https:\/\/la-colonie.org\/public\/#\/schema\/logo\/image\/\",\"url\":\"https:\/\/www.la-colonie.org\/public\/wp-content\/medias\/2018\/02\/Colonie_petit_logo.jpg\",\"contentUrl\":\"https:\/\/www.la-colonie.org\/public\/wp-content\/medias\/2018\/02\/Colonie_petit_logo.jpg\",\"width\":120,\"height\":120,\"caption\":\"La Colonie de Cond\u00e9-sur-Vesgre\"},\"image\":{\"@id\":\"https:\/\/la-colonie.org\/public\/#\/schema\/logo\/image\/\"}}]}<\/script>\n<!-- \/ Yoast SEO plugin. -->","yoast_head_json":{"title":"Les d\u00e9buts utopiques (1832-1836) - La Colonie de Cond\u00e9-sur-Vesgre","robots":{"index":"index","follow":"follow","max-snippet":"max-snippet:-1","max-image-preview":"max-image-preview:large","max-video-preview":"max-video-preview:-1"},"canonical":"https:\/\/la-colonie.org\/public\/histoire\/les-3-temps\/les-debuts-utopiques-1832-1836\/","og_locale":"fr_FR","og_type":"article","og_title":"Les d\u00e9buts utopiques (1832-1836) - La Colonie de Cond\u00e9-sur-Vesgre","og_description":"En 1832, la commune de Cond\u00e9-sur-Vesgre, situ\u00e9e dans le d\u00e9partement de Seine-et-Oise, devient le th\u00e9\u00e2tre d\u2019un int\u00e9ressant essai d\u2019association domestique agricole selon la th\u00e9orie de Charles Fourier. Pour que le grand r\u00eave de toute la vie de ce penseur utopiste reposant sur le \u00ab bonheur social \u00bb ne s\u2019\u00e9teign\u00eet pas\u2026 Suite...","og_url":"https:\/\/la-colonie.org\/public\/histoire\/les-3-temps\/les-debuts-utopiques-1832-1836\/","og_site_name":"La Colonie de Cond\u00e9-sur-Vesgre","article_modified_time":"2017-10-01T20:54:38+00:00","og_image":[{"width":1328,"height":1328,"url":"https:\/\/www.la-colonie.org\/public\/wp-content\/medias\/2017\/10\/papier_en-tete_Colonie-2.jpg","type":"image\/jpeg"}],"twitter_card":"summary_large_image","twitter_misc":{"Dur\u00e9e de lecture estim\u00e9e":"7 minutes"},"schema":{"@context":"https:\/\/schema.org","@graph":[{"@type":"WebPage","@id":"https:\/\/la-colonie.org\/public\/histoire\/les-3-temps\/les-debuts-utopiques-1832-1836\/","url":"https:\/\/la-colonie.org\/public\/histoire\/les-3-temps\/les-debuts-utopiques-1832-1836\/","name":"Les d\u00e9buts utopiques (1832-1836) - La Colonie de Cond\u00e9-sur-Vesgre","isPartOf":{"@id":"https:\/\/la-colonie.org\/public\/#website"},"primaryImageOfPage":{"@id":"https:\/\/la-colonie.org\/public\/histoire\/les-3-temps\/les-debuts-utopiques-1832-1836\/#primaryimage"},"image":{"@id":"https:\/\/la-colonie.org\/public\/histoire\/les-3-temps\/les-debuts-utopiques-1832-1836\/#primaryimage"},"thumbnailUrl":"https:\/\/www.la-colonie.org\/public\/wp-content\/medias\/2017\/10\/papier_en-tete_Colonie-2.jpg","datePublished":"2017-10-01T17:36:12+00:00","dateModified":"2017-10-01T20:54:38+00:00","breadcrumb":{"@id":"https:\/\/la-colonie.org\/public\/histoire\/les-3-temps\/les-debuts-utopiques-1832-1836\/#breadcrumb"},"inLanguage":"fr-FR","potentialAction":[{"@type":"ReadAction","target":["https:\/\/la-colonie.org\/public\/histoire\/les-3-temps\/les-debuts-utopiques-1832-1836\/"]}]},{"@type":"ImageObject","inLanguage":"fr-FR","@id":"https:\/\/la-colonie.org\/public\/histoire\/les-3-temps\/les-debuts-utopiques-1832-1836\/#primaryimage","url":"https:\/\/www.la-colonie.org\/public\/wp-content\/medias\/2017\/10\/papier_en-tete_Colonie-2.jpg","contentUrl":"https:\/\/www.la-colonie.org\/public\/wp-content\/medias\/2017\/10\/papier_en-tete_Colonie-2.jpg","width":1328,"height":1328},{"@type":"BreadcrumbList","@id":"https:\/\/la-colonie.org\/public\/histoire\/les-3-temps\/les-debuts-utopiques-1832-1836\/#breadcrumb","itemListElement":[{"@type":"ListItem","position":1,"name":"Accueil","item":"https:\/\/la-colonie.org\/public\/"},{"@type":"ListItem","position":2,"name":"Une histoire authentique","item":"https:\/\/la-colonie.org\/public\/histoire\/"},{"@type":"ListItem","position":3,"name":"Les 3 temps de la gen\u00e8se de la Colonie","item":"https:\/\/la-colonie.org\/public\/histoire\/les-3-temps\/"},{"@type":"ListItem","position":4,"name":"Les d\u00e9buts utopiques (1832-1836)"}]},{"@type":"WebSite","@id":"https:\/\/la-colonie.org\/public\/#website","url":"https:\/\/la-colonie.org\/public\/","name":"La Colonie de Cond\u00e9-sur-Vesgre","description":"Un phalanst\u00e8re subsiste pr\u00e8s de Paris !","publisher":{"@id":"https:\/\/la-colonie.org\/public\/#organization"},"potentialAction":[{"@type":"SearchAction","target":{"@type":"EntryPoint","urlTemplate":"https:\/\/la-colonie.org\/public\/?s={search_term_string}"},"query-input":{"@type":"PropertyValueSpecification","valueRequired":true,"valueName":"search_term_string"}}],"inLanguage":"fr-FR"},{"@type":"Organization","@id":"https:\/\/la-colonie.org\/public\/#organization","name":"La Colonie de Cond\u00e9-sur-Vesgre","url":"https:\/\/la-colonie.org\/public\/","logo":{"@type":"ImageObject","inLanguage":"fr-FR","@id":"https:\/\/la-colonie.org\/public\/#\/schema\/logo\/image\/","url":"https:\/\/www.la-colonie.org\/public\/wp-content\/medias\/2018\/02\/Colonie_petit_logo.jpg","contentUrl":"https:\/\/www.la-colonie.org\/public\/wp-content\/medias\/2018\/02\/Colonie_petit_logo.jpg","width":120,"height":120,"caption":"La Colonie de Cond\u00e9-sur-Vesgre"},"image":{"@id":"https:\/\/la-colonie.org\/public\/#\/schema\/logo\/image\/"}}]}},"coauthors":[],"author_meta":{"author_link":"https:\/\/la-colonie.org\/public\/article\/author\/admin\/","display_name":"admin"},"relative_dates":{"created":"Publi\u00e9 9 ans il y a","modified":"Mis \u00e0 jour 9 ans il y a"},"absolute_dates":{"created":"Publi\u00e9 le 1 octobre 2017","modified":"Mise \u00e0 jour le 1 octobre 2017"},"absolute_dates_time":{"created":"Publi\u00e9 le 1 octobre 2017 19:36","modified":"Mise \u00e0 jour le 1 octobre 2017 22:54"},"featured_img_caption":"","featured_img":"https:\/\/www.la-colonie.org\/public\/wp-content\/medias\/2017\/10\/papier_en-tete_Colonie-2-150x150.jpg","series_order":"","_links":{"self":[{"href":"https:\/\/la-colonie.org\/public\/wp-json\/wp\/v2\/pages\/364","targetHints":{"allow":["GET"]}}],"collection":[{"href":"https:\/\/la-colonie.org\/public\/wp-json\/wp\/v2\/pages"}],"about":[{"href":"https:\/\/la-colonie.org\/public\/wp-json\/wp\/v2\/types\/page"}],"author":[{"embeddable":true,"href":"https:\/\/la-colonie.org\/public\/wp-json\/wp\/v2\/users\/1"}],"replies":[{"embeddable":true,"href":"https:\/\/la-colonie.org\/public\/wp-json\/wp\/v2\/comments?post=364"}],"version-history":[{"count":2,"href":"https:\/\/la-colonie.org\/public\/wp-json\/wp\/v2\/pages\/364\/revisions"}],"predecessor-version":[{"id":471,"href":"https:\/\/la-colonie.org\/public\/wp-json\/wp\/v2\/pages\/364\/revisions\/471"}],"up":[{"embeddable":true,"href":"https:\/\/la-colonie.org\/public\/wp-json\/wp\/v2\/pages\/374"}],"wp:featuredmedia":[{"embeddable":true,"href":"https:\/\/la-colonie.org\/public\/wp-json\/wp\/v2\/media\/470"}],"wp:attachment":[{"href":"https:\/\/la-colonie.org\/public\/wp-json\/wp\/v2\/media?parent=364"}],"curies":[{"name":"wp","href":"https:\/\/api.w.org\/{rel}","templated":true}]}}